{"id":701445,"date":"2025-08-27T15:09:28","date_gmt":"2025-08-27T12:09:28","guid":{"rendered":"https:\/\/roveyayinevi.com.tr\/index.php\/urun\/toplumsal-ve-ekonomik-orgutlenme-kurami\/"},"modified":"2026-04-16T02:10:47","modified_gmt":"2026-04-15T23:10:47","slug":"toplumsal-ve-ekonomik-orgutlenme-kurami","status":"publish","type":"product","link":"https:\/\/roveyayinevi.com.tr\/index.php\/urun\/toplumsal-ve-ekonomik-orgutlenme-kurami\/","title":{"rendered":"Toplumsal ve Ekonomik \u00d6rg\u00fctlenme Kuram\u0131"},"content":{"rendered":"<p>Max Weber\u2019in toplumbilimsel kuram\u0131n\u0131n en tam ve genel anlat\u0131m\u0131, bu kitab\u0131nda yer almaktad\u0131r. Weber, toplumlar\u0131n \u00e7ok iddial\u0131 bir kar\u015f\u0131la\u015ft\u0131rmal\u0131 incelemesini yapmak ve \u00e7a\u011fda\u015f toplumsal ve ekonomik d\u00fczenin kuramsal temellerini ele almak istiyordu. (Ger\u00e7ekten de kitap, ne yaz\u0131k ki \u00f6l\u00fcm\u00fcnde tamamlanm\u0131\u015f olmayan Wirtschaft und Gesellschaft \u2013Ekonomi ve Toplum\u2013 adl\u0131 b\u00fcy\u00fck yap\u0131t\u0131n\u0131n birinci cildi olarak yay\u0131mlanm\u0131\u015ft\u0131r.) Weber\u2019in kuramlar\u0131n\u0131 anlama, bilgisinin geni\u015fli\u011fini, ilgi alan\u0131n\u0131n kapsam\u0131n\u0131 ve \u00e7\u00f6z\u00fcmleme g\u00fcc\u00fcn\u00fc saptama bak\u0131m\u0131ndan ba\u015fvurulabilecek en uygun yap\u0131t\u0131 bu cilttir, denebilir. T. Parsons. <\/p>\n","protected":false},"excerpt":{"rendered":"<p>Max Weber\u2019in toplumbilimsel kuram\u0131n\u0131n en tam ve genel anlat\u0131m\u0131, bu kitab\u0131nda yer almaktad\u0131r. Weber, toplumlar\u0131n \u00e7ok iddial\u0131 bir kar\u015f\u0131la\u015ft\u0131rmal\u0131 incelemesini yapmak ve \u00e7a\u011fda\u015f toplumsal ve ekonomik<span class=\"excerpt-hellip\"> [\u2026]<\/span><\/p>\n","protected":false},"featured_media":0,"template":"","meta":{"_monsterinsights_skip_tracking":false,"_monsterinsights_sitenote_active":false,"_monsterinsights_sitenote_note":"","_monsterinsights_sitenote_category":0},"product_brand":[],"product_cat":[13633,12324],"product_tag":[],"class_list":{"0":"post-701445","1":"product","2":"type-product","3":"status-publish","5":"product_cat-kultur-ve-bilim","6":"product_cat-sosyoloji","7":"pa_cilt-ciltsiz","8":"pa_tur-kitap","9":"pa_yayinevi-cem-yayinevi","10":"pa_yazar-max-weber","12":"first","13":"instock","14":"sale","15":"shipping-taxable","16":"purchasable","17":"product-type-simple"},"_links":{"self":[{"href":"https:\/\/roveyayinevi.com.tr\/index.php\/wp-json\/wp\/v2\/product\/701445","targetHints":{"allow":["GET"]}}],"collection":[{"href":"https:\/\/roveyayinevi.com.tr\/index.php\/wp-json\/wp\/v2\/product"}],"about":[{"href":"https:\/\/roveyayinevi.com.tr\/index.php\/wp-json\/wp\/v2\/types\/product"}],"wp:attachment":[{"href":"https:\/\/roveyayinevi.com.tr\/index.php\/wp-json\/wp\/v2\/media?parent=701445"}],"wp:term":[{"taxonomy":"product_brand","embeddable":true,"href":"https:\/\/roveyayinevi.com.tr\/index.php\/wp-json\/wp\/v2\/product_brand?post=701445"},{"taxonomy":"product_cat","embeddable":true,"href":"https:\/\/roveyayinevi.com.tr\/index.php\/wp-json\/wp\/v2\/product_cat?post=701445"},{"taxonomy":"product_tag","embeddable":true,"href":"https:\/\/roveyayinevi.com.tr\/index.php\/wp-json\/wp\/v2\/product_tag?post=701445"}],"curies":[{"name":"wp","href":"https:\/\/api.w.org\/{rel}","templated":true}]}}