{"id":701371,"date":"2025-08-27T15:08:07","date_gmt":"2025-08-27T12:08:07","guid":{"rendered":"https:\/\/roveyayinevi.com.tr\/index.php\/urun\/bir-sovyet-tarihcisinin-gozuyle-turkiye-ulusal-kurtulus-savasi-1918-1923\/"},"modified":"2026-04-16T02:10:45","modified_gmt":"2026-04-15T23:10:45","slug":"bir-sovyet-tarihcisinin-gozuyle-turkiye-ulusal-kurtulus-savasi-1918-1923","status":"publish","type":"product","link":"https:\/\/roveyayinevi.com.tr\/index.php\/urun\/bir-sovyet-tarihcisinin-gozuyle-turkiye-ulusal-kurtulus-savasi-1918-1923\/","title":{"rendered":"Bir Sovyet Tarih\u00e7isinin G\u00f6z\u00fcyle T\u00fcrkiye Ulusal Kurtulu\u015f Sava\u015f\u0131 (1918-1923)"},"content":{"rendered":"<p>\u201cBu yap\u0131t bir Sovyet bilim adam\u0131 taraf\u0131ndan yaz\u0131lm\u0131\u015ft\u0131r. Kitab\u0131n yazar\u0131 Prof. Dr. Abdula Mardanovi\u00e7 \u015eamsutdinov, Sovyetler Birli\u011fi Bilimler Akademisi Do\u011fu Bilimleri Enstit\u00fcs\u00fc Tarih B\u00f6l\u00fcm\u00fc\u2019n\u00fcn uzun s\u00fcre ba\u015fkanl\u0131\u011f\u0131n\u0131 yapm\u0131\u015ft\u0131r. Bu ciddi yap\u0131t, yazarl\u0131k profes\u00f6rl\u00fck tezidir. Bu kitab\u0131n \u00f6nemi, Ulusal Kurtulu\u015f Sava\u015f\u0131m\u0131z\u0131n bir Sovyet bilim adam\u0131 taraf\u0131ndan de\u011ferlendirilmesidir. Bu nedenle hem tarih bilimi metodolojisine sahiptir hem de bir Sovyet bilim adam\u0131n\u0131n g\u00f6r\u00fc\u015f\u00fcn\u00fc yans\u0131tmaktad\u0131r. Bu kitap kesin bir ba\u015fvuru yap\u0131t\u0131d\u0131r; \u00e7\u00fcnk\u00fc Ulusal Kurtulu\u015f Sava\u015f\u0131 s\u00fcre\u00e7lerindeki halk hareketleri, T\u00fcrkiye-Sovyet ili\u015fkileri, Kafkas b\u00f6lgesindeki durum gibi konularda, Rusya d\u0131\u015f\u0131ndaki ara\u015ft\u0131rmac\u0131lar i\u00e7in ula\u015f\u0131lmas\u0131 kolay olmayan belgelere dayanarak yaz\u0131lm\u0131\u015ft\u0131r. O d\u00f6nemdeki Rus gazeteleri, Kom\u00fcnist Partisi ar\u015fivleri, \u00f6zg\u00fcn bilgileri, Sovyetler Birli\u011fi\u2019nde bu konuda yaz\u0131lm\u0131\u015f t\u00fcm kitap ve makalelerden yararlan\u0131lm\u0131\u015ft\u0131r\u2026\u201d ALEV CO\u015eKUN <\/p>\n","protected":false},"excerpt":{"rendered":"<p>\u201cBu yap\u0131t bir Sovyet bilim adam\u0131 taraf\u0131ndan yaz\u0131lm\u0131\u015ft\u0131r. Kitab\u0131n yazar\u0131 Prof. Dr. Abdula Mardanovi\u00e7 \u015eamsutdinov, Sovyetler Birli\u011fi Bilimler Akademisi Do\u011fu Bilimleri Enstit\u00fcs\u00fc Tarih B\u00f6l\u00fcm\u00fc\u2019n\u00fcn uzun s\u00fcre<span class=\"excerpt-hellip\"> [\u2026]<\/span><\/p>\n","protected":false},"featured_media":0,"template":"","meta":{"_monsterinsights_skip_tracking":false,"_monsterinsights_sitenote_active":false,"_monsterinsights_sitenote_note":"","_monsterinsights_sitenote_category":0},"product_brand":[],"product_cat":[12370,12304],"product_tag":[],"class_list":{"0":"post-701371","1":"product","2":"type-product","3":"status-publish","5":"product_cat-arastirma-inceleme","6":"product_cat-tarih","7":"pa_cilt-ciltsiz","8":"pa_tur-kitap","9":"pa_yayinevi-cumhuriyet-kitaplari","10":"pa_yazar-a-m-samsutdinov","12":"first","13":"instock","14":"sale","15":"shipping-taxable","16":"purchasable","17":"product-type-simple"},"_links":{"self":[{"href":"https:\/\/roveyayinevi.com.tr\/index.php\/wp-json\/wp\/v2\/product\/701371","targetHints":{"allow":["GET"]}}],"collection":[{"href":"https:\/\/roveyayinevi.com.tr\/index.php\/wp-json\/wp\/v2\/product"}],"about":[{"href":"https:\/\/roveyayinevi.com.tr\/index.php\/wp-json\/wp\/v2\/types\/product"}],"wp:attachment":[{"href":"https:\/\/roveyayinevi.com.tr\/index.php\/wp-json\/wp\/v2\/media?parent=701371"}],"wp:term":[{"taxonomy":"product_brand","embeddable":true,"href":"https:\/\/roveyayinevi.com.tr\/index.php\/wp-json\/wp\/v2\/product_brand?post=701371"},{"taxonomy":"product_cat","embeddable":true,"href":"https:\/\/roveyayinevi.com.tr\/index.php\/wp-json\/wp\/v2\/product_cat?post=701371"},{"taxonomy":"product_tag","embeddable":true,"href":"https:\/\/roveyayinevi.com.tr\/index.php\/wp-json\/wp\/v2\/product_tag?post=701371"}],"curies":[{"name":"wp","href":"https:\/\/api.w.org\/{rel}","templated":true}]}}