{"id":701365,"date":"2025-08-27T15:08:05","date_gmt":"2025-08-27T12:08:05","guid":{"rendered":"https:\/\/roveyayinevi.com.tr\/index.php\/urun\/markopasa-gercegi\/"},"modified":"2026-04-16T02:10:45","modified_gmt":"2026-04-15T23:10:45","slug":"markopasa-gercegi","status":"publish","type":"product","link":"https:\/\/roveyayinevi.com.tr\/index.php\/urun\/markopasa-gercegi\/","title":{"rendered":"Markopa\u015fa Ger\u00e7e\u011fi"},"content":{"rendered":"<p>1946 &#8211; 1950 y\u0131llar\u0131 aras\u0131nda \u00e7\u0131kan Markopa\u015fa ve soyundan gazeteler bir\u00e7ok a\u00e7\u0131dan \u00f6nem ta\u015f\u0131yor. \u0130lki, mizah gazetesi olarak halk\u0131n g\u00f6nl\u00fcnde taht kurmu\u015f olmas\u0131 ve aradan elli y\u0131l\u0131 a\u015fk\u0131n bir s\u00fcre ge\u00e7mesine kar\u015f\u0131n yine de konu\u015fulmas\u0131. Di\u011feri de \u00fclke olarak bug\u00fcn geldi\u011fimiz nokta&#8230; Gelinen noktan\u0131n as\u0131l k\u00f6kleri 1946\u2019lara dayan\u0131yor. Atat\u00fcrk\u2019\u00fcn sa\u011fl\u0131\u011f\u0131ndaki devrimler co\u015fkusunun durdurulmas\u0131 ve Ulusal Kurtulu\u015f Sava\u015f\u0131 k\u00fclt\u00fcr\u00fcnden kopmaya ba\u015flay\u0131\u015f bu y\u0131llarda oldu. Kar\u015f\u0131devrim, tohumlar\u0131n\u0131 bu y\u0131llarda att\u0131. H\u00fck\u00fcmetiyle, muhalefetiyle ABD emperyalizmine kucak a\u00e7\u0131ld\u0131\u011f\u0131 bu y\u0131llarda bir avu\u00e7 ayd\u0131n\u0131n ve onlar\u0131n \u00f6nde gelenlerinden olan Markopa\u015fac\u0131lar\u0131n canlar\u0131 pahas\u0131na mizah silah\u0131yla yapt\u0131klar\u0131 uyar\u0131lar t\u00fcm sonu\u00e7lar\u0131yla bug\u00fcn daha da \u00f6nem ta\u015f\u0131yor. Yeniden ba\u011f\u0131ml\u0131 duruma sokuldu\u011fumuz g\u00fcn\u00fcm\u00fczde ya\u015fad\u0131\u011f\u0131m\u0131z sorunlar\u0131n k\u00f6klerine inmeden \u00e7\u00f6z\u00fcm bulmak olas\u0131 de\u011fil. Sorunlar\u0131 saptama a\u00e7\u0131s\u0131ndan   Yanl\u0131\u015f ne, nereden ve nas\u0131l ba\u015flat\u0131ld\u0131?   sorular\u0131na en g\u00fczel yan\u0131t\u0131 Markopa\u015fac\u0131lar vermi\u015flerdir. <\/p>\n","protected":false},"excerpt":{"rendered":"<p>1946 &#8211; 1950 y\u0131llar\u0131 aras\u0131nda \u00e7\u0131kan Markopa\u015fa ve soyundan gazeteler bir\u00e7ok a\u00e7\u0131dan \u00f6nem ta\u015f\u0131yor. \u0130lki, mizah gazetesi olarak halk\u0131n g\u00f6nl\u00fcnde taht kurmu\u015f olmas\u0131 ve aradan elli<span class=\"excerpt-hellip\"> [\u2026]<\/span><\/p>\n","protected":false},"featured_media":0,"template":"","meta":{"_monsterinsights_skip_tracking":false,"_monsterinsights_sitenote_active":false,"_monsterinsights_sitenote_note":"","_monsterinsights_sitenote_category":0},"product_brand":[],"product_cat":[12304,13493],"product_tag":[],"class_list":{"0":"post-701365","1":"product","2":"type-product","3":"status-publish","5":"product_cat-tarih","6":"product_cat-turkiye-ve-cumhuriyet-tarihi","7":"pa_tur-kitap","8":"pa_yayinevi-cinar-yayinlari","9":"pa_yazar-mehmet-saydur","11":"first","12":"instock","13":"sale","14":"shipping-taxable","15":"purchasable","16":"product-type-simple"},"_links":{"self":[{"href":"https:\/\/roveyayinevi.com.tr\/index.php\/wp-json\/wp\/v2\/product\/701365","targetHints":{"allow":["GET"]}}],"collection":[{"href":"https:\/\/roveyayinevi.com.tr\/index.php\/wp-json\/wp\/v2\/product"}],"about":[{"href":"https:\/\/roveyayinevi.com.tr\/index.php\/wp-json\/wp\/v2\/types\/product"}],"wp:attachment":[{"href":"https:\/\/roveyayinevi.com.tr\/index.php\/wp-json\/wp\/v2\/media?parent=701365"}],"wp:term":[{"taxonomy":"product_brand","embeddable":true,"href":"https:\/\/roveyayinevi.com.tr\/index.php\/wp-json\/wp\/v2\/product_brand?post=701365"},{"taxonomy":"product_cat","embeddable":true,"href":"https:\/\/roveyayinevi.com.tr\/index.php\/wp-json\/wp\/v2\/product_cat?post=701365"},{"taxonomy":"product_tag","embeddable":true,"href":"https:\/\/roveyayinevi.com.tr\/index.php\/wp-json\/wp\/v2\/product_tag?post=701365"}],"curies":[{"name":"wp","href":"https:\/\/api.w.org\/{rel}","templated":true}]}}