{"id":701271,"date":"2025-08-27T15:07:36","date_gmt":"2025-08-27T12:07:36","guid":{"rendered":"https:\/\/roveyayinevi.com.tr\/index.php\/urun\/silide-gizlice\/"},"modified":"2026-04-16T02:10:43","modified_gmt":"2026-04-15T23:10:43","slug":"silide-gizlice","status":"publish","type":"product","link":"https:\/\/roveyayinevi.com.tr\/index.php\/urun\/silide-gizlice\/","title":{"rendered":"\u015eili\u2019de Gizlice"},"content":{"rendered":"<p>1973 y\u0131l\u0131nda, iri-yar\u0131, siyah sa\u00e7l\u0131, sakall\u0131 bir sinema y\u00f6netmeni, askeri darbenin hemen ard\u0131ndan \u015eili\u2019den ka\u00e7t\u0131. On iki y\u0131l sonra, zay\u0131flam\u0131\u015f, sa\u00e7lar\u0131n\u0131n rengi a\u00e7\u0131lm\u0131\u015f, sakal\u0131n\u0131 kesmi\u015f olarak geri d\u00f6nd\u00fc; sahte bir pasaportla, sahte bir ad alt\u0131nda, sahte bir ge\u00e7mi\u015f ve sahte bir e\u015fle. Bu \u00f6yk\u00fc, Pinochet y\u00f6netimi alt\u0131ndaki \u015eili\u2019de hayat\u0131n nas\u0131l oldu\u011funu ger\u00e7ek boyutlar\u0131yla d\u00fcnyan\u0131n g\u00f6zleri \u00f6n\u00fcne sermek u\u011fruna \u00f6zg\u00fcrl\u00fc\u011f\u00fcn\u00fc tehlikeye atarak \u015eili\u2019ye gizlice giren Miguel Littin in \u00f6yk\u00fcs\u00fcd\u00fcr. \u00dcnl\u00fc yazar Gabriel Garcia Marquez, Miguel Littin\u2019le yapt\u0131\u011f\u0131 tam onsekiz saatlik bir g\u00f6r\u00fc\u015fmeden sonra bu \u00f6yk\u00fcy\u00fc romanlar\u0131ndan tan\u0131d\u0131\u011f\u0131m\u0131z ustaca anlat\u0131m\u0131yla kaleme ald\u0131. Pinochet\u2019nin \u015eili\u2019sini, d\u0131\u015f\u0131 cilal\u0131, i\u00e7i yozla\u015fan o diktat\u00f6rl\u00fck y\u00f6netiminin ger\u00e7ek y\u00fcz\u00fcn\u00fc, bu y\u00f6netime kar\u015f\u0131 \u00e7\u0131kan, kimi ba\u015far\u0131l\u0131 olan kimi de i\u015fkence g\u00f6ren, kaybolan say\u0131s\u0131z \u015eilili\u2019nin kahramanca direni\u015fini, s\u00fcrg\u00fcnde ya\u015faman\u0131n ac\u0131s\u0131n\u0131 derinden hisseden Littin in ser\u00fcvenini \u015eili\u2019de Gizlice ad\u0131 alt\u0131nda kitapla\u015ft\u0131rd\u0131.<\/p>\n","protected":false},"excerpt":{"rendered":"<p>1973 y\u0131l\u0131nda, iri-yar\u0131, siyah sa\u00e7l\u0131, sakall\u0131 bir sinema y\u00f6netmeni, askeri darbenin hemen ard\u0131ndan \u015eili\u2019den ka\u00e7t\u0131. On iki y\u0131l sonra, zay\u0131flam\u0131\u015f, sa\u00e7lar\u0131n\u0131n rengi a\u00e7\u0131lm\u0131\u015f, sakal\u0131n\u0131 kesmi\u015f olarak<span class=\"excerpt-hellip\"> [\u2026]<\/span><\/p>\n","protected":false},"featured_media":0,"template":"","meta":{"_monsterinsights_skip_tracking":false,"_monsterinsights_sitenote_active":false,"_monsterinsights_sitenote_note":"","_monsterinsights_sitenote_category":0},"product_brand":[],"product_cat":[14009,12291],"product_tag":[],"class_list":{"0":"post-701271","1":"product","2":"type-product","3":"status-publish","5":"product_cat-biyografi-otobiyografi-edebiyat","6":"product_cat-edebiyat","7":"pa_cilt-ciltsiz","8":"pa_tur-kitap","9":"pa_yayinevi-can-yayinlari","10":"pa_yazar-gabriel-garcia-marquez","12":"first","13":"instock","14":"sale","15":"shipping-taxable","16":"purchasable","17":"product-type-simple"},"_links":{"self":[{"href":"https:\/\/roveyayinevi.com.tr\/index.php\/wp-json\/wp\/v2\/product\/701271","targetHints":{"allow":["GET"]}}],"collection":[{"href":"https:\/\/roveyayinevi.com.tr\/index.php\/wp-json\/wp\/v2\/product"}],"about":[{"href":"https:\/\/roveyayinevi.com.tr\/index.php\/wp-json\/wp\/v2\/types\/product"}],"wp:attachment":[{"href":"https:\/\/roveyayinevi.com.tr\/index.php\/wp-json\/wp\/v2\/media?parent=701271"}],"wp:term":[{"taxonomy":"product_brand","embeddable":true,"href":"https:\/\/roveyayinevi.com.tr\/index.php\/wp-json\/wp\/v2\/product_brand?post=701271"},{"taxonomy":"product_cat","embeddable":true,"href":"https:\/\/roveyayinevi.com.tr\/index.php\/wp-json\/wp\/v2\/product_cat?post=701271"},{"taxonomy":"product_tag","embeddable":true,"href":"https:\/\/roveyayinevi.com.tr\/index.php\/wp-json\/wp\/v2\/product_tag?post=701271"}],"curies":[{"name":"wp","href":"https:\/\/api.w.org\/{rel}","templated":true}]}}