{"id":701011,"date":"2025-08-27T15:04:06","date_gmt":"2025-08-27T12:04:06","guid":{"rendered":"https:\/\/roveyayinevi.com.tr\/index.php\/urun\/bogulanlar-kurtulanlar\/"},"modified":"2026-04-16T02:10:09","modified_gmt":"2026-04-15T23:10:09","slug":"bogulanlar-kurtulanlar","status":"publish","type":"product","link":"https:\/\/roveyayinevi.com.tr\/index.php\/urun\/bogulanlar-kurtulanlar\/","title":{"rendered":"Bo\u011fulanlar Kurtulanlar"},"content":{"rendered":"<p>Primo Levi , 11 Nisan 1987 g\u00fcn\u00fc intihar etti\u011finde altm\u0131\u015f sekiz ya\u015f\u0131ndayd\u0131. Bir kentsoylu Yahudi olarak iyi e\u011fitim g\u00f6rm\u00fc\u015f ve kimyac\u0131 olmu\u015ftu. \u0130kinci D\u00fcnya Sava\u015f\u0131\u2019nda Nazi toplama kamplar\u0131na g\u00f6nderildi. Kendi deyimiyle, talih sonucu, ger\u00e7ekte ise Alman h\u00fck\u00fcmetinin yok edilmesi gereken tutuklular\u0131n ortalama \u00f6mr\u00fcn\u00fc uzatmaya karar vermesinden sonra hayatta kalabildi. Yahudileri, \u00c7ingeneleri ve muhaliflerini toplama kamplar\u0131na bir tek ama\u00e7la, yok etmek amac\u0131yla toplayan Naziler, kurbanlar\u0131na \u015f\u00f6yle diyorlard\u0131: Bu sava\u015f nas\u0131l sona ererse ersin, size kar\u015f\u0131 sava\u015f\u0131 biz kazand\u0131k; tan\u0131kl\u0131k etmek i\u00e7in bir tekiniz bile hayatta kalmayacak, ama biriniz ka\u00e7may\u0131 ba\u015farsa bile d\u00fcnya onun anlatt\u0131klar\u0131na inanmayacak. Belki ku\u015fkular, tart\u0131\u015fmalar, tarih\u00e7ilerin ara\u015ft\u0131rmalar\u0131 olacak, ama kesin bilgiler bulunmayacak, \u00e7\u00fcnk\u00fc sizinle birlikte kan\u0131tlar\u0131 da yok edece\u011fiz&#8230; \u0130nsan akl\u0131 unutuyor, vicdanlar rahatl\u0131yor, beyinler y\u0131kan\u0131yor. Bo\u011fulanlar, Kurtulanlar unutmaya kar\u015f\u0131 bir kitap. Hele hortlaklar\u0131n dirildi\u011fi, her \u015feyin tersy\u00fcz edildi\u011fi g\u00fcn\u00fcm\u00fczde ve b\u00fcy\u00fck bir toplama kamp\u0131na d\u00f6n\u00fc\u015fmeye aday olan d\u00fcnyam\u0131zda. \ufffcTan\u0131t\u0131m Metni<\/p>\n","protected":false},"excerpt":{"rendered":"<p>Primo Levi , 11 Nisan 1987 g\u00fcn\u00fc intihar etti\u011finde altm\u0131\u015f sekiz ya\u015f\u0131ndayd\u0131. Bir kentsoylu Yahudi olarak iyi e\u011fitim g\u00f6rm\u00fc\u015f ve kimyac\u0131 olmu\u015ftu. \u0130kinci D\u00fcnya Sava\u015f\u0131\u2019nda Nazi<span class=\"excerpt-hellip\"> [\u2026]<\/span><\/p>\n","protected":false},"featured_media":0,"template":"","meta":{"_monsterinsights_skip_tracking":false,"_monsterinsights_sitenote_active":false,"_monsterinsights_sitenote_note":"","_monsterinsights_sitenote_category":0},"product_brand":[],"product_cat":[13701,12291],"product_tag":[],"class_list":{"0":"post-701011","1":"product","2":"type-product","3":"status-publish","5":"product_cat-ani-mektup-gunluk","6":"product_cat-edebiyat","7":"pa_cilt-ciltsiz","8":"pa_tur-kitap","9":"pa_yayinevi-can-yayinlari","10":"pa_yazar-primo-levi","12":"first","13":"instock","14":"sale","15":"shipping-taxable","16":"purchasable","17":"product-type-simple"},"_links":{"self":[{"href":"https:\/\/roveyayinevi.com.tr\/index.php\/wp-json\/wp\/v2\/product\/701011","targetHints":{"allow":["GET"]}}],"collection":[{"href":"https:\/\/roveyayinevi.com.tr\/index.php\/wp-json\/wp\/v2\/product"}],"about":[{"href":"https:\/\/roveyayinevi.com.tr\/index.php\/wp-json\/wp\/v2\/types\/product"}],"wp:attachment":[{"href":"https:\/\/roveyayinevi.com.tr\/index.php\/wp-json\/wp\/v2\/media?parent=701011"}],"wp:term":[{"taxonomy":"product_brand","embeddable":true,"href":"https:\/\/roveyayinevi.com.tr\/index.php\/wp-json\/wp\/v2\/product_brand?post=701011"},{"taxonomy":"product_cat","embeddable":true,"href":"https:\/\/roveyayinevi.com.tr\/index.php\/wp-json\/wp\/v2\/product_cat?post=701011"},{"taxonomy":"product_tag","embeddable":true,"href":"https:\/\/roveyayinevi.com.tr\/index.php\/wp-json\/wp\/v2\/product_tag?post=701011"}],"curies":[{"name":"wp","href":"https:\/\/api.w.org\/{rel}","templated":true}]}}