{"id":700931,"date":"2025-08-27T15:03:38","date_gmt":"2025-08-27T12:03:38","guid":{"rendered":"https:\/\/roveyayinevi.com.tr\/index.php\/urun\/amerigo\/"},"modified":"2026-04-16T02:10:07","modified_gmt":"2026-04-15T23:10:07","slug":"amerigo","status":"publish","type":"product","link":"https:\/\/roveyayinevi.com.tr\/index.php\/urun\/amerigo\/","title":{"rendered":"Amerigo"},"content":{"rendered":"<p>Hem d\u00fc\u015fsel hem de tarihsel karakterler \u00fcst\u00fcne yorumlar\u0131yla tan\u0131d\u0131\u011f\u0131m\u0131z Stefan Zweig\u2019\u0131 derin karakter incelemelerine y\u00f6nelten, psikolojiye ve Freud\u2019un \u00f6\u011fretisine duydu\u011fu ilgidir. Be\u015f tarihsel ki\u015fili\u011fin portrelerini i\u00e7eren Y\u0131ld\u0131z\u0131n Parlad\u0131\u011f\u0131 Anlar, Frans\u0131z Devrimi\u2019nde bir politikac\u0131n\u0131n portresi niteli\u011findeki Joseph Fouch\u00e9\u2019yle birlikte Amerigo da Zweig\u2019\u0131n nesnellikten \u00e7ok sezgiye dayanan ya\u015fam\u00f6yk\u00fclerinin en ba\u015far\u0131lar\u0131ndan biridir. Zweig, bu yap\u0131t\u0131nda, bug\u00fcn Amerika ad\u0131yla bildi\u011fimiz anakaran\u0131n bu ad\u0131 al\u0131\u015f\u0131n\u0131n ard\u0131ndaki inan\u0131lmas\u0131 g\u00fc\u00e7 rastlant\u0131larla \u00f6r\u00fcl\u00fc \u2018yanl\u0131\u015fl\u0131klar komedyas\u0131\u2019n\u0131 anlat\u0131r. Kristof Kolomb\u2019un ke\u015ffetti\u011fi topraklar\u0131n \u2018yeni bir d\u00fcnya\u2019 olmas\u0131 gerekti\u011fi kan\u0131s\u0131na varan \u0130talyan denizci Amerigo Vespucci, \u00fcn pe\u015finde ko\u015fan bir sah*tekar m\u0131d\u0131r, yoksa ad\u0131n\u0131 tarihe yazd\u0131rmay\u0131 hak eden bir bilge mi? Zweig, esrar perdesini aralamaya \u00e7al\u0131\u015f\u0131rken, Amerigo Vespucci\u2019nin ya\u015fam\u00f6yk\u00fcs\u00fcn\u00fc yarat\u0131c\u0131 bir anlat\u0131ya d\u00f6n\u00fc\u015ft\u00fcr\u00fcyor, usta i\u015fi bir yap\u0131t sunuyor bize. <\/p>\n","protected":false},"excerpt":{"rendered":"<p>Hem d\u00fc\u015fsel hem de tarihsel karakterler \u00fcst\u00fcne yorumlar\u0131yla tan\u0131d\u0131\u011f\u0131m\u0131z Stefan Zweig\u2019\u0131 derin karakter incelemelerine y\u00f6nelten, psikolojiye ve Freud\u2019un \u00f6\u011fretisine duydu\u011fu ilgidir. Be\u015f tarihsel ki\u015fili\u011fin portrelerini i\u00e7eren<span class=\"excerpt-hellip\"> [\u2026]<\/span><\/p>\n","protected":false},"featured_media":0,"template":"","meta":{"_monsterinsights_skip_tracking":false,"_monsterinsights_sitenote_active":false,"_monsterinsights_sitenote_note":"","_monsterinsights_sitenote_category":0},"product_brand":[],"product_cat":[13701,12291],"product_tag":[],"class_list":{"0":"post-700931","1":"product","2":"type-product","3":"status-publish","5":"product_cat-ani-mektup-gunluk","6":"product_cat-edebiyat","7":"pa_cilt-ciltsiz","8":"pa_tur-kitap","9":"pa_yayinevi-can-yayinlari","10":"pa_yazar-stefan-zweig","12":"first","13":"instock","14":"sale","15":"shipping-taxable","16":"purchasable","17":"product-type-simple"},"_links":{"self":[{"href":"https:\/\/roveyayinevi.com.tr\/index.php\/wp-json\/wp\/v2\/product\/700931","targetHints":{"allow":["GET"]}}],"collection":[{"href":"https:\/\/roveyayinevi.com.tr\/index.php\/wp-json\/wp\/v2\/product"}],"about":[{"href":"https:\/\/roveyayinevi.com.tr\/index.php\/wp-json\/wp\/v2\/types\/product"}],"wp:attachment":[{"href":"https:\/\/roveyayinevi.com.tr\/index.php\/wp-json\/wp\/v2\/media?parent=700931"}],"wp:term":[{"taxonomy":"product_brand","embeddable":true,"href":"https:\/\/roveyayinevi.com.tr\/index.php\/wp-json\/wp\/v2\/product_brand?post=700931"},{"taxonomy":"product_cat","embeddable":true,"href":"https:\/\/roveyayinevi.com.tr\/index.php\/wp-json\/wp\/v2\/product_cat?post=700931"},{"taxonomy":"product_tag","embeddable":true,"href":"https:\/\/roveyayinevi.com.tr\/index.php\/wp-json\/wp\/v2\/product_tag?post=700931"}],"curies":[{"name":"wp","href":"https:\/\/api.w.org\/{rel}","templated":true}]}}