{"id":700789,"date":"2025-08-27T15:02:12","date_gmt":"2025-08-27T12:02:12","guid":{"rendered":"https:\/\/roveyayinevi.com.tr\/index.php\/urun\/muasir-avrupada-siyasi-ve-ictimai-fikirler-ve-fikri-cereyanlar\/"},"modified":"2026-04-16T02:10:03","modified_gmt":"2026-04-15T23:10:03","slug":"muasir-avrupada-siyasi-ve-ictimai-fikirler-ve-fikri-cereyanlar","status":"publish","type":"product","link":"https:\/\/roveyayinevi.com.tr\/index.php\/urun\/muasir-avrupada-siyasi-ve-ictimai-fikirler-ve-fikri-cereyanlar\/","title":{"rendered":"Muas\u0131r Avrupa&#8217;da Siyasi ve \u0130ctimai Fikirler ve Fikri Cereyanlar"},"content":{"rendered":"<p>20. y\u00fczy\u0131l T\u00fcrk fikir hayat\u0131n\u0131n en \u00fcretken kalemlerinden Yusuf Ak\u00e7ura; MuAs\u0131r Avrupa\u2019da Siyasi ve \u0130ctimai Fikirler ve Fikri Cereyanlar kitab\u0131nda yaln\u0131zca Avrupa\u2019n\u0131n de\u011fil, b\u00fct\u00fcn d\u00fcnyan\u0131n seyrini de\u011fi\u015ftiren fikir ak\u0131mlar\u0131n\u0131 ve o fikir ak\u0131mlar\u0131n\u0131n \u201cmillet\u201d, \u201ch\u00fcrriyet\u201d, \u201cm\u00fcsavat\u201d [e\u015fitlik], \u201cadalet\u201d, \u201cemek\u201d gibi o efsunlu kavramlar\u0131n\u0131 tetkik ediyor. Yusuf Ak\u00e7ura; T\u00fcrk tarihinin belki de en muhataral\u0131, en sanc\u0131l\u0131 d\u00f6neminden yani \u201cimparatorluk\u201dtan \u201culus-devlet\u201de ge\u00e7ilen yolda, en ufak bir panik emaresi g\u00f6stermeden, T\u00fcrk fikir ve toplum hayat\u0131n\u0131 derinden etkileyen siyasi ve toplumsal fikirleri, ilk ortaya \u00e7\u0131kt\u0131klar\u0131 andan o g\u00fcne kadarki mevcut durumlar\u0131na var\u0131ncaya dek tart\u0131\u015f\u0131yor. Ak\u00e7ura, hi\u00e7 \u015f\u00fcphe yok ki, yeni y\u00fczy\u0131l\u0131n \u201ckitle\u201d y\u00fczy\u0131l\u0131 olaca\u011f\u0131n\u0131 erken m\u00fc\u015fahede etmi\u015f ve \u201ckitle\u201dleri harekete ge\u00e7iren b\u00fcy\u00fck fikir ak\u0131mlar\u0131n\u0131 mercek alt\u0131na alarak, bunlar\u0131n yeni T\u00fcrk devletinin varl\u0131\u011f\u0131n\u0131 s\u00fcrd\u00fcrmesinde ne gibi katk\u0131lar\u0131 olabilece\u011fini tahlil etmi\u015ftir. <\/p>\n","protected":false},"excerpt":{"rendered":"<p>20. y\u00fczy\u0131l T\u00fcrk fikir hayat\u0131n\u0131n en \u00fcretken kalemlerinden Yusuf Ak\u00e7ura; MuAs\u0131r Avrupa\u2019da Siyasi ve \u0130ctimai Fikirler ve Fikri Cereyanlar kitab\u0131nda yaln\u0131zca Avrupa\u2019n\u0131n de\u011fil, b\u00fct\u00fcn d\u00fcnyan\u0131n seyrini<span class=\"excerpt-hellip\"> [\u2026]<\/span><\/p>\n","protected":false},"featured_media":0,"template":"","meta":{"_monsterinsights_skip_tracking":false,"_monsterinsights_sitenote_active":false,"_monsterinsights_sitenote_note":"","_monsterinsights_sitenote_category":0},"product_brand":[],"product_cat":[12351,12324],"product_tag":[],"class_list":{"0":"post-700789","1":"product","2":"type-product","3":"status-publish","5":"product_cat-siyaset-sosyolojisi","6":"product_cat-sosyoloji","7":"pa_tur-kitap","8":"pa_yayinevi-otuken-nesriyat","9":"pa_yazar-yusuf-akcura","11":"first","12":"instock","13":"sale","14":"shipping-taxable","15":"purchasable","16":"product-type-simple"},"_links":{"self":[{"href":"https:\/\/roveyayinevi.com.tr\/index.php\/wp-json\/wp\/v2\/product\/700789","targetHints":{"allow":["GET"]}}],"collection":[{"href":"https:\/\/roveyayinevi.com.tr\/index.php\/wp-json\/wp\/v2\/product"}],"about":[{"href":"https:\/\/roveyayinevi.com.tr\/index.php\/wp-json\/wp\/v2\/types\/product"}],"wp:attachment":[{"href":"https:\/\/roveyayinevi.com.tr\/index.php\/wp-json\/wp\/v2\/media?parent=700789"}],"wp:term":[{"taxonomy":"product_brand","embeddable":true,"href":"https:\/\/roveyayinevi.com.tr\/index.php\/wp-json\/wp\/v2\/product_brand?post=700789"},{"taxonomy":"product_cat","embeddable":true,"href":"https:\/\/roveyayinevi.com.tr\/index.php\/wp-json\/wp\/v2\/product_cat?post=700789"},{"taxonomy":"product_tag","embeddable":true,"href":"https:\/\/roveyayinevi.com.tr\/index.php\/wp-json\/wp\/v2\/product_tag?post=700789"}],"curies":[{"name":"wp","href":"https:\/\/api.w.org\/{rel}","templated":true}]}}