{"id":700766,"date":"2025-08-27T15:02:05","date_gmt":"2025-08-27T12:02:05","guid":{"rendered":"https:\/\/roveyayinevi.com.tr\/index.php\/urun\/yine-kazacagiz-yine-kacacagiz\/"},"modified":"2026-04-16T02:10:03","modified_gmt":"2026-04-15T23:10:03","slug":"yine-kazacagiz-yine-kacacagiz","status":"publish","type":"product","link":"https:\/\/roveyayinevi.com.tr\/index.php\/urun\/yine-kazacagiz-yine-kacacagiz\/","title":{"rendered":"Yine Kazaca\u011f\u0131z, Yine Ka\u00e7aca\u011f\u0131z!"},"content":{"rendered":"<p>Cuma g\u00fcn\u00fc geldi. Sabah gardiyanlarda bir tela\u015f, gazeteciler gelecek diye. \u201cBize gelecekler mi?\u201d dedi\u011fimizde, \u201cSizin i\u00e7in geliyorlar\u201d dediler. 29 Haziran 1989 g\u00fcn\u00fc kalabal\u0131k say\u0131da gazeteci, tek televizyon kanal\u0131 olan TRT\u2019nin kameraman\u0131, Adalet Bakan\u0131 M\u00fcste\u015far\u0131 ve Eski\u015fehir Ba\u015fsavc\u0131s\u0131 gelmi\u015fti. Biz de demir parmakl\u0131kl\u0131, zincirle ba\u011flanm\u0131\u015f kap\u0131ya y\u0131\u011f\u0131lm\u0131\u015f vaziyette duruyoruz. Hep bir a\u011f\u0131zdan soru soruyorlar, sorular\u0131n hepsi man\u015fetlik ve magazinlik. \u201cDurun bir dakika!\u201d dedim, \u201cSorular\u0131n\u0131z\u0131n hepsine yan\u0131t verece\u011fim ama \u00f6nce benim diyeceklerim var. Biz devrimciyiz, i\u00e7inde bulundu\u011fumuz esaret ko\u015fullar\u0131ndan kurtulup m\u00fccadelemize devam etmek i\u00e7in, devrimci bir eylem ve ba\u015fkald\u0131r\u0131 olarak g\u00f6rd\u00fc\u011f\u00fcm\u00fcz t\u00fcnel kazarak firar etme eylemini ger\u00e7ekle\u015ftirdik. Ama son g\u00fcn yakaland\u0131k, \u015fu bilinsin ki, biz daha \u00f6nce de kazd\u0131k, \u015fimdi de kazd\u0131k ve yine kazaca\u011f\u0131z, yine ka\u00e7aca\u011f\u0131z. Hi\u00e7bir ko\u015fula boyun e\u011fmeyece\u011fiz.\u201d T\u00fcrkiye\u2019de hapishane \u00fczerine, \u00f6zellikle 12 Eyl\u00fcl\u2019\u00fcn hapishaneleri \u00fczerine pek \u00e7ok an\u0131 ve \u00f6yk\u00fc yaz\u0131ld\u0131. O kadar fazla olmamakla beraber, hapisten ka\u00e7mak \u00fczerine de&#8230; Bu kitapta Sebahattin Selim Erhan \u00fc\u00e7 ger\u00e7ek ka\u00e7\u0131\u015f giri\u015fiminin \u00f6yk\u00fcs\u00fcn\u00fc anlat\u0131yor.Ka\u00e7\u0131\u015f eyleminin \u00f6yk\u00fcs\u00fcnden ibaret de\u011fil ama anlat\u0131lanlar. Ondan \u00f6te, bir direni\u015f ruhunun \u00f6yk\u00fcs\u00fcyle kar\u015f\u0131 kar\u015f\u0131yay\u0131z. Dayat\u0131lan \u015fartlara, \u00f6zg\u00fcrl\u00fc\u011f\u00fcn k\u0131s\u0131tlanmas\u0131na ne olursa olsun direnen bir irade. Erhan\u2019\u0131n anlat\u0131s\u0131, bu iradenin nas\u0131l s\u0131n\u0131r tan\u0131maz olabilece\u011fini g\u00f6steriyor. Dok\u00fcmanter yan\u0131yla da \u00e7arp\u0131c\u0131: Hapishaneden t\u00fcnel kazma maceras\u0131n\u0131n nas\u0131l zorlu bir u\u011fra\u015f oldu\u011funu, nas\u0131l hayal etmesi bile zor ayr\u0131nt\u0131larla u\u011fra\u015fmay\u0131 gerektirdi\u011fini b\u00fct\u00fcn canl\u0131l\u0131\u011f\u0131yla tasvir ediyor.Benzersiz bir tarih tan\u0131kl\u0131\u011f\u0131 ve direni\u015f, filmleri aratmayacak bir \u00f6yk\u00fc&#8230;<\/p>\n","protected":false},"excerpt":{"rendered":"<p>Cuma g\u00fcn\u00fc geldi. Sabah gardiyanlarda bir tela\u015f, gazeteciler gelecek diye. \u201cBize gelecekler mi?\u201d dedi\u011fimizde, \u201cSizin i\u00e7in geliyorlar\u201d dediler. 29 Haziran 1989 g\u00fcn\u00fc kalabal\u0131k say\u0131da gazeteci, tek<span class=\"excerpt-hellip\"> [\u2026]<\/span><\/p>\n","protected":false},"featured_media":0,"template":"","meta":{"_monsterinsights_skip_tracking":false,"_monsterinsights_sitenote_active":false,"_monsterinsights_sitenote_note":"","_monsterinsights_sitenote_category":0},"product_brand":[],"product_cat":[12337,16547],"product_tag":[],"class_list":{"0":"post-700766","1":"product","2":"type-product","3":"status-publish","5":"product_cat-politika-siyaset","6":"product_cat-sol-hareketler","7":"pa_cilt-ciltsiz","8":"pa_tur-kitap","9":"pa_yayinevi-dipnot-yayinlari","10":"pa_yazar-sebahattin-selim-erhan-haz","12":"first","13":"instock","14":"sale","15":"shipping-taxable","16":"purchasable","17":"product-type-simple"},"_links":{"self":[{"href":"https:\/\/roveyayinevi.com.tr\/index.php\/wp-json\/wp\/v2\/product\/700766","targetHints":{"allow":["GET"]}}],"collection":[{"href":"https:\/\/roveyayinevi.com.tr\/index.php\/wp-json\/wp\/v2\/product"}],"about":[{"href":"https:\/\/roveyayinevi.com.tr\/index.php\/wp-json\/wp\/v2\/types\/product"}],"wp:attachment":[{"href":"https:\/\/roveyayinevi.com.tr\/index.php\/wp-json\/wp\/v2\/media?parent=700766"}],"wp:term":[{"taxonomy":"product_brand","embeddable":true,"href":"https:\/\/roveyayinevi.com.tr\/index.php\/wp-json\/wp\/v2\/product_brand?post=700766"},{"taxonomy":"product_cat","embeddable":true,"href":"https:\/\/roveyayinevi.com.tr\/index.php\/wp-json\/wp\/v2\/product_cat?post=700766"},{"taxonomy":"product_tag","embeddable":true,"href":"https:\/\/roveyayinevi.com.tr\/index.php\/wp-json\/wp\/v2\/product_tag?post=700766"}],"curies":[{"name":"wp","href":"https:\/\/api.w.org\/{rel}","templated":true}]}}