{"id":700663,"date":"2025-08-27T15:01:35","date_gmt":"2025-08-27T12:01:35","guid":{"rendered":"https:\/\/roveyayinevi.com.tr\/index.php\/urun\/sari-pasa-insan-ataturk\/"},"modified":"2026-04-16T02:10:00","modified_gmt":"2026-04-15T23:10:00","slug":"sari-pasa-insan-ataturk","status":"publish","type":"product","link":"https:\/\/roveyayinevi.com.tr\/index.php\/urun\/sari-pasa-insan-ataturk\/","title":{"rendered":"Sar\u0131 Pa\u015fa \u0130nsan Atat\u00fcrk"},"content":{"rendered":"<p>Atat\u00fcrk\u2019\u00fcn soyu, ailesi ve bunu do\u011furan k\u00fclt\u00fcr ortam\u0131 ortaya konulmal\u0131 ve insanlar\u0131m\u0131za, \u00f6zellikle de gen\u00e7lerimize anlat\u0131lmal\u0131d\u0131r. Yine \u00e7ok ihmal edilen bir konu da onun insani boyutudur. Atat\u00fcrk bizden biridir. Bu y\u00f6n\u00fc ile gen\u00e7lerimize anlat\u0131lmal\u0131d\u0131r.  Hayatta yegane fahrim T\u00fcrk yarat\u0131lmamd\u0131r  diyerek T\u00fcrkl\u00fc\u011f\u00fc ile \u00f6v\u00fcnen Gazi Mustafa Kemal Atat\u00fcrk, baba soyu itibar\u0131yla, hem Anadolu\u2019nun, hem de Rumeli\u2019nin T\u00fcrkle\u015fmesinde b\u00fcy\u00fck rol oynam\u0131\u015f bulunan ve Karaman\u2019dan Makedonya\u2019ya g\u00f6\u00e7 ettirilen  K\u0131z\u0131l O\u011fuz Y\u00f6r\u00fckleri \/ T\u00fcrkmenleri nden; anne soyu itibar\u0131yla da Rumeli\u2019nin T\u00fcrkle\u015fmesinde yine etkin rol oynam\u0131\u015f bulunan ve g\u00f6\u00e7t\u00fckleri Konya \/ Karaman y\u00f6resinden dolay\u0131 Rumeli\u2019de  Konyarlar  olarak an\u0131lan Y\u00f6r\u00fck \/ T\u00fcrkmenlerdendir. Dedesi K\u0131z\u0131l Haf\u0131z Ahmet Efendi\u2019nin k\u00f6y\u00fc  Kocac\u0131k , bug\u00fcnk\u00fc Makedonya Cumhuriyeti\u2019nin Jupa b\u00f6lgesi\u2019nde Debre \u015fehrine ba\u011fl\u0131, T\u00fcrklerin ya\u015fad\u0131\u011f\u0131 bir k\u00f6yd\u00fcr. <\/p>\n","protected":false},"excerpt":{"rendered":"<p>Atat\u00fcrk\u2019\u00fcn soyu, ailesi ve bunu do\u011furan k\u00fclt\u00fcr ortam\u0131 ortaya konulmal\u0131 ve insanlar\u0131m\u0131za, \u00f6zellikle de gen\u00e7lerimize anlat\u0131lmal\u0131d\u0131r. Yine \u00e7ok ihmal edilen bir konu da onun insani boyutudur.<span class=\"excerpt-hellip\"> [\u2026]<\/span><\/p>\n","protected":false},"featured_media":0,"template":"","meta":{"_monsterinsights_skip_tracking":false,"_monsterinsights_sitenote_active":false,"_monsterinsights_sitenote_note":"","_monsterinsights_sitenote_category":0},"product_brand":[],"product_cat":[12530,12304],"product_tag":[],"class_list":{"0":"post-700663","1":"product","2":"type-product","3":"status-publish","5":"product_cat-mustafa-kemal-ataturk","6":"product_cat-tarih","7":"pa_tur-kitap","8":"pa_yayinevi-berikan-yayinlari","9":"pa_yazar-ali-guler","11":"first","12":"instock","13":"sale","14":"shipping-taxable","15":"purchasable","16":"product-type-simple"},"_links":{"self":[{"href":"https:\/\/roveyayinevi.com.tr\/index.php\/wp-json\/wp\/v2\/product\/700663","targetHints":{"allow":["GET"]}}],"collection":[{"href":"https:\/\/roveyayinevi.com.tr\/index.php\/wp-json\/wp\/v2\/product"}],"about":[{"href":"https:\/\/roveyayinevi.com.tr\/index.php\/wp-json\/wp\/v2\/types\/product"}],"wp:attachment":[{"href":"https:\/\/roveyayinevi.com.tr\/index.php\/wp-json\/wp\/v2\/media?parent=700663"}],"wp:term":[{"taxonomy":"product_brand","embeddable":true,"href":"https:\/\/roveyayinevi.com.tr\/index.php\/wp-json\/wp\/v2\/product_brand?post=700663"},{"taxonomy":"product_cat","embeddable":true,"href":"https:\/\/roveyayinevi.com.tr\/index.php\/wp-json\/wp\/v2\/product_cat?post=700663"},{"taxonomy":"product_tag","embeddable":true,"href":"https:\/\/roveyayinevi.com.tr\/index.php\/wp-json\/wp\/v2\/product_tag?post=700663"}],"curies":[{"name":"wp","href":"https:\/\/api.w.org\/{rel}","templated":true}]}}