{"id":700511,"date":"2025-08-27T15:00:09","date_gmt":"2025-08-27T12:00:09","guid":{"rendered":"https:\/\/roveyayinevi.com.tr\/index.php\/urun\/beylikler-devri\/"},"modified":"2026-04-16T02:09:41","modified_gmt":"2026-04-15T23:09:41","slug":"beylikler-devri","status":"publish","type":"product","link":"https:\/\/roveyayinevi.com.tr\/index.php\/urun\/beylikler-devri\/","title":{"rendered":"Beylikler Devri"},"content":{"rendered":"<p>Sel\u00e7uklular-Beylikler-Osmanl\u0131lar ba\u011flam\u0131nda ad\u0131m ad\u0131m Anadolu\u2019nun T\u00fcrkle\u015fme ve \u0130sl\u00e2mla\u015fma hik\u00e2yesi\u2026 T\u00fcrk Beylikleri D\u00f6nemi ve beyliklerin b\u00fct\u00fcnc\u00fcl ve kapsaml\u0131 bir ara\u015ft\u0131rmas\u0131\u2026 Malazgirt\u2019te kazan\u0131lan b\u00fcy\u00fck zaferden sonra Anadolu co\u011frafyas\u0131 T\u00fcrklere a\u00e7\u0131lm\u0131\u015f, Sel\u00e7uklular\u0131n y\u00fckseli\u015fi ile birlikte Orta Asya\u2019dan Ortado\u011fu\u2019ya do\u011fru h\u0131z kazanan T\u00fcrk g\u00f6\u00e7leri, nihayetinde bir vatana yerle\u015fmekle sonu\u00e7lanacak bir istikamet elde etmi\u015fti. <\/p>\n","protected":false},"excerpt":{"rendered":"<p>Sel\u00e7uklular-Beylikler-Osmanl\u0131lar ba\u011flam\u0131nda ad\u0131m ad\u0131m Anadolu\u2019nun T\u00fcrkle\u015fme ve \u0130sl\u00e2mla\u015fma hik\u00e2yesi\u2026 T\u00fcrk Beylikleri D\u00f6nemi ve beyliklerin b\u00fct\u00fcnc\u00fcl ve kapsaml\u0131 bir ara\u015ft\u0131rmas\u0131\u2026 Malazgirt\u2019te kazan\u0131lan b\u00fcy\u00fck zaferden sonra Anadolu co\u011frafyas\u0131<span class=\"excerpt-hellip\"> [\u2026]<\/span><\/p>\n","protected":false},"featured_media":0,"template":"","meta":{"_monsterinsights_skip_tracking":false,"_monsterinsights_sitenote_active":false,"_monsterinsights_sitenote_note":"","_monsterinsights_sitenote_category":0},"product_brand":[],"product_cat":[12370,12304],"product_tag":[],"class_list":{"0":"post-700511","1":"product","2":"type-product","3":"status-publish","5":"product_cat-arastirma-inceleme","6":"product_cat-tarih","7":"pa_cilt-ciltsiz","8":"pa_tur-kitap","9":"pa_yayinevi-timas-yayinlari","10":"pa_yazar-mehmet-ersan-mustafa-alican","12":"first","13":"instock","14":"sale","15":"shipping-taxable","16":"purchasable","17":"product-type-simple"},"_links":{"self":[{"href":"https:\/\/roveyayinevi.com.tr\/index.php\/wp-json\/wp\/v2\/product\/700511","targetHints":{"allow":["GET"]}}],"collection":[{"href":"https:\/\/roveyayinevi.com.tr\/index.php\/wp-json\/wp\/v2\/product"}],"about":[{"href":"https:\/\/roveyayinevi.com.tr\/index.php\/wp-json\/wp\/v2\/types\/product"}],"wp:attachment":[{"href":"https:\/\/roveyayinevi.com.tr\/index.php\/wp-json\/wp\/v2\/media?parent=700511"}],"wp:term":[{"taxonomy":"product_brand","embeddable":true,"href":"https:\/\/roveyayinevi.com.tr\/index.php\/wp-json\/wp\/v2\/product_brand?post=700511"},{"taxonomy":"product_cat","embeddable":true,"href":"https:\/\/roveyayinevi.com.tr\/index.php\/wp-json\/wp\/v2\/product_cat?post=700511"},{"taxonomy":"product_tag","embeddable":true,"href":"https:\/\/roveyayinevi.com.tr\/index.php\/wp-json\/wp\/v2\/product_tag?post=700511"}],"curies":[{"name":"wp","href":"https:\/\/api.w.org\/{rel}","templated":true}]}}