{"id":700439,"date":"2025-08-27T14:59:46","date_gmt":"2025-08-27T11:59:46","guid":{"rendered":"https:\/\/roveyayinevi.com.tr\/index.php\/urun\/kapitalizmin-kisa-tarihi-2\/"},"modified":"2026-04-16T02:09:39","modified_gmt":"2026-04-15T23:09:39","slug":"kapitalizmin-kisa-tarihi-2","status":"publish","type":"product","link":"https:\/\/roveyayinevi.com.tr\/index.php\/urun\/kapitalizmin-kisa-tarihi-2\/","title":{"rendered":"Kapitalizmin K\u0131sa Tarihi"},"content":{"rendered":"<p>Herkesin hakk\u0131nda konu\u015ftu\u011fu bu kapitalizm nedir? Alman siyaset bilimi profes\u00f6r\u00fc Georg F\u00fclberth, kendi kapitalizm tan\u0131m\u0131n\u0131, ge\u00e7mi\u015fteki teorisyenlerin \u00e7al\u0131\u015fmalar\u0131n\u0131 k\u0131yaslayarak in\u015fa ediyor. Karl Marx, Adam Smith, David Ricardo, J. M. Keynes, W. Sombart, Max Weber, Joseph Schumpeter, Fernand Braudel, I. Wallerstein, Kozo Uno gibi \u00f6nde gelen kapitalizm analizcilerinin g\u00f6r\u00fc\u015flerini yorumlayarak sa\u011flam bir kapitalizm tan\u0131m\u0131na ula\u015f\u0131yor. Ard\u0131ndan kapitalizmin ortaya \u00e7\u0131k\u0131\u015f\u0131n\u0131 ve tarihsel geli\u015fimini, derinli\u011fine ve \u00e7ok y\u00f6nl\u00fc olarak inceliyor. Feodal toplumda kapitalizmin do\u011fumunu olanakl\u0131 k\u0131lan potansiyeller ve geli\u015fmelerden yola \u00e7\u0131karak kapitalist toplumun serbest rekabet\u00e7i d\u00f6nemden, g\u00fcn\u00fcm\u00fcz\u00fcn neoliberalizmine uzanan geli\u015fim s\u00fcrecini mercek alt\u0131na al\u0131yor. Kitap, kapitalizm kar\u015f\u0131t\u0131 hareketleri de kapsayarak, bu sistemin \u00fcretim ve ya\u015fam tarz\u0131n\u0131n ne zaman son bulaca\u011f\u0131na dair sorularla son buluyor.Frankfurter Allgemeine Zeitung\u2019un yazarlar\u0131ndan Dietmar Dath, Kapitalizmin K\u0131sa Tarihi\u2019ni \u015fu s\u00f6zlerle kar\u015f\u0131lam\u0131\u015ft\u0131: \u201cYeni bir 1789\u2019un \u015ferefine!\u201d Eric Hobsbawm\u2019\u0131n de\u011ferlendirmesi de \u015f\u00f6yle: \u201cBu kitab\u0131 b\u00fcy\u00fck bir keyifle okudum.\u201d <\/p>\n","protected":false},"excerpt":{"rendered":"<p>Herkesin hakk\u0131nda konu\u015ftu\u011fu bu kapitalizm nedir? Alman siyaset bilimi profes\u00f6r\u00fc Georg F\u00fclberth, kendi kapitalizm tan\u0131m\u0131n\u0131, ge\u00e7mi\u015fteki teorisyenlerin \u00e7al\u0131\u015fmalar\u0131n\u0131 k\u0131yaslayarak in\u015fa ediyor. Karl Marx, Adam Smith, David<span class=\"excerpt-hellip\"> [\u2026]<\/span><\/p>\n","protected":false},"featured_media":0,"template":"","meta":{"_monsterinsights_skip_tracking":false,"_monsterinsights_sitenote_active":false,"_monsterinsights_sitenote_note":"","_monsterinsights_sitenote_category":0},"product_brand":[],"product_cat":[12337,14706],"product_tag":[],"class_list":{"0":"post-700439","1":"product","2":"type-product","3":"status-publish","5":"product_cat-politika-siyaset","6":"product_cat-siyaset-bilimi","7":"pa_cilt-ciltsiz","8":"pa_tur-kitap","9":"pa_yayinevi-yordam-kitap","10":"pa_yazar-georg-fulberth","12":"first","13":"instock","14":"sale","15":"shipping-taxable","16":"purchasable","17":"product-type-simple"},"_links":{"self":[{"href":"https:\/\/roveyayinevi.com.tr\/index.php\/wp-json\/wp\/v2\/product\/700439","targetHints":{"allow":["GET"]}}],"collection":[{"href":"https:\/\/roveyayinevi.com.tr\/index.php\/wp-json\/wp\/v2\/product"}],"about":[{"href":"https:\/\/roveyayinevi.com.tr\/index.php\/wp-json\/wp\/v2\/types\/product"}],"wp:attachment":[{"href":"https:\/\/roveyayinevi.com.tr\/index.php\/wp-json\/wp\/v2\/media?parent=700439"}],"wp:term":[{"taxonomy":"product_brand","embeddable":true,"href":"https:\/\/roveyayinevi.com.tr\/index.php\/wp-json\/wp\/v2\/product_brand?post=700439"},{"taxonomy":"product_cat","embeddable":true,"href":"https:\/\/roveyayinevi.com.tr\/index.php\/wp-json\/wp\/v2\/product_cat?post=700439"},{"taxonomy":"product_tag","embeddable":true,"href":"https:\/\/roveyayinevi.com.tr\/index.php\/wp-json\/wp\/v2\/product_tag?post=700439"}],"curies":[{"name":"wp","href":"https:\/\/api.w.org\/{rel}","templated":true}]}}