{"id":700326,"date":"2025-08-27T14:58:04","date_gmt":"2025-08-27T11:58:04","guid":{"rendered":"https:\/\/roveyayinevi.com.tr\/index.php\/urun\/rojbas-parev-salom-merhaba-selamun-aleykum\/"},"modified":"2026-04-16T02:09:37","modified_gmt":"2026-04-15T23:09:37","slug":"rojbas-parev-salom-merhaba-selamun-aleykum","status":"publish","type":"product","link":"https:\/\/roveyayinevi.com.tr\/index.php\/urun\/rojbas-parev-salom-merhaba-selamun-aleykum\/","title":{"rendered":"Rojba\u015f, Parev, \u015ealom, Merhaba, Selam\u00fcn Aleyk\u00fcm"},"content":{"rendered":"<p>Merhum b\u00fcy\u00fck d\u00fc\u015f\u00fcn\u00fcr Edward Said &#8216;s\u00f6m\u00fcrge ayd\u0131n&#8217; laf\u0131n\u0131 ilk kullanan entelekt\u00fceldi. Said kendi \u00fclkesinin k\u00fclt\u00fcr\u00fcnden ve halk\u0131ndan nefret ederek varl\u0131\u011f\u0131n\u0131 \u00fcst\u00fcn Bat\u0131 medeniyetine ait g\u00f6ren ama Bat\u0131 taraf\u0131ndan da \u00f6nemsenmeyen ancak belli Bat\u0131 istihbarat \u00f6rg\u00fctleri taraf\u0131ndan aparat\u00e7ik olarak kullan\u0131lan entelekt\u00fcel tipolojisi i\u00e7in s\u00f6m\u00fcrge ayd\u0131nlar\u0131 tabirini kullanm\u0131\u015ft\u0131. Hem Afrika&#8217;da, Asya&#8217;da hem Latin Amerika&#8217;da hem de \u0130slam d\u00fcnyas\u0131nda b\u00f6yle ayd\u0131n \u00f6rnekleri \u00e7ok say\u0131da vard\u0131r.T\u00fcrkiye\u2019de de bu t\u00fcr s\u00f6m\u00fcrge ayd\u0131n\u0131 \u00e7ok vard\u0131r. Ama son y\u0131llarda bu alg\u0131 giderek de\u011fi\u015fmektedir. Kendi \u00fclkesinin \u00e7\u0131karlar\u0131n\u0131 g\u00f6zetip adaletten ayr\u0131lmadan yaz\u0131 yazanlar var. S\u00f6m\u00fcrge ayd\u0131n\u0131 olmayan, duru\u015funu bozmadan, diklenmeden dik duranlar var. Bunlardan biri de Hilal Kaplan. Hem K\u00fcrt meselesi hem 17 ve 25 Aral\u0131k darbe s\u00fcre\u00e7lerinde ve hem de di\u011fer konularda vicdanl\u0131 yaz\u0131lar yaz\u0131yor. <\/p>\n","protected":false},"excerpt":{"rendered":"<p>Merhum b\u00fcy\u00fck d\u00fc\u015f\u00fcn\u00fcr Edward Said &#8216;s\u00f6m\u00fcrge ayd\u0131n&#8217; laf\u0131n\u0131 ilk kullanan entelekt\u00fceldi. Said kendi \u00fclkesinin k\u00fclt\u00fcr\u00fcnden ve halk\u0131ndan nefret ederek varl\u0131\u011f\u0131n\u0131 \u00fcst\u00fcn Bat\u0131 medeniyetine ait g\u00f6ren ama<span class=\"excerpt-hellip\"> [\u2026]<\/span><\/p>\n","protected":false},"featured_media":0,"template":"","meta":{"_monsterinsights_skip_tracking":false,"_monsterinsights_sitenote_active":false,"_monsterinsights_sitenote_note":"","_monsterinsights_sitenote_category":0},"product_brand":[],"product_cat":[13059,12337],"product_tag":[],"class_list":{"0":"post-700326","1":"product","2":"type-product","3":"status-publish","5":"product_cat-diger-politika-siyaset","6":"product_cat-politika-siyaset","7":"pa_tur-kitap","8":"pa_yayinevi-profil-kitap","9":"pa_yazar-hilal-kaplan","11":"first","12":"instock","13":"sale","14":"shipping-taxable","15":"purchasable","16":"product-type-simple"},"_links":{"self":[{"href":"https:\/\/roveyayinevi.com.tr\/index.php\/wp-json\/wp\/v2\/product\/700326","targetHints":{"allow":["GET"]}}],"collection":[{"href":"https:\/\/roveyayinevi.com.tr\/index.php\/wp-json\/wp\/v2\/product"}],"about":[{"href":"https:\/\/roveyayinevi.com.tr\/index.php\/wp-json\/wp\/v2\/types\/product"}],"wp:attachment":[{"href":"https:\/\/roveyayinevi.com.tr\/index.php\/wp-json\/wp\/v2\/media?parent=700326"}],"wp:term":[{"taxonomy":"product_brand","embeddable":true,"href":"https:\/\/roveyayinevi.com.tr\/index.php\/wp-json\/wp\/v2\/product_brand?post=700326"},{"taxonomy":"product_cat","embeddable":true,"href":"https:\/\/roveyayinevi.com.tr\/index.php\/wp-json\/wp\/v2\/product_cat?post=700326"},{"taxonomy":"product_tag","embeddable":true,"href":"https:\/\/roveyayinevi.com.tr\/index.php\/wp-json\/wp\/v2\/product_tag?post=700326"}],"curies":[{"name":"wp","href":"https:\/\/api.w.org\/{rel}","templated":true}]}}