{"id":700192,"date":"2025-08-27T14:56:27","date_gmt":"2025-08-27T11:56:27","guid":{"rendered":"https:\/\/roveyayinevi.com.tr\/index.php\/urun\/okul-oncesi-egitimde-cagdas-yaklasimlar-reggi-emilo-yaklasimi-ve-proje-yaklasimi\/"},"modified":"2026-04-13T02:11:49","modified_gmt":"2026-04-12T23:11:49","slug":"okul-oncesi-egitimde-cagdas-yaklasimlar-reggi-emilo-yaklasimi-ve-proje-yaklasimi","status":"publish","type":"product","link":"https:\/\/roveyayinevi.com.tr\/index.php\/urun\/okul-oncesi-egitimde-cagdas-yaklasimlar-reggi-emilo-yaklasimi-ve-proje-yaklasimi\/","title":{"rendered":"Okul \u00d6ncesi E\u011fitimde \u00c7a\u011fda\u015f Yakla\u015f\u0131mlar Reggi Emilo Yakla\u015f\u0131m\u0131 Ve Proje Yakla\u015f\u0131m\u0131"},"content":{"rendered":"<p>Kitap, \u00e7a\u011fda\u015f ya\u015fam\u0131n gereklerinin b\u00fcy\u00fck bir k\u0131sm\u0131 i\u00e7in \u00f6nemli olan yetenek ve becerilerin temelinin erken ya\u015flarda at\u0131lmas\u0131nda etkili bir yakla\u015f\u0131m olan Reggio Emilia yakla\u015f\u0131m\u0131 ve Proje Yakla\u015f\u0131m\u0131n\u0131 i\u00e7ermekte ve t\u00fcm \u00f6gelerini tart\u0131\u015fmaktad\u0131r. \u00c7ocu\u011fu her alanda aktif g\u00f6ren, bilginin \u00e7evre ile etkile\u015fim i\u00e7inde yap\u0131lanmas\u0131n\u0131 benimseyen, ili\u015fkilere, k\u00fclt\u00fcre ve \u00e7evreye \u00f6nem veren bir yakla\u015f\u0131m olan Reggio Emilia ve Proje Yakla\u015f\u0131m\u0131 do\u011fru uyguland\u0131\u011f\u0131nda kaliteye \u00f6nemli bir katk\u0131 yapacakt\u0131r. <\/p>\n","protected":false},"excerpt":{"rendered":"<p>Kitap, \u00e7a\u011fda\u015f ya\u015fam\u0131n gereklerinin b\u00fcy\u00fck bir k\u0131sm\u0131 i\u00e7in \u00f6nemli olan yetenek ve becerilerin temelinin erken ya\u015flarda at\u0131lmas\u0131nda etkili bir yakla\u015f\u0131m olan Reggio Emilia yakla\u015f\u0131m\u0131 ve Proje<span class=\"excerpt-hellip\"> [\u2026]<\/span><\/p>\n","protected":false},"featured_media":0,"template":"","meta":{"_monsterinsights_skip_tracking":false,"_monsterinsights_sitenote_active":false,"_monsterinsights_sitenote_note":"","_monsterinsights_sitenote_category":0},"product_brand":[],"product_cat":[12831,12324],"product_tag":[],"class_list":{"0":"post-700192","1":"product","2":"type-product","3":"status-publish","5":"product_cat-aile-ve-cocuk","6":"product_cat-sosyoloji","7":"pa_cilt-ciltsiz","8":"pa_tur-kitap","9":"pa_yayinevi-ani-yayincilik","10":"pa_yazar-hatice-zeynep-inan","12":"first","13":"instock","14":"sale","15":"shipping-taxable","16":"purchasable","17":"product-type-simple"},"_links":{"self":[{"href":"https:\/\/roveyayinevi.com.tr\/index.php\/wp-json\/wp\/v2\/product\/700192","targetHints":{"allow":["GET"]}}],"collection":[{"href":"https:\/\/roveyayinevi.com.tr\/index.php\/wp-json\/wp\/v2\/product"}],"about":[{"href":"https:\/\/roveyayinevi.com.tr\/index.php\/wp-json\/wp\/v2\/types\/product"}],"wp:attachment":[{"href":"https:\/\/roveyayinevi.com.tr\/index.php\/wp-json\/wp\/v2\/media?parent=700192"}],"wp:term":[{"taxonomy":"product_brand","embeddable":true,"href":"https:\/\/roveyayinevi.com.tr\/index.php\/wp-json\/wp\/v2\/product_brand?post=700192"},{"taxonomy":"product_cat","embeddable":true,"href":"https:\/\/roveyayinevi.com.tr\/index.php\/wp-json\/wp\/v2\/product_cat?post=700192"},{"taxonomy":"product_tag","embeddable":true,"href":"https:\/\/roveyayinevi.com.tr\/index.php\/wp-json\/wp\/v2\/product_tag?post=700192"}],"curies":[{"name":"wp","href":"https:\/\/api.w.org\/{rel}","templated":true}]}}