{"id":700156,"date":"2025-08-27T14:56:17","date_gmt":"2025-08-27T11:56:17","guid":{"rendered":"https:\/\/roveyayinevi.com.tr\/index.php\/urun\/stratejik-derinlik\/"},"modified":"2026-02-03T02:15:43","modified_gmt":"2026-02-02T23:15:43","slug":"stratejik-derinlik","status":"publish","type":"product","link":"https:\/\/roveyayinevi.com.tr\/index.php\/urun\/stratejik-derinlik\/","title":{"rendered":"Stratejik Derinlik"},"content":{"rendered":"<p>T\u00fcrkiye&#8217;yi \u00e7evreleyen yak\u0131n kara, yak\u0131n deniz ve yak\u0131n k\u0131ta havzalar\u0131, co\u011frafi olarak d\u00fcnya anak\u0131tas\u0131n\u0131n merkezini, tarih\u00ee olarak da insanl\u0131k tarihinin ana damar\u0131n\u0131n \u015fekillendi\u011fi alanlar\u0131 kapsamaktad\u0131r. So\u011fuk sava\u015f sonras\u0131 d\u00f6nemin getirdi\u011fi dinamik uluslararas\u0131 ve b\u00f6lgesel konjonkt\u00fcrde en yak\u0131n havzas\u0131ndan ba\u015flayarak d\u0131\u015fa a\u00e7\u0131lmas\u0131 ka\u00e7\u0131n\u0131lmaz olan T\u00fcrkiye&#8217;nin stratejik derinli\u011finin yak\u0131n kara, yak\u0131n deniz ve yak\u0131n k\u0131ta ba\u011flant\u0131lar\u0131 ile yeniden tan\u0131mlanmas\u0131 ve bu derinli\u011fin jeopolitik, jeoekonomik ve jeok\u00fclt\u00fcrel boyutlar\u0131n\u0131n d\u0131\u015f politika parametreleri olarak kapsaml\u0131 bir \u015fekilde yeniden de\u011ferlendirilmesi gerekmektedir. \ufffcTan\u0131t\u0131m Metni<\/p>\n","protected":false},"excerpt":{"rendered":"<p>T\u00fcrkiye&#8217;yi \u00e7evreleyen yak\u0131n kara, yak\u0131n deniz ve yak\u0131n k\u0131ta havzalar\u0131, co\u011frafi olarak d\u00fcnya anak\u0131tas\u0131n\u0131n merkezini, tarih\u00ee olarak da insanl\u0131k tarihinin ana damar\u0131n\u0131n \u015fekillendi\u011fi alanlar\u0131 kapsamaktad\u0131r. So\u011fuk<span class=\"excerpt-hellip\"> [\u2026]<\/span><\/p>\n","protected":false},"featured_media":0,"template":"","meta":{"_monsterinsights_skip_tracking":false,"_monsterinsights_sitenote_active":false,"_monsterinsights_sitenote_note":"","_monsterinsights_sitenote_category":0},"product_brand":[],"product_cat":[12304,13493],"product_tag":[],"class_list":{"0":"post-700156","1":"product","2":"type-product","3":"status-publish","5":"product_cat-tarih","6":"product_cat-turkiye-ve-cumhuriyet-tarihi","7":"pa_tur-kitap","8":"pa_yayinevi-kure-yayinlari","9":"pa_yazar-ahmet-davutoglu","11":"first","12":"instock","13":"sale","14":"shipping-taxable","15":"purchasable","16":"product-type-simple"},"_links":{"self":[{"href":"https:\/\/roveyayinevi.com.tr\/index.php\/wp-json\/wp\/v2\/product\/700156","targetHints":{"allow":["GET"]}}],"collection":[{"href":"https:\/\/roveyayinevi.com.tr\/index.php\/wp-json\/wp\/v2\/product"}],"about":[{"href":"https:\/\/roveyayinevi.com.tr\/index.php\/wp-json\/wp\/v2\/types\/product"}],"wp:attachment":[{"href":"https:\/\/roveyayinevi.com.tr\/index.php\/wp-json\/wp\/v2\/media?parent=700156"}],"wp:term":[{"taxonomy":"product_brand","embeddable":true,"href":"https:\/\/roveyayinevi.com.tr\/index.php\/wp-json\/wp\/v2\/product_brand?post=700156"},{"taxonomy":"product_cat","embeddable":true,"href":"https:\/\/roveyayinevi.com.tr\/index.php\/wp-json\/wp\/v2\/product_cat?post=700156"},{"taxonomy":"product_tag","embeddable":true,"href":"https:\/\/roveyayinevi.com.tr\/index.php\/wp-json\/wp\/v2\/product_tag?post=700156"}],"curies":[{"name":"wp","href":"https:\/\/api.w.org\/{rel}","templated":true}]}}