{"id":700089,"date":"2025-08-27T14:55:57","date_gmt":"2025-08-27T11:55:57","guid":{"rendered":"https:\/\/roveyayinevi.com.tr\/index.php\/urun\/uluslarin-kaderlerini-tayin-hakki\/"},"modified":"2026-04-16T02:09:31","modified_gmt":"2026-04-15T23:09:31","slug":"uluslarin-kaderlerini-tayin-hakki","status":"publish","type":"product","link":"https:\/\/roveyayinevi.com.tr\/index.php\/urun\/uluslarin-kaderlerini-tayin-hakki\/","title":{"rendered":"Uluslar\u0131n Kaderlerini Tayin Hakk\u0131"},"content":{"rendered":"<p>\u0130\u00e7indekiler &#8211; RSD\u0130P\u2019nin Ulusal Program\u0131 &#8211; Ulusal Sorun \u00dczerine Ele\u015ftirel Notlar &#8211; Diller Sorununda Liberaller ve Demokratlar &#8211;  Ulusal K\u00fclt\u00fcr  &#8211;  Ulusal \u00d6z\u00fcmleme  Umac\u0131s\u0131 &#8211;  Ulusal K\u00fclt\u00fcr \u00d6zerkli\u011fi  &#8211; Uluslar\u0131n E\u015fitli\u011fi ve Ulusal Az\u0131nl\u0131\u011f\u0131n Haklar\u0131 &#8211; Merkezile\u015fme ve \u00d6zerklik &#8211; Uluslar\u0131n Kendi Kaderlerini Tayin Etme Hakk\u0131 &#8211; Uluslar\u0131n Kendi Kaderlerini Tayin Etmesi Nedir? &#8211; Sorunun Somut Tarihsel Konumu &#8211; Rusya\u2019da Ulusal Sorunun Somut \u00d6zellikleri ve Bu \u00dclkede Burjuva Demokratik D\u00f6n\u00fc\u015f\u00fcm &#8211; Ulusal Sorunda  Pratik Olma  &#8211; Ulusal Sorunda Liberal Burjuvazi ve Sosyalist Oport\u00fcnistler &#8211; Norve\u00e7\u2019in \u0130sve\u00e7\u2019ten Ayr\u0131lmas\u0131 &#8211; Uluslararas\u0131 Londra Kongresi (1896) Karar\u0131 &#8211; \u00dctopyac\u0131 Karl Marx ve Pratik Rosa Luxemburg &#8211; 1903 Program\u0131 ve Program\u0131n Likidat\u00f6rleri &#8211; Sonu\u00e7 &#8211; B\u00fcy\u00fck-Rus Ulusal Gururu \u00dczerine &#8211; Ulusal Politika \u00dczerine &#8211; Sosyalist Devrim ve Uluslar\u0131n Kaderlerini Tayin Hakk\u0131 (Tezler) &#8211; Emperyalizm, Sosyalizm ve Ezilen Uluslar\u0131n Kurtulu\u015fu &#8211; Sosyalist Devrim ve Demokrasi U\u011fruna Sava\u015f\u0131m &#8211; Uluslar\u0131n Kaderlerini Tayin Etme Hakk\u0131n\u0131n \u00d6nemi ve Bu Hakk\u0131n Federasyon ile \u0130lgisi Uluslar\u0131n Kaderlerini Tayin Hakk\u0131 Sorununun Proleter Devrimci Sunulu\u015fu &#8211; Ulusal Sorunda Marksist ve Prudoncu G\u00f6r\u00fc\u015f &#8211; Uluslar\u0131n Kaderlerini Tayin Etme Hakk\u0131 Bak\u0131m\u0131ndan \u00dc\u00e7 Tip \u00dclke &#8211; Sosyal-\u015eovenizm ve Uluslar\u0131n Kaderlerini Tayin Hakk\u0131 &#8211; \u00d6n\u00fcm\u00fczdeki G\u00fcnlerde Proletaryan\u0131n Somut G\u00f6revleri &#8211; Rus ve Polonyal\u0131 Sosyal-Demokratlar\u0131n ve II. Enternasyonalin Uluslar\u0131n Kaderlerini Tayin Hakk\u0131 \u0130lkesindeki Tutumu &#8211; Uluslar\u0131n Kaderlerini Tayin Hakk\u0131 \u00dczerine Bir Tart\u0131\u015fman\u0131n \u00d6zeti &#8211; Sosyalizm ve Uluslar\u0131n Kaderlerini Tayin Hakk\u0131 &#8211; Emperyalizm \u00c7a\u011f\u0131nda Demokrasinin  Ger\u00e7ekle\u015fmesi Olana\u011f\u0131  Var m\u0131d\u0131r? &#8211; \u0130lhak Nedir? &#8211; \u0130lhaklardan Yana m\u0131, Yoksa \u0130lhaklara Kar\u015f\u0131 m\u0131? &#8211; Sosyal-Demokrasi Ni\u00e7in \u0130lhaklara Kar\u015f\u0131d\u0131r? &#8211; Bu Sorunda  Avrupa\u2019y\u0131  S\u00f6m\u00fcrgelerle K\u0131yaslamak Do\u011fru mudur? &#8211; Marksizm mi, Prudonculuk mu? &#8211; Hollanda ve Polonya Sosyal-Demokrat Enternasyonalistlerinin Tutumunda \u00d6zel ve Genel &#8211; Engels\u2019in Kautsky\u2019ye Mektubu &#8211; 1916 \u0130rlanda Ayaklanmas\u0131 &#8211; Sonu\u00e7 &#8211; Ulusal Sorun \u00dczerine S\u00f6ylev &#8211; Ulusal Sorun ve S\u00f6m\u00fcrgeler Sorunu \u00dczerine Tezlerin \u0130lk Tasar\u0131s\u0131 &#8211; Uluslar ve S\u00f6m\u00fcrgeler Komisyonunun Raporu &#8211; [ \u00d6zerkle\u015ftirme  \u00dczerine Notlar] &#8211; Ulusal-Topluluklar ya da  \u00d6zerkle\u015ftirme  Sorunu &#8211; Ulusal-Topluluklar ya da  \u00d6zerkle\u015ftirme  Sorunu (Devam\u0131) &#8211; Notlara Devam &#8211; A\u00e7\u0131klay\u0131c\u0131 Notlar &#8211; Adlar Dizini <\/p>\n","protected":false},"excerpt":{"rendered":"<p>\u0130\u00e7indekiler &#8211; RSD\u0130P\u2019nin Ulusal Program\u0131 &#8211; Ulusal Sorun \u00dczerine Ele\u015ftirel Notlar &#8211; Diller Sorununda Liberaller ve Demokratlar &#8211; Ulusal K\u00fclt\u00fcr &#8211; Ulusal \u00d6z\u00fcmleme Umac\u0131s\u0131 &#8211; Ulusal<span class=\"excerpt-hellip\"> [\u2026]<\/span><\/p>\n","protected":false},"featured_media":0,"template":"","meta":{"_monsterinsights_skip_tracking":false,"_monsterinsights_sitenote_active":false,"_monsterinsights_sitenote_note":"","_monsterinsights_sitenote_category":0},"product_brand":[],"product_cat":[17574,13527],"product_tag":[],"class_list":{"0":"post-700089","1":"product","2":"type-product","3":"status-publish","5":"product_cat-politika","6":"product_cat-sureli-yayinlar","7":"pa_cilt-ciltsiz","8":"pa_tur-kitap","9":"pa_yayinevi-sol-yayinlari","10":"pa_yazar-vladimir-ilyic-lenin","12":"first","13":"instock","14":"sale","15":"shipping-taxable","16":"purchasable","17":"product-type-simple"},"_links":{"self":[{"href":"https:\/\/roveyayinevi.com.tr\/index.php\/wp-json\/wp\/v2\/product\/700089","targetHints":{"allow":["GET"]}}],"collection":[{"href":"https:\/\/roveyayinevi.com.tr\/index.php\/wp-json\/wp\/v2\/product"}],"about":[{"href":"https:\/\/roveyayinevi.com.tr\/index.php\/wp-json\/wp\/v2\/types\/product"}],"wp:attachment":[{"href":"https:\/\/roveyayinevi.com.tr\/index.php\/wp-json\/wp\/v2\/media?parent=700089"}],"wp:term":[{"taxonomy":"product_brand","embeddable":true,"href":"https:\/\/roveyayinevi.com.tr\/index.php\/wp-json\/wp\/v2\/product_brand?post=700089"},{"taxonomy":"product_cat","embeddable":true,"href":"https:\/\/roveyayinevi.com.tr\/index.php\/wp-json\/wp\/v2\/product_cat?post=700089"},{"taxonomy":"product_tag","embeddable":true,"href":"https:\/\/roveyayinevi.com.tr\/index.php\/wp-json\/wp\/v2\/product_tag?post=700089"}],"curies":[{"name":"wp","href":"https:\/\/api.w.org\/{rel}","templated":true}]}}