{"id":700062,"date":"2025-08-27T14:55:49","date_gmt":"2025-08-27T11:55:49","guid":{"rendered":"https:\/\/roveyayinevi.com.tr\/index.php\/urun\/varisler-ogrenciler-ve-kultur\/"},"modified":"2026-04-16T02:09:31","modified_gmt":"2026-04-15T23:09:31","slug":"varisler-ogrenciler-ve-kultur","status":"publish","type":"product","link":"https:\/\/roveyayinevi.com.tr\/index.php\/urun\/varisler-ogrenciler-ve-kultur\/","title":{"rendered":"Varisler \u00d6\u011frenciler ve K\u00fclt\u00fcr"},"content":{"rendered":"<p>E\u011fitimin toplumsal hareketlili\u011fi sa\u011flayan ba\u015fl\u0131ca etmenlerden biri oldu\u011fu sav\u0131, bug\u00fcn, ortak kan\u0131n\u0131n de\u011fi\u015fmez unsurlar\u0131ndan biri olarak kendini kabul ettirmi\u015f gibidir. Bu idealden &#8220;sapma&#8221; olarak e\u011fitime eri\u015fimdeki e\u015fitsizlikler ise, ya olmas\u0131 do\u011fal ancak elden geldi\u011fince d\u00fczeltilebilecek ekonomik e\u015fitsizlikler ya da olmas\u0131 en az di\u011feri kadar do\u011fal ancak d\u00fczeltilmesi o kadar da kolay olmayan &#8220;ki\u015fisel yetenek&#8221; farkl\u0131l\u0131klar\u0131 \u00e7er\u00e7evesinde kavran\u0131l\u0131r.Bourdieu ve Passeron&#8217;un elinizdeki kitaptaki m\u00fcdahalesi tam da bu iki arg\u00fcman d\u00fczeyinde \u015fekillenir. Mevcut h\u00e2liyle okulun toplumsal hareketlilik unsuru oldu\u011fu iddias\u0131 bir yan\u0131lsama, hatta bir ideolojidir, der ikili. Zira e\u011fitimin &#8220;ki\u015fisel yetene\u011fe&#8221; d\u00f6n\u00fc\u015ft\u00fcrd\u00fc\u011f\u00fc nitelikler, \u00f6\u011frencide arad\u0131\u011f\u0131 vas\u0131flar, kazand\u0131rmay\u0131 hedefledi\u011fi kabiliyetler, esas\u0131nda, baz\u0131 imtiyazl\u0131 s\u0131n\u0131flar\u0131n k\u00fclt\u00fcr kar\u015f\u0131s\u0131ndaki imtiyazlar\u0131n\u0131n &#8220;do\u011falla\u015ft\u0131r\u0131lm\u0131\u015f&#8221; &#8220;mutlakla\u015ft\u0131r\u0131lm\u0131\u015f&#8221; h\u00e2lleridir.E\u011fer b\u00f6yleyse, diye ekler Bourdieu ve Passeron, sadece ekonomik e\u015fitsizliklere y\u00f6nelmi\u015f bir tahlil, k\u00fclt\u00fcrel miras\u0131n ve k\u00fclt\u00fcr kar\u015f\u0131s\u0131ndaki e\u015fitsizliklerin merkez\u00ee \u00f6nemini \u0131skalamakla kalmaz, bunlar\u0131 g\u00f6rmezden gelerek veya yok sayarak sistemin idamesine de hizmet eder. Zira sosyal imtiyaz\u0131 yetene\u011fe, ba\u015far\u0131y\u0131 ise \u015fahsi liyakate d\u00f6n\u00fc\u015ft\u00fcren e\u015fitsizlikler ortadan kalkmaks\u0131z\u0131n ekonomik imk\u00e2nlar\u0131n e\u015fitlenmesi mevzubahis olabilir. &#8220;B\u00f6yle bir durumda, farkl\u0131 sosyal kesimlerin e\u011fitim sisteminin farkl\u0131 mertebelerindeki e\u015fit olmayan temsili, hi\u00e7bir zaman olmad\u0131\u011f\u0131 kadar fazla gerek\u00e7eyle, yeteneklerin veya k\u00fclt\u00fcre eri\u015fme arzusunun e\u015fit olmayan da\u011f\u0131l\u0131m\u0131na isnat edilecektir (&#8230;) Hatta daha da iyisi, \u015fanslar\u0131n bi\u00e7imsel e\u015fitli\u011fi b\u00f6ylece sa\u011fland\u0131ktan sonra okul, imtiyazlar\u0131n me\u015frula\u015ft\u0131r\u0131lmas\u0131n\u0131n hizmetinde, kendine b\u00fct\u00fcn me\u015fruiyet g\u00f6r\u00fcn\u00fcmlerini verebilir&#8221;. E\u011fitimde f\u0131rsat e\u015fitli\u011fi mi demi\u015ftiniz? <\/p>\n","protected":false},"excerpt":{"rendered":"<p>E\u011fitimin toplumsal hareketlili\u011fi sa\u011flayan ba\u015fl\u0131ca etmenlerden biri oldu\u011fu sav\u0131, bug\u00fcn, ortak kan\u0131n\u0131n de\u011fi\u015fmez unsurlar\u0131ndan biri olarak kendini kabul ettirmi\u015f gibidir. Bu idealden &#8220;sapma&#8221; olarak e\u011fitime eri\u015fimdeki<span class=\"excerpt-hellip\"> [\u2026]<\/span><\/p>\n","protected":false},"featured_media":0,"template":"","meta":{"_monsterinsights_skip_tracking":false,"_monsterinsights_sitenote_active":false,"_monsterinsights_sitenote_note":"","_monsterinsights_sitenote_category":0},"product_brand":[],"product_cat":[13633,12324],"product_tag":[],"class_list":{"0":"post-700062","1":"product","2":"type-product","3":"status-publish","5":"product_cat-kultur-ve-bilim","6":"product_cat-sosyoloji","7":"pa_cilt-ciltsiz","8":"pa_tur-kitap","9":"pa_yayinevi-heretik-yayincilik","10":"pa_yazar-pierre-bourdieu","12":"first","13":"instock","14":"sale","15":"shipping-taxable","16":"purchasable","17":"product-type-simple"},"_links":{"self":[{"href":"https:\/\/roveyayinevi.com.tr\/index.php\/wp-json\/wp\/v2\/product\/700062","targetHints":{"allow":["GET"]}}],"collection":[{"href":"https:\/\/roveyayinevi.com.tr\/index.php\/wp-json\/wp\/v2\/product"}],"about":[{"href":"https:\/\/roveyayinevi.com.tr\/index.php\/wp-json\/wp\/v2\/types\/product"}],"wp:attachment":[{"href":"https:\/\/roveyayinevi.com.tr\/index.php\/wp-json\/wp\/v2\/media?parent=700062"}],"wp:term":[{"taxonomy":"product_brand","embeddable":true,"href":"https:\/\/roveyayinevi.com.tr\/index.php\/wp-json\/wp\/v2\/product_brand?post=700062"},{"taxonomy":"product_cat","embeddable":true,"href":"https:\/\/roveyayinevi.com.tr\/index.php\/wp-json\/wp\/v2\/product_cat?post=700062"},{"taxonomy":"product_tag","embeddable":true,"href":"https:\/\/roveyayinevi.com.tr\/index.php\/wp-json\/wp\/v2\/product_tag?post=700062"}],"curies":[{"name":"wp","href":"https:\/\/api.w.org\/{rel}","templated":true}]}}