{"id":700037,"date":"2025-08-27T14:55:42","date_gmt":"2025-08-27T11:55:42","guid":{"rendered":"https:\/\/roveyayinevi.com.tr\/index.php\/urun\/halkla-iliskiler-ne-degildir\/"},"modified":"2026-04-16T02:09:30","modified_gmt":"2026-04-15T23:09:30","slug":"halkla-iliskiler-ne-degildir","status":"publish","type":"product","link":"https:\/\/roveyayinevi.com.tr\/index.php\/urun\/halkla-iliskiler-ne-degildir\/","title":{"rendered":"Halkla \u0130li\u015fkiler Ne De\u011fildir?"},"content":{"rendered":"<p>G\u00fcn\u00fcm\u00fczde halkla ili\u015fkiler kavram\u0131n\u0131 bilmeyen ya da duymayan yok&#8230; Halkla ili\u015fkilerin ne kadar \u00f6nemli oldu\u011fundan s\u00fcrekli s\u00f6z ediliyor&#8230; Hatta \u201cHalkla ili\u015fkilerim \u00e7ok iyidir,\u201d diyen ki\u015filere rastlamak da m\u00fcmk\u00fcn&#8230; Ancak, \u201cHalkla ili\u015fkiler nedir?\u201d diye soruldu\u011funda al\u0131nan yan\u0131tlar ne yaz\u0131k ki halkla ili\u015fkiler kavram\u0131n\u0131 a\u00e7\u0131klayam\u0131yor, hatta \u00e7o\u011fu zaman reklam, pazarlama, propaganda vb. kavramlarla kar\u0131\u015ft\u0131r\u0131ld\u0131\u011f\u0131 g\u00f6r\u00fcl\u00fcyor. Bu durum halkla ili\u015fkiler mesle\u011finin \u00e7ok uzun y\u0131llard\u0131r icra edilmesine ra\u011fmen tam olarak anla\u015f\u0131lamad\u0131\u011f\u0131n\u0131 g\u00f6steriyor. <\/p>\n","protected":false},"excerpt":{"rendered":"<p>G\u00fcn\u00fcm\u00fczde halkla ili\u015fkiler kavram\u0131n\u0131 bilmeyen ya da duymayan yok&#8230; Halkla ili\u015fkilerin ne kadar \u00f6nemli oldu\u011fundan s\u00fcrekli s\u00f6z ediliyor&#8230; Hatta \u201cHalkla ili\u015fkilerim \u00e7ok iyidir,\u201d diyen ki\u015filere rastlamak<span class=\"excerpt-hellip\"> [\u2026]<\/span><\/p>\n","protected":false},"featured_media":0,"template":"","meta":{"_monsterinsights_skip_tracking":false,"_monsterinsights_sitenote_active":false,"_monsterinsights_sitenote_note":"","_monsterinsights_sitenote_category":0},"product_brand":[],"product_cat":[13043,14754],"product_tag":[],"class_list":{"0":"post-700037","1":"product","2":"type-product","3":"status-publish","5":"product_cat-ekonomi","6":"product_cat-halkla-iliskiler-insan-kaynaklari","7":"pa_cilt-ciltsiz","8":"pa_tur-kitap","9":"pa_yayinevi-say-yayinlari","10":"pa_yazar-aysen-temel-eginli","12":"first","13":"instock","14":"sale","15":"shipping-taxable","16":"purchasable","17":"product-type-simple"},"_links":{"self":[{"href":"https:\/\/roveyayinevi.com.tr\/index.php\/wp-json\/wp\/v2\/product\/700037","targetHints":{"allow":["GET"]}}],"collection":[{"href":"https:\/\/roveyayinevi.com.tr\/index.php\/wp-json\/wp\/v2\/product"}],"about":[{"href":"https:\/\/roveyayinevi.com.tr\/index.php\/wp-json\/wp\/v2\/types\/product"}],"wp:attachment":[{"href":"https:\/\/roveyayinevi.com.tr\/index.php\/wp-json\/wp\/v2\/media?parent=700037"}],"wp:term":[{"taxonomy":"product_brand","embeddable":true,"href":"https:\/\/roveyayinevi.com.tr\/index.php\/wp-json\/wp\/v2\/product_brand?post=700037"},{"taxonomy":"product_cat","embeddable":true,"href":"https:\/\/roveyayinevi.com.tr\/index.php\/wp-json\/wp\/v2\/product_cat?post=700037"},{"taxonomy":"product_tag","embeddable":true,"href":"https:\/\/roveyayinevi.com.tr\/index.php\/wp-json\/wp\/v2\/product_tag?post=700037"}],"curies":[{"name":"wp","href":"https:\/\/api.w.org\/{rel}","templated":true}]}}