{"id":700013,"date":"2025-08-27T14:55:16","date_gmt":"2025-08-27T11:55:16","guid":{"rendered":"https:\/\/roveyayinevi.com.tr\/index.php\/urun\/kalpaklilar-doludizgin-ile-birlikte-tek-kitapta\/"},"modified":"2026-04-16T02:09:29","modified_gmt":"2026-04-15T23:09:29","slug":"kalpaklilar-doludizgin-ile-birlikte-tek-kitapta","status":"publish","type":"product","link":"https:\/\/roveyayinevi.com.tr\/index.php\/urun\/kalpaklilar-doludizgin-ile-birlikte-tek-kitapta\/","title":{"rendered":"Kalpakl\u0131lar (Doludizgin ile Birlikte Tek Kitapta)"},"content":{"rendered":"<p>\u201cT\u00fcrkiye\u2019yi ya\u011fmaya gelen 1919 y\u0131l\u0131n\u0131n s\u00f6m\u00fcrgecilerine kar\u015f\u0131 kabaran \u00f6fke, o y\u0131llar\u0131n \u00f6fkesidir; o y\u0131llar\u0131n hiddetidir. Ama bug\u00fcn de s\u00f6m\u00fcrgecili\u011fe kar\u015f\u0131 duyulabilecek \u00f6fkenin ayn\u0131d\u0131r elbette.\u201d- Samim Kocag\u00f6z\u201cD\u00fc\u015fman donanmas\u0131 a\u00e7\u0131klarda demirlemi\u015f, iki harp gemisi r\u0131ht\u0131ma biraz daha yakla\u015fm\u0131\u015ft\u0131&#8230; G\u00fcvertedeki askerler ellerini, \u015fapkalar\u0131n\u0131 sall\u0131yor, mar\u015flar s\u00f6yl\u00fcyorlard\u0131&#8230; Mavili beyazl\u0131 elbiseler giymi\u015f gen\u00e7 k\u0131zlar, ellerinde \u00e7i\u00e7ekler, vapurlardaki askerlere \u00f6p\u00fcc\u00fckler yolluyorlard\u0131.\u201d\u0130ngilizlerin g\u00fcd\u00fcm\u00fcndeki Yunan ordusu 15 May\u0131s 1919\u2019da \u0130zmir\u2019i i\u015fgal ederken genel manzara b\u00f6yleydi. Ta ki karaya ayak basan ilk Yunan askerlerinin ortas\u0131na bir el bombas\u0131 at\u0131lana kadar. Bombay\u0131 atan gazeteci Hasan Tahsin, \u201cD\u00f6v\u00fc\u015fe ben ba\u015fl\u0131yorum, siz devam edeceksiniz\u201d diyecek kadar emindi \u00e7akt\u0131\u011f\u0131 bu ilk k\u0131v\u0131lc\u0131m\u0131n t\u00fcm \u00fclkeyi saraca\u011f\u0131ndan. Yan\u0131lmam\u0131\u015ft\u0131 da: \u0130zmir bir sembol oldu, bayrak oldu, ta\u015ft\u0131 Anadolu\u2019nun i\u00e7lerinden. Cephelerde Mehmet\u2019ler, da\u011flarda efeler, her t\u00fcrl\u00fc imk\u00e2n\u0131 kullanarak askerlere cephane ta\u015f\u0131yan kad\u0131nlar, t\u00fcm Anadolu tek y\u00fcrek oldu, ba\u015fkald\u0131rd\u0131 i\u015fgalcilere ve onlar\u0131n i\u015fbirlik\u00e7ilerine.Kalpakl\u0131lar, Samim Kocag\u00f6z\u2019\u00fcn belgelere dayanarak i\u015fledi\u011fi bir destan: \u0130\u015fgal alt\u0131ndaki topraklardan Kuvay\u0131 Milliye\u2019nin do\u011fu\u015funa, cephelerdeki \u00e7arp\u0131\u015fmalardan gerici ayaklanmalara kadar Kurtulu\u015f Sava\u015f\u0131\u2019n\u0131n, bir ulusun ba\u011f\u0131ms\u0131zl\u0131k i\u00e7in verdi\u011fi m\u00fccadelenin ger\u00e7ek destan\u0131.<\/p>\n","protected":false},"excerpt":{"rendered":"<p>\u201cT\u00fcrkiye\u2019yi ya\u011fmaya gelen 1919 y\u0131l\u0131n\u0131n s\u00f6m\u00fcrgecilerine kar\u015f\u0131 kabaran \u00f6fke, o y\u0131llar\u0131n \u00f6fkesidir; o y\u0131llar\u0131n hiddetidir. Ama bug\u00fcn de s\u00f6m\u00fcrgecili\u011fe kar\u015f\u0131 duyulabilecek \u00f6fkenin ayn\u0131d\u0131r elbette.\u201d- Samim Kocag\u00f6z\u201cD\u00fc\u015fman<span class=\"excerpt-hellip\"> [\u2026]<\/span><\/p>\n","protected":false},"featured_media":0,"template":"","meta":{"_monsterinsights_skip_tracking":false,"_monsterinsights_sitenote_active":false,"_monsterinsights_sitenote_note":"","_monsterinsights_sitenote_category":0},"product_brand":[],"product_cat":[12304,13493],"product_tag":[],"class_list":{"0":"post-700013","1":"product","2":"type-product","3":"status-publish","5":"product_cat-tarih","6":"product_cat-turkiye-ve-cumhuriyet-tarihi","7":"pa_cilt-ciltsiz","8":"pa_tur-kitap","9":"pa_yayinevi-literatur-yayinevi","10":"pa_yazar-samim-kocagoz","12":"first","13":"instock","14":"sale","15":"shipping-taxable","16":"purchasable","17":"product-type-simple"},"_links":{"self":[{"href":"https:\/\/roveyayinevi.com.tr\/index.php\/wp-json\/wp\/v2\/product\/700013","targetHints":{"allow":["GET"]}}],"collection":[{"href":"https:\/\/roveyayinevi.com.tr\/index.php\/wp-json\/wp\/v2\/product"}],"about":[{"href":"https:\/\/roveyayinevi.com.tr\/index.php\/wp-json\/wp\/v2\/types\/product"}],"wp:attachment":[{"href":"https:\/\/roveyayinevi.com.tr\/index.php\/wp-json\/wp\/v2\/media?parent=700013"}],"wp:term":[{"taxonomy":"product_brand","embeddable":true,"href":"https:\/\/roveyayinevi.com.tr\/index.php\/wp-json\/wp\/v2\/product_brand?post=700013"},{"taxonomy":"product_cat","embeddable":true,"href":"https:\/\/roveyayinevi.com.tr\/index.php\/wp-json\/wp\/v2\/product_cat?post=700013"},{"taxonomy":"product_tag","embeddable":true,"href":"https:\/\/roveyayinevi.com.tr\/index.php\/wp-json\/wp\/v2\/product_tag?post=700013"}],"curies":[{"name":"wp","href":"https:\/\/api.w.org\/{rel}","templated":true}]}}