{"id":699978,"date":"2025-08-27T14:55:06","date_gmt":"2025-08-27T11:55:06","guid":{"rendered":"https:\/\/roveyayinevi.com.tr\/index.php\/urun\/dersim-dile-geldi\/"},"modified":"2026-04-16T02:09:28","modified_gmt":"2026-04-15T23:09:28","slug":"dersim-dile-geldi","status":"publish","type":"product","link":"https:\/\/roveyayinevi.com.tr\/index.php\/urun\/dersim-dile-geldi\/","title":{"rendered":"Dersim Dile Geldi"},"content":{"rendered":"<p>Bu romanda anlat\u0131lan hayat hikayeleri hayal \u00fcr\u00fcn\u00fc de\u011fildir. \u00c7ocuklar hayal \u00fcr\u00fcn\u00fc de\u011fildir, da\u011flar de\u011fildir ve otuzsekiz \u00fc\u00e7 ile sekizin yan yana geldi\u011fi bir tarih de\u011fildir. Bu romanda bir co\u011frafya, \u00e7ocuklar ba\u015fta olmak \u00fczere da\u011f\u0131yla ta\u015f\u0131yla, ku\u015flar\u0131 ve b\u00f6cekleriyle dile geldi; Dersim Dile Geldi. Elinizdeki kitap bir yan\u0131yla da tarihsel bir romand\u0131r. Yazar sizi \u00e7\u0131r\u0131l\u00e7\u0131plak bir tarihsel ger\u00e7ekli\u011fin e\u015fi\u011fine g\u00f6t\u00fcr\u00fcp b\u0131rak\u0131yor. Bu e\u015fikten i\u00e7eri girip girmemek ise okuyucunun vicdan\u0131na kal\u0131yor. Celal Y\u0131ld\u0131z, uzun u\u011fra\u015flar sonucu 1937-38 tarihleri aras\u0131nda Dersim&#8217;de cesetler alt\u0131nda kal\u0131p bir mucize eseri sa\u011f kalan \u00e7ocuklar\u0131n hikayesini yazd\u0131. B\u00fct\u00fcn aile fertleri makineli t\u00fcfek ve s\u00fcng\u00fclerle yok edilen bu \u00e7ocuklar, sarp da\u011flar\u0131n koyu ormanlar\u0131nda aylarca tek ba\u015flar\u0131na kald\u0131lar. Ya\u015famlar\u0131n\u0131n geri kalan\u0131n\u0131 ise yetim olarak s\u00fcrd\u00fcrd\u00fcler. Roman bu ba\u011flamda Dersimli yetimlerin de \u00f6yk\u00fcs\u00fcd\u00fcr. Ya\u015fad\u0131klar\u0131 dram\u0131 susarak g\u00fcn\u00fcm\u00fcze ta\u015f\u0131yan bu \u00e7ocuklar; yani otuzsekizin \u015fahitleri ilk defa konu\u015ftular. \u00d6yle dile geldiler ki, da\u011flar g\u00fcrledi, nehirler inledi, r\u00fczgar sustu, zaman bir saatin yelkovan\u0131nda durdu; Dersim Dile Geldi. <\/p>\n","protected":false},"excerpt":{"rendered":"<p>Bu romanda anlat\u0131lan hayat hikayeleri hayal \u00fcr\u00fcn\u00fc de\u011fildir. \u00c7ocuklar hayal \u00fcr\u00fcn\u00fc de\u011fildir, da\u011flar de\u011fildir ve otuzsekiz \u00fc\u00e7 ile sekizin yan yana geldi\u011fi bir tarih de\u011fildir. Bu<span class=\"excerpt-hellip\"> [\u2026]<\/span><\/p>\n","protected":false},"featured_media":0,"template":"","meta":{"_monsterinsights_skip_tracking":false,"_monsterinsights_sitenote_active":false,"_monsterinsights_sitenote_note":"","_monsterinsights_sitenote_category":0},"product_brand":[],"product_cat":[13656,12337],"product_tag":[],"class_list":{"0":"post-699978","1":"product","2":"type-product","3":"status-publish","5":"product_cat-azinliklar-etnik-sorunlar","6":"product_cat-politika-siyaset","7":"pa_cilt-ciltsiz","8":"pa_tur-kitap","9":"pa_yayinevi-nika-yayinevi","10":"pa_yazar-celal-yildiz","12":"first","13":"instock","14":"sale","15":"shipping-taxable","16":"purchasable","17":"product-type-simple"},"_links":{"self":[{"href":"https:\/\/roveyayinevi.com.tr\/index.php\/wp-json\/wp\/v2\/product\/699978","targetHints":{"allow":["GET"]}}],"collection":[{"href":"https:\/\/roveyayinevi.com.tr\/index.php\/wp-json\/wp\/v2\/product"}],"about":[{"href":"https:\/\/roveyayinevi.com.tr\/index.php\/wp-json\/wp\/v2\/types\/product"}],"wp:attachment":[{"href":"https:\/\/roveyayinevi.com.tr\/index.php\/wp-json\/wp\/v2\/media?parent=699978"}],"wp:term":[{"taxonomy":"product_brand","embeddable":true,"href":"https:\/\/roveyayinevi.com.tr\/index.php\/wp-json\/wp\/v2\/product_brand?post=699978"},{"taxonomy":"product_cat","embeddable":true,"href":"https:\/\/roveyayinevi.com.tr\/index.php\/wp-json\/wp\/v2\/product_cat?post=699978"},{"taxonomy":"product_tag","embeddable":true,"href":"https:\/\/roveyayinevi.com.tr\/index.php\/wp-json\/wp\/v2\/product_tag?post=699978"}],"curies":[{"name":"wp","href":"https:\/\/api.w.org\/{rel}","templated":true}]}}