{"id":699860,"date":"2025-08-27T14:54:33","date_gmt":"2025-08-27T11:54:33","guid":{"rendered":"https:\/\/roveyayinevi.com.tr\/index.php\/urun\/firtinali-denizin-kiyisinda-sansal-dikmen-kitabi\/"},"modified":"2026-04-16T02:08:57","modified_gmt":"2026-04-15T23:08:57","slug":"firtinali-denizin-kiyisinda-sansal-dikmen-kitabi","status":"publish","type":"product","link":"https:\/\/roveyayinevi.com.tr\/index.php\/urun\/firtinali-denizin-kiyisinda-sansal-dikmen-kitabi\/","title":{"rendered":"F\u0131rt\u0131nal\u0131 Denizin K\u0131y\u0131s\u0131nda &#8211; \u015eansal Dikmen Kitab\u0131"},"content":{"rendered":"<p>T\u00fcrkiye\u2019de sol-sosyalist ideolojinin ye\u015ferip serpilmesinde 1961\u2019de kurulan T\u0130P\u2019in yabana at\u0131lmayacak bir \u00f6nemi vard\u0131r. 1968\u2019in devrimci hareketlerine s\u00f6ylemsel olarak kanallar a\u00e7an T\u0130P\u2019in siyaset mesaisi hayli m\u00fc\u015fk\u00fcl olmu\u015ftur: Lin\u00e7lere maruz kal\u0131nm\u0131\u015f, kimi \u00fcyeleri yarg\u0131s\u0131z infazlara kurban gitmi\u015f, 12 Mart darbesinde sak\u0131ncal\u0131 bulunarak t\u00fcmden kapat\u0131lm\u0131\u015f, kurucu kadrolar\u0131 cezaevlerine at\u0131lm\u0131\u015ft\u0131r. D\u00f6nemin Adalet Partisi ve CHP aras\u0131nda s\u0131k\u0131\u015fm\u0131\u015f siyasal atmosferine taze bir soluk katan T\u0130P\u2019in Karadeniz sath\u0131ndaki \u00f6rg\u00fctlenmesi de t\u00fcrl\u00fc zorluklarla \u015fekillenmi\u015ftir. Giresun\u2019un Bulancak il\u00e7esinden avukat \u015eansal Dikmen\u2019in siyasal hayat\u0131, hem I. T\u0130P\u2019in hem de 12 Mart sonras\u0131 yeniden \u00f6rg\u00fctlenen II. T\u0130P\u2019in Karadeniz\u2019deki ser\u00fcvenini, solun b\u00fcy\u00fck umutlar\u0131n\u0131 ve hayal k\u0131r\u0131kl\u0131klar\u0131n\u0131, g\u00f6zler \u00f6n\u00fcne seriyor. Ta\u015fra karanl\u0131\u011f\u0131nda i\u011fneyle kuyu kazarak sosyalist siyasetin maya tutmas\u0131 i\u00e7in u\u011fra\u015fan \u015eansal Dikmen\u2019in hayat\u0131 vesilesiyle ta\u015fran\u0131n siyasal tarihine \u0131\u015f\u0131k tutuluyor bu kitapta. Solun tarihine merkezden de\u011fil \u00e7eperden, yukar\u0131dan de\u011fil a\u015fa\u011f\u0131dan bak\u0131l\u0131yor. H\u0131r\u00e7\u0131n hiziple\u015fmeler, tahripk\u00e2r k\u0131rg\u0131nl\u0131klar \u00fczerinde de\u011fil, dostluklar ve sevin\u00e7ler \u00fczerinde duruluyor, hatalarsa so\u011fukkanl\u0131l\u0131kla masaya yat\u0131r\u0131l\u0131yor ama her defas\u0131nda insani olanda \u0131srar ediliyor. Behice Boran\u2019dan Nihat Sarg\u0131n\u2019a, Sadun Aren\u2019den Tar\u0131k Ziya Ekinci\u2019ye, me\u015fhur Terzi Fikri\u2019den Ziya Y\u0131lmaz\u2019a, H\u00fcseyin Cevahir\u2019den Nahit T\u00f6re\u2019ye de\u011fin pek \u00e7ok ismin Karadeniz\u2019deki icraatlar\u0131 mercek alt\u0131na al\u0131n\u0131yor, solun Karadeniz\u2019deki haf\u0131zas\u0131 ve deneyimleri \u015eansal Dikmen\u2019in \u015fahs\u0131nda g\u00fcn y\u00fcz\u00fcne \u00e7\u0131kar\u0131l\u0131yor. <\/p>\n","protected":false},"excerpt":{"rendered":"<p>T\u00fcrkiye\u2019de sol-sosyalist ideolojinin ye\u015ferip serpilmesinde 1961\u2019de kurulan T\u0130P\u2019in yabana at\u0131lmayacak bir \u00f6nemi vard\u0131r. 1968\u2019in devrimci hareketlerine s\u00f6ylemsel olarak kanallar a\u00e7an T\u0130P\u2019in siyaset mesaisi hayli m\u00fc\u015fk\u00fcl olmu\u015ftur:<span class=\"excerpt-hellip\"> [\u2026]<\/span><\/p>\n","protected":false},"featured_media":0,"template":"","meta":{"_monsterinsights_skip_tracking":false,"_monsterinsights_sitenote_active":false,"_monsterinsights_sitenote_note":"","_monsterinsights_sitenote_category":0},"product_brand":[],"product_cat":[12304,14128],"product_tag":[],"class_list":{"0":"post-699860","1":"product","2":"type-product","3":"status-publish","5":"product_cat-tarih","6":"product_cat-yakin-tarih","7":"pa_cilt-ciltsiz","8":"pa_tur-kitap","9":"pa_yayinevi-ayrinti-yayinlari","10":"pa_yazar-dervis-aydin-akkoc","12":"first","13":"instock","14":"sale","15":"shipping-taxable","16":"purchasable","17":"product-type-simple"},"_links":{"self":[{"href":"https:\/\/roveyayinevi.com.tr\/index.php\/wp-json\/wp\/v2\/product\/699860","targetHints":{"allow":["GET"]}}],"collection":[{"href":"https:\/\/roveyayinevi.com.tr\/index.php\/wp-json\/wp\/v2\/product"}],"about":[{"href":"https:\/\/roveyayinevi.com.tr\/index.php\/wp-json\/wp\/v2\/types\/product"}],"wp:attachment":[{"href":"https:\/\/roveyayinevi.com.tr\/index.php\/wp-json\/wp\/v2\/media?parent=699860"}],"wp:term":[{"taxonomy":"product_brand","embeddable":true,"href":"https:\/\/roveyayinevi.com.tr\/index.php\/wp-json\/wp\/v2\/product_brand?post=699860"},{"taxonomy":"product_cat","embeddable":true,"href":"https:\/\/roveyayinevi.com.tr\/index.php\/wp-json\/wp\/v2\/product_cat?post=699860"},{"taxonomy":"product_tag","embeddable":true,"href":"https:\/\/roveyayinevi.com.tr\/index.php\/wp-json\/wp\/v2\/product_tag?post=699860"}],"curies":[{"name":"wp","href":"https:\/\/api.w.org\/{rel}","templated":true}]}}