{"id":699650,"date":"2025-08-27T14:52:27","date_gmt":"2025-08-27T11:52:27","guid":{"rendered":"https:\/\/roveyayinevi.com.tr\/index.php\/urun\/dunya-tarihi-1-cilt-ilkcag\/"},"modified":"2026-04-16T02:08:52","modified_gmt":"2026-04-15T23:08:52","slug":"dunya-tarihi-1-cilt-ilkcag","status":"publish","type":"product","link":"https:\/\/roveyayinevi.com.tr\/index.php\/urun\/dunya-tarihi-1-cilt-ilkcag\/","title":{"rendered":"D\u00fcnya Tarihi 1. Cilt &#8211; \u0130lk\u00e7a\u011f"},"content":{"rendered":"<p>D\u00fcnya Tarihi adl\u0131 d\u00f6rt ciltlik eserin bu birinci cildinde, \u00c7atalh\u00f6y\u00fck ve Eriha gibi ilk insan yerle\u015fimlerinin kurulu\u015fundan Roma \u0130mparatorlu\u011fu\u2019nun \u00e7\u00f6k\u00fc\u015f\u00fcne dek olan zaman dilimi ele al\u0131n\u0131yor. Mezopotamya, M\u0131s\u0131r, Hint, \u00c7in, Pers ve Yunan uygarl\u0131klar\u0131n\u0131n \u00f6yk\u00fcs\u00fc efsane ve masallarla renklendirilerek anlat\u0131l\u0131yor. Kral Narmer\u2019in M\u0131s\u0131r\u2019\u0131 birle\u015ftirmesinden \u0130mparator Neron\u2019un Roma\u2019y\u0131 yakmas\u0131na dek, ilk\u00e7a\u011fa damgas\u0131n\u0131 vuran olaylar ak\u0131c\u0131 bir dille aktar\u0131l\u0131yor. <\/p>\n","protected":false},"excerpt":{"rendered":"<p>D\u00fcnya Tarihi adl\u0131 d\u00f6rt ciltlik eserin bu birinci cildinde, \u00c7atalh\u00f6y\u00fck ve Eriha gibi ilk insan yerle\u015fimlerinin kurulu\u015fundan Roma \u0130mparatorlu\u011fu\u2019nun \u00e7\u00f6k\u00fc\u015f\u00fcne dek olan zaman dilimi ele al\u0131n\u0131yor.<span class=\"excerpt-hellip\"> [\u2026]<\/span><\/p>\n","protected":false},"featured_media":0,"template":"","meta":{"_monsterinsights_skip_tracking":false,"_monsterinsights_sitenote_active":false,"_monsterinsights_sitenote_note":"","_monsterinsights_sitenote_category":0},"product_brand":[],"product_cat":[12305,12304],"product_tag":[],"class_list":{"0":"post-699650","1":"product","2":"type-product","3":"status-publish","5":"product_cat-dunya-tarihi","6":"product_cat-tarih","7":"pa_cilt-ciltsiz","8":"pa_tur-kitap","9":"pa_yayinevi-say-yayinlari","10":"pa_yazar-susan-wise-bauer","12":"first","13":"instock","14":"sale","15":"shipping-taxable","16":"purchasable","17":"product-type-simple"},"_links":{"self":[{"href":"https:\/\/roveyayinevi.com.tr\/index.php\/wp-json\/wp\/v2\/product\/699650","targetHints":{"allow":["GET"]}}],"collection":[{"href":"https:\/\/roveyayinevi.com.tr\/index.php\/wp-json\/wp\/v2\/product"}],"about":[{"href":"https:\/\/roveyayinevi.com.tr\/index.php\/wp-json\/wp\/v2\/types\/product"}],"wp:attachment":[{"href":"https:\/\/roveyayinevi.com.tr\/index.php\/wp-json\/wp\/v2\/media?parent=699650"}],"wp:term":[{"taxonomy":"product_brand","embeddable":true,"href":"https:\/\/roveyayinevi.com.tr\/index.php\/wp-json\/wp\/v2\/product_brand?post=699650"},{"taxonomy":"product_cat","embeddable":true,"href":"https:\/\/roveyayinevi.com.tr\/index.php\/wp-json\/wp\/v2\/product_cat?post=699650"},{"taxonomy":"product_tag","embeddable":true,"href":"https:\/\/roveyayinevi.com.tr\/index.php\/wp-json\/wp\/v2\/product_tag?post=699650"}],"curies":[{"name":"wp","href":"https:\/\/api.w.org\/{rel}","templated":true}]}}