{"id":699646,"date":"2025-08-27T14:52:26","date_gmt":"2025-08-27T11:52:26","guid":{"rendered":"https:\/\/roveyayinevi.com.tr\/index.php\/urun\/sanat-ve-estetik\/"},"modified":"2026-04-16T02:08:52","modified_gmt":"2026-04-15T23:08:52","slug":"sanat-ve-estetik","status":"publish","type":"product","link":"https:\/\/roveyayinevi.com.tr\/index.php\/urun\/sanat-ve-estetik\/","title":{"rendered":"Sanat ve Estetik"},"content":{"rendered":"<p>Sanat\u0131n yaln\u0131zca bir politika ya da ideolojinin k\u0131l\u0131k de\u011fi\u015ftirmi\u015f bi\u00e7imi oldu\u011funu veya basit bir bi\u00e7imde insanlar\u0131 e\u011flendirmekten, onlara ho\u015f\u00e7a zaman ge\u00e7irtmekten \u00f6te bir anlam\u0131 olmad\u0131\u011f\u0131n\u0131 ileri s\u00fcren yorumlar g\u00fcncelliklerini korumaktad\u0131r. Ancak sanat d\u00fcnyas\u0131nda, \u00f6zellikle son yirmi y\u0131lda \u201cestetik-sanat\u201d ili\u015fkisiyle ilgili yap\u0131lan tart\u0131\u015fmalar da olduk\u00e7a yayg\u0131n hale gelmi\u015ftir. Estetik ve sanat aras\u0131nda varl\u0131\u011f\u0131na inan\u0131lan kar\u015f\u0131l\u0131kl\u0131 \u00e7ekimin g\u00fcc\u00fcne dair \u00e7ok \u00e7e\u015fitli g\u00f6r\u00fc\u015fler ortaya at\u0131lmaktad\u0131r.Bu kitap, sanat yap\u0131t\u0131yla kar\u015f\u0131la\u015fman\u0131n estetik do\u011fas\u0131 \u00fczerine yap\u0131lan bir ke\u015fif ser\u00fcvenine cesurca yelken a\u00e7\u0131yor. Akademisyen ve yazar Peter de Bolla, \u00fc\u00e7 farkl\u0131 alanda \u00fcretilmi\u015f \u00fc\u00e7 farkl\u0131 sanat yap\u0131t\u0131ndan (Barnett Newman\u2019dan \u00e7a\u011fda\u015f resim, Glenn Gould\u2019dan klasik m\u00fczik ve William Wordsworth\u2019ten lirik \u015fiir \u00f6rneklerinden) ve onlarla ya\u015fad\u0131\u011f\u0131 deneyimlerden yola \u00e7\u0131k\u0131yor. Bu deneyimlerin, bir sanat yap\u0131t\u0131yla kar\u015f\u0131 kar\u015f\u0131ya kal\u0131nd\u0131\u011f\u0131 zaman ortaya \u00e7\u0131kan duygulan\u0131mlar\u0131n, verilen tepkilerin ortak y\u00f6nlerini nesnel temellere dayand\u0131rarak s\u00f6zc\u00fcklere d\u00f6k\u00fcyor ve imk\u00e2ns\u0131z gibi g\u00f6r\u00fcnen bir \u015feyi ba\u015far\u0131yor. B\u00f6ylece bizleri sanat\u0131n harikal\u0131\u011f\u0131, onu deneyimlemenin, duyumsaman\u0131n mucizevi dinamikleri \u00fczerine derinli\u011fine d\u00fc\u015f\u00fcnmeye sevk ediyor. B\u00f6ylece sanat\u0131n kendi d\u00fcnyam\u0131zdaki yerini yeniden sorgulamaya ba\u015fl\u0131yoruz.Sanat ve Estetik, estetik deneyimin biricikli\u011fi \u00fczerine yap\u0131lm\u0131\u015f ola\u011fan\u00fcst\u00fc bir tart\u0131\u015fma; etkileyici betimlemelerle dolu, rafine, duygusall\u0131ktan uzak ve \u00f6zg\u00fcn bir \u00e7al\u0131\u015fma. Sessizli\u011fin sesini duyabilmek, sanat ve esteti\u011fin tutkulu ili\u015fkisini anlayabilmek istiyorsan\u0131z sanat\u0131n harika evrenine yapaca\u011f\u0131n\u0131z bu yolculukta yan\u0131n\u0131zda bulunmas\u0131 gereken bir kitap. \u0130yi Yolculuklar&#8230;Peter de Bolla estetik deneyimin e\u015fsizli\u011fini s\u0131rad\u0131\u015f\u0131 bir tarzda tart\u0131\u015f\u0131yor (&#8230;) Sanat ve Estetik adl\u0131 kitap, ince elenmi\u015f, ikna edici, a\u015f\u0131r\u0131 duygusall\u0131k ve yapmac\u0131kl\u0131ktan uzak bir metin \u2013 ger\u00e7ek\u00e7i, do\u011frudan ve orijinal.&#8221; Edward Said<\/p>\n","protected":false},"excerpt":{"rendered":"<p>Sanat\u0131n yaln\u0131zca bir politika ya da ideolojinin k\u0131l\u0131k de\u011fi\u015ftirmi\u015f bi\u00e7imi oldu\u011funu veya basit bir bi\u00e7imde insanlar\u0131 e\u011flendirmekten, onlara ho\u015f\u00e7a zaman ge\u00e7irtmekten \u00f6te bir anlam\u0131 olmad\u0131\u011f\u0131n\u0131 ileri<span class=\"excerpt-hellip\"> [\u2026]<\/span><\/p>\n","protected":false},"featured_media":0,"template":"","meta":{"_monsterinsights_skip_tracking":false,"_monsterinsights_sitenote_active":false,"_monsterinsights_sitenote_note":"","_monsterinsights_sitenote_category":0},"product_brand":[],"product_cat":[12408,14197],"product_tag":[],"class_list":{"0":"post-699646","1":"product","2":"type-product","3":"status-publish","5":"product_cat-sanat","6":"product_cat-sanat-tarihi","7":"pa_cilt-ciltsiz","8":"pa_tur-kitap","9":"pa_yayinevi-ayrinti-yayinlari","10":"pa_yazar-peter-de-bolla","12":"first","13":"instock","14":"sale","15":"shipping-taxable","16":"purchasable","17":"product-type-simple"},"_links":{"self":[{"href":"https:\/\/roveyayinevi.com.tr\/index.php\/wp-json\/wp\/v2\/product\/699646","targetHints":{"allow":["GET"]}}],"collection":[{"href":"https:\/\/roveyayinevi.com.tr\/index.php\/wp-json\/wp\/v2\/product"}],"about":[{"href":"https:\/\/roveyayinevi.com.tr\/index.php\/wp-json\/wp\/v2\/types\/product"}],"wp:attachment":[{"href":"https:\/\/roveyayinevi.com.tr\/index.php\/wp-json\/wp\/v2\/media?parent=699646"}],"wp:term":[{"taxonomy":"product_brand","embeddable":true,"href":"https:\/\/roveyayinevi.com.tr\/index.php\/wp-json\/wp\/v2\/product_brand?post=699646"},{"taxonomy":"product_cat","embeddable":true,"href":"https:\/\/roveyayinevi.com.tr\/index.php\/wp-json\/wp\/v2\/product_cat?post=699646"},{"taxonomy":"product_tag","embeddable":true,"href":"https:\/\/roveyayinevi.com.tr\/index.php\/wp-json\/wp\/v2\/product_tag?post=699646"}],"curies":[{"name":"wp","href":"https:\/\/api.w.org\/{rel}","templated":true}]}}