{"id":699555,"date":"2025-08-27T14:51:44","date_gmt":"2025-08-27T11:51:44","guid":{"rendered":"https:\/\/roveyayinevi.com.tr\/index.php\/urun\/ben-milletvekili-iken\/"},"modified":"2026-04-07T02:14:46","modified_gmt":"2026-04-06T23:14:46","slug":"ben-milletvekili-iken","status":"publish","type":"product","link":"https:\/\/roveyayinevi.com.tr\/index.php\/urun\/ben-milletvekili-iken\/","title":{"rendered":"Ben Milletvekili \u0130ken"},"content":{"rendered":"<p>Bir yazarla bu kadar u\u011fra\u015f\u0131rsan\u0131z, o yazar Meclis kadar b\u00fcy\u00fcr&#8230;  Ben Milletvekili \u0130ken, \u00c7etin Altan\u2019\u0131n kaleminden, T\u00fcrkiye\u2019de y\u00fckselen demokratik hareketlerin 1965 se\u00e7imlerinde T\u00fcrkiye \u0130\u015f\u00e7i Partisi ile B\u00fcy\u00fck Millet Meclisi\u2019nde temsil hakk\u0131n\u0131 bulmas\u0131yla ba\u015flayan  hareketli ve hararetli  bir d\u00f6nemin  anbean  belgesel tan\u0131kl\u0131\u011f\u0131.  Rejim  ve  Ba\u011f\u0131ms\u0131zl\u0131k  tart\u0131\u015fmalar\u0131 ve milletvekili anekdotlar\u0131ndan Aitan\u2019\u0131n dokunulmazl\u0131\u011f\u0131n\u0131n kald\u0131r\u0131lmas\u0131 i\u00e7in yap\u0131lan oturumdaki konu\u015fmas\u0131na, Ben Milletvekili \u0130ken, 35 y\u0131l \u00f6ncesinin T\u00fcrkiye\u2019sinden bug\u00fcne nelerin de\u011fi\u015fip nelerin asla de\u011fi\u015fmedi\u011fine bakmam\u0131z \u0130\u00e7in yay\u0131mlan\u0131yor&#8230; <\/p>\n","protected":false},"excerpt":{"rendered":"<p>Bir yazarla bu kadar u\u011fra\u015f\u0131rsan\u0131z, o yazar Meclis kadar b\u00fcy\u00fcr&#8230; Ben Milletvekili \u0130ken, \u00c7etin Altan\u2019\u0131n kaleminden, T\u00fcrkiye\u2019de y\u00fckselen demokratik hareketlerin 1965 se\u00e7imlerinde T\u00fcrkiye \u0130\u015f\u00e7i Partisi ile<span class=\"excerpt-hellip\"> [\u2026]<\/span><\/p>\n","protected":false},"featured_media":0,"template":"","meta":{"_monsterinsights_skip_tracking":false,"_monsterinsights_sitenote_active":false,"_monsterinsights_sitenote_note":"","_monsterinsights_sitenote_category":0},"product_brand":[],"product_cat":[12312,12304],"product_tag":[],"class_list":{"0":"post-699555","1":"product","2":"type-product","3":"status-publish","5":"product_cat-diger","6":"product_cat-tarih","7":"pa_cilt-ciltsiz","8":"pa_tur-kitap","9":"pa_yayinevi-inkilap-kitabevi","10":"pa_yazar-cetin-altan","12":"first","13":"instock","14":"sale","15":"shipping-taxable","16":"purchasable","17":"product-type-simple"},"_links":{"self":[{"href":"https:\/\/roveyayinevi.com.tr\/index.php\/wp-json\/wp\/v2\/product\/699555","targetHints":{"allow":["GET"]}}],"collection":[{"href":"https:\/\/roveyayinevi.com.tr\/index.php\/wp-json\/wp\/v2\/product"}],"about":[{"href":"https:\/\/roveyayinevi.com.tr\/index.php\/wp-json\/wp\/v2\/types\/product"}],"wp:attachment":[{"href":"https:\/\/roveyayinevi.com.tr\/index.php\/wp-json\/wp\/v2\/media?parent=699555"}],"wp:term":[{"taxonomy":"product_brand","embeddable":true,"href":"https:\/\/roveyayinevi.com.tr\/index.php\/wp-json\/wp\/v2\/product_brand?post=699555"},{"taxonomy":"product_cat","embeddable":true,"href":"https:\/\/roveyayinevi.com.tr\/index.php\/wp-json\/wp\/v2\/product_cat?post=699555"},{"taxonomy":"product_tag","embeddable":true,"href":"https:\/\/roveyayinevi.com.tr\/index.php\/wp-json\/wp\/v2\/product_tag?post=699555"}],"curies":[{"name":"wp","href":"https:\/\/api.w.org\/{rel}","templated":true}]}}