{"id":699540,"date":"2025-08-27T14:51:40","date_gmt":"2025-08-27T11:51:40","guid":{"rendered":"https:\/\/roveyayinevi.com.tr\/index.php\/urun\/sinif-arkadasim-ataturk-okul-ve-genc-subaylik-anilari\/"},"modified":"2026-04-16T02:08:50","modified_gmt":"2026-04-15T23:08:50","slug":"sinif-arkadasim-ataturk-okul-ve-genc-subaylik-anilari","status":"publish","type":"product","link":"https:\/\/roveyayinevi.com.tr\/index.php\/urun\/sinif-arkadasim-ataturk-okul-ve-genc-subaylik-anilari\/","title":{"rendered":"S\u0131n\u0131f Arkada\u015f\u0131m Atat\u00fcrk Okul ve Gen\u00e7 Subayl\u0131k An\u0131lar\u0131"},"content":{"rendered":"<p>Mustafa Kemal\u2019i altm\u0131\u015f y\u0131l \u00f6nce bir cuma ak\u015fam\u0131 tan\u0131m\u0131\u015ft\u0131m. Harp Okulu\u2019nda ve Harp Akademesi\u2019nde s\u0131n\u0131f arkada\u015f\u0131md\u0131. 1905 y\u0131l\u0131 ba\u015flar\u0131nda birer Kurmay Y\u00fczba\u015f\u0131 olarak \u015fanl\u0131 T\u00fcrk Ordu\u2019suna kat\u0131ld\u0131k. \u00d6nce Suriye\u2019de Be\u015finci, sonra da Makedonya\u2019da \u00dc\u00e7\u00fcnc\u00fc Ordu\u2019larda kurmay stajlar\u0131m\u0131z\u0131 birlikte yapt\u0131k. \u0130ttihat ve Terakki Cemiyeti\u2019nde ayn\u0131 safta bulunduk. M\u00fccadelelerimiz ortakt\u0131. H\u00fcrriyet hareketlerinde de birlikte \u00e7al\u0131\u015ft\u0131k. Bu kitap, okul ve gen\u00e7 subayl\u0131k hayat\u0131m\u0131z\u0131n an\u0131lar\u0131n\u0131 i\u00e7ine almaktad\u0131r. -Ali Fuat Cebesoy-<\/p>\n","protected":false},"excerpt":{"rendered":"<p>Mustafa Kemal\u2019i altm\u0131\u015f y\u0131l \u00f6nce bir cuma ak\u015fam\u0131 tan\u0131m\u0131\u015ft\u0131m. Harp Okulu\u2019nda ve Harp Akademesi\u2019nde s\u0131n\u0131f arkada\u015f\u0131md\u0131. 1905 y\u0131l\u0131 ba\u015flar\u0131nda birer Kurmay Y\u00fczba\u015f\u0131 olarak \u015fanl\u0131 T\u00fcrk Ordu\u2019suna<span class=\"excerpt-hellip\"> [\u2026]<\/span><\/p>\n","protected":false},"featured_media":0,"template":"","meta":{"_monsterinsights_skip_tracking":false,"_monsterinsights_sitenote_active":false,"_monsterinsights_sitenote_note":"","_monsterinsights_sitenote_category":0},"product_brand":[],"product_cat":[12530,12304],"product_tag":[],"class_list":{"0":"post-699540","1":"product","2":"type-product","3":"status-publish","5":"product_cat-mustafa-kemal-ataturk","6":"product_cat-tarih","7":"pa_cilt-ciltsiz","8":"pa_tur-kitap","9":"pa_yayinevi-inkilap-kitabevi","10":"pa_yazar-ali-fuat-cebesoy","12":"first","13":"instock","14":"sale","15":"shipping-taxable","16":"purchasable","17":"product-type-simple"},"_links":{"self":[{"href":"https:\/\/roveyayinevi.com.tr\/index.php\/wp-json\/wp\/v2\/product\/699540","targetHints":{"allow":["GET"]}}],"collection":[{"href":"https:\/\/roveyayinevi.com.tr\/index.php\/wp-json\/wp\/v2\/product"}],"about":[{"href":"https:\/\/roveyayinevi.com.tr\/index.php\/wp-json\/wp\/v2\/types\/product"}],"wp:attachment":[{"href":"https:\/\/roveyayinevi.com.tr\/index.php\/wp-json\/wp\/v2\/media?parent=699540"}],"wp:term":[{"taxonomy":"product_brand","embeddable":true,"href":"https:\/\/roveyayinevi.com.tr\/index.php\/wp-json\/wp\/v2\/product_brand?post=699540"},{"taxonomy":"product_cat","embeddable":true,"href":"https:\/\/roveyayinevi.com.tr\/index.php\/wp-json\/wp\/v2\/product_cat?post=699540"},{"taxonomy":"product_tag","embeddable":true,"href":"https:\/\/roveyayinevi.com.tr\/index.php\/wp-json\/wp\/v2\/product_tag?post=699540"}],"curies":[{"name":"wp","href":"https:\/\/api.w.org\/{rel}","templated":true}]}}