{"id":699474,"date":"2025-08-27T14:51:20","date_gmt":"2025-08-27T11:51:20","guid":{"rendered":"https:\/\/roveyayinevi.com.tr\/index.php\/urun\/irk-kavramini-kim-icat-etti\/"},"modified":"2026-04-16T02:08:48","modified_gmt":"2026-04-15T23:08:48","slug":"irk-kavramini-kim-icat-etti","status":"publish","type":"product","link":"https:\/\/roveyayinevi.com.tr\/index.php\/urun\/irk-kavramini-kim-icat-etti\/","title":{"rendered":"Irk Kavram\u0131n\u0131 Kim \u0130cat Etti?"},"content":{"rendered":"<p>Pop\u00fcler bilin\u00e7te \u0131rk\u00e7\u0131l\u0131k genellikle \u0131rk\u00e7\u0131 eylemleri hat\u0131rlat\u0131r ve d\u00fc\u015f\u00fcnceyle, felsefeyle ili\u015fkilendirilemez. Her ne kadar \u2018\u2018\u0131rk\u2019\u2019\u0131n bir kavram olarak kullan\u0131lmaya ba\u015flamas\u0131ndan \u00f6nce de bu t\u00fcr tarihsel pratikler vard\u0131ysa da, insanlar aras\u0131ndaki farkl\u0131l\u0131klar\u0131n deneyimlenmesinden \u0131rk\u00e7\u0131 bir zihniyetin do\u011fu\u015fu, Bat\u0131l\u0131 d\u00fc\u015f\u00fcn\u00fcrlerce bu kavrama bilimsel bir stat\u00fc verilmesiyle m\u00fcmk\u00fcn olmu\u015ftur. Dolay\u0131s\u0131yla \u0131rk\u00e7\u0131 edimler, y\u00fczy\u0131llara uzanan bir d\u00fc\u015f\u00fcnce tarihi \u00fczerinden felsefenin \u00f6nde gelen isimlerinin \u2018\u2018insanl\u0131k\u2019\u2019 ve \u2018\u2018\u0131rk\u2019\u2019 tan\u0131mlamalar\u0131na ba\u011flan\u0131r: Locke, Kant, Hegel ve Herder.. Robert Bernasconi\u2019nin bu d\u00fc\u015f\u00fcn\u00fcrlerde \u0131rk fikrinin izlerini takip ederek \u0131rk\u00e7\u0131l\u0131\u011f\u0131 k\u00f6lecilik ve s\u00f6m\u00fcrgecilik pratikleriyle ili\u015fkilendirirken \u2018\u2018Bat\u0131 Uygarl\u0131\u011f\u0131\u2019\u2019n\u0131n temel \u00e7eli\u015fkilerini sergiledi\u011fini, felsefenin masumiyetini sorgulayarak teoriyle u\u011fra\u015fan ellerin her zaman san\u0131ld\u0131\u011f\u0131 kadar temiz olmad\u0131\u011f\u0131n\u0131 g\u00f6sterdi\u011fini d\u00fc\u015f\u00fcn\u00fcyoruz&#8230; \ufffcTan\u0131t\u0131m Metni<\/p>\n","protected":false},"excerpt":{"rendered":"<p>Pop\u00fcler bilin\u00e7te \u0131rk\u00e7\u0131l\u0131k genellikle \u0131rk\u00e7\u0131 eylemleri hat\u0131rlat\u0131r ve d\u00fc\u015f\u00fcnceyle, felsefeyle ili\u015fkilendirilemez. Her ne kadar \u2018\u2018\u0131rk\u2019\u2019\u0131n bir kavram olarak kullan\u0131lmaya ba\u015flamas\u0131ndan \u00f6nce de bu t\u00fcr tarihsel pratikler<span class=\"excerpt-hellip\"> [\u2026]<\/span><\/p>\n","protected":false},"featured_media":0,"template":"","meta":{"_monsterinsights_skip_tracking":false,"_monsterinsights_sitenote_active":false,"_monsterinsights_sitenote_note":"","_monsterinsights_sitenote_category":0},"product_brand":[],"product_cat":[13656,12337],"product_tag":[],"class_list":{"0":"post-699474","1":"product","2":"type-product","3":"status-publish","5":"product_cat-azinliklar-etnik-sorunlar","6":"product_cat-politika-siyaset","7":"pa_cilt-ciltsiz","8":"pa_tur-kitap","9":"pa_yayinevi-metis-yayinlari","10":"pa_yazar-robert-bernasconi","12":"first","13":"instock","14":"sale","15":"shipping-taxable","16":"purchasable","17":"product-type-simple"},"_links":{"self":[{"href":"https:\/\/roveyayinevi.com.tr\/index.php\/wp-json\/wp\/v2\/product\/699474","targetHints":{"allow":["GET"]}}],"collection":[{"href":"https:\/\/roveyayinevi.com.tr\/index.php\/wp-json\/wp\/v2\/product"}],"about":[{"href":"https:\/\/roveyayinevi.com.tr\/index.php\/wp-json\/wp\/v2\/types\/product"}],"wp:attachment":[{"href":"https:\/\/roveyayinevi.com.tr\/index.php\/wp-json\/wp\/v2\/media?parent=699474"}],"wp:term":[{"taxonomy":"product_brand","embeddable":true,"href":"https:\/\/roveyayinevi.com.tr\/index.php\/wp-json\/wp\/v2\/product_brand?post=699474"},{"taxonomy":"product_cat","embeddable":true,"href":"https:\/\/roveyayinevi.com.tr\/index.php\/wp-json\/wp\/v2\/product_cat?post=699474"},{"taxonomy":"product_tag","embeddable":true,"href":"https:\/\/roveyayinevi.com.tr\/index.php\/wp-json\/wp\/v2\/product_tag?post=699474"}],"curies":[{"name":"wp","href":"https:\/\/api.w.org\/{rel}","templated":true}]}}