{"id":699438,"date":"2025-08-27T14:51:09","date_gmt":"2025-08-27T11:51:09","guid":{"rendered":"https:\/\/roveyayinevi.com.tr\/index.php\/urun\/bakirkoy-akil-hastanesinin-gizli-tarihi\/"},"modified":"2026-04-16T02:08:47","modified_gmt":"2026-04-15T23:08:47","slug":"bakirkoy-akil-hastanesinin-gizli-tarihi","status":"publish","type":"product","link":"https:\/\/roveyayinevi.com.tr\/index.php\/urun\/bakirkoy-akil-hastanesinin-gizli-tarihi\/","title":{"rendered":"Bak\u0131rk\u00f6y Ak\u0131l Hastanesi\u2019nin Gizli Tarihi"},"content":{"rendered":"<p>\u201cBak\u0131rk\u00f6y Ak\u0131l Hastanesi\u2019nin Gizli Tarihi\u201d, yazarlar\u0131 ve anlatt\u0131klar\u0131yla ba\u015fka hi\u00e7bir kitaba benzemiyor! Kimilerimizin \u00f6n\u00fcnden ge\u00e7ti\u011fi, kimilerimizin \u015fakalar\u0131na konu yapt\u0131\u011f\u0131, ama pek az\u0131m\u0131z\u0131n \u201ci\u00e7erde\u201d neler olup bitti\u011finden haberdar oldu\u011fu \u201cBak\u0131rk\u00f6y\u201d hakk\u0131nda birinci elden bilgiler, an\u0131lar, anekdotlar bu kitapta toplan\u0131yor! Kimler yok ki bu \u00e7\u0131lg\u0131n projede\u2026 Doktorlar, hem\u015fireler, avukatlar, bir bah\u00e7\u0131van ve bir de foto\u011fraf\u00e7\u0131. Her biri, Bak\u0131rk\u00f6y imgesinin kendi d\u00fcnyas\u0131ndaki yans\u0131mas\u0131n\u0131 anlat\u0131yor. Yaz\u0131lar\u0131n kimi ciddi, kimi e\u011flenceli, kimi ise hi\u00e7bir tarife s\u0131\u011fm\u0131yor! \u201cHasta, \u2018\u0130ster ver ister verme\u2019 dedi, \u2018Ben on iki seneden beri i\u00e7erideyim. Alt\u0131 cinayetim var, sen yedincisi olursun. Benim i\u00e7in cezaevi daha rahat olur\u2019\u201d. \u201c\u2026 San\u0131r\u0131m o da rahmetli oldu. En son, aya\u011f\u0131 tromboflebit olmu\u015f, fil gibi \u015fi\u015fmi\u015fti. \u2018Hastanede \u00f6lmek yerine, Ali Sami Yen Stad\u0131\u2019nda \u00f6l\u00fcr\u00fcm!\u2019 diyordu.\u201d \u201cBir hasta yatm\u0131\u015ft\u0131. Dosyas\u0131nda, \u00e7\u0131plak bir \u015fekilde E-5\u2019i trafi\u011fe kapatt\u0131\u011f\u0131 i\u00e7in polis taraf\u0131ndan getirildi\u011fi notu vard\u0131. Bunu neden yapt\u0131\u011f\u0131n\u0131 sordu\u011fumda, \u2018ceketkaplumba\u011faseykobe\u015fezdiler\u2019 dedi manisinin verdi\u011fi h\u0131zla, tek kelimeymi\u015f gibi. Sonradan anlad\u0131m ki, bir kaplumba\u011fan\u0131n ezildi\u011fini g\u00f6r\u00fcnce sinirlenmi\u015f, yolun ortas\u0131na dikilmi\u015f; insanlar sa\u011f\u0131ndan solundan ge\u00e7meyi s\u00fcrd\u00fcr\u00fcnce, soyunup giysilerini ve saatini (Seiko 5) koyarak yolu kesmeye \u00e7al\u0131\u015fm\u0131\u015f ama onlar\u0131 da ezerek ge\u00e7mi\u015fler.\u201d \u201cBir iki ay bile ge\u00e7meden kar\u015f\u0131la\u015ft\u0131\u011f\u0131m realite, hayal edebildi\u011fim her \u015feyden daha ac\u0131kl\u0131yd\u0131; ger\u00e7ek \u015fu ki, Foucault buray\u0131 g\u00f6rseydi hapishaneden de\u011fil, Nazi toplama kamplar\u0131ndan s\u00f6z ederdi\u2026\u201d \u201c\u2019Ya sen beni b\u0131rakt\u0131n gittin, tepemde bu adamlar hi\u00e7 rahat vermediler bana\u2019 dedi. \u2018Dede hangi adamlar, kimse yok\u2019, dedim. \u2018Yok k\u0131z\u0131m, durmadan kalk kalk diyorlar.\u2019 Anlad\u0131m ki, oturdu\u011fu \u00e7am\u0131n tepesinde kargalar \u2018gak,  gak, gak\u2019 \u00f6t\u00fcyorlard\u0131. O sesleri \u2018kalk\u2019 anlam\u0131\u015ft\u0131. \u00c7ok g\u00fcld\u00fcm. Ben onu onlar\u0131n karga oldu\u011funa inand\u0131ramazd\u0131m,  o da beni adam olduklar\u0131na inand\u0131ramazd\u0131. O da rahmetli oldu\u2026\u201d <\/p>\n","protected":false},"excerpt":{"rendered":"<p>\u201cBak\u0131rk\u00f6y Ak\u0131l Hastanesi\u2019nin Gizli Tarihi\u201d, yazarlar\u0131 ve anlatt\u0131klar\u0131yla ba\u015fka hi\u00e7bir kitaba benzemiyor! Kimilerimizin \u00f6n\u00fcnden ge\u00e7ti\u011fi, kimilerimizin \u015fakalar\u0131na konu yapt\u0131\u011f\u0131, ama pek az\u0131m\u0131z\u0131n \u201ci\u00e7erde\u201d neler olup bitti\u011finden<span class=\"excerpt-hellip\"> [\u2026]<\/span><\/p>\n","protected":false},"featured_media":0,"template":"","meta":{"_monsterinsights_skip_tracking":false,"_monsterinsights_sitenote_active":false,"_monsterinsights_sitenote_note":"","_monsterinsights_sitenote_category":0},"product_brand":[],"product_cat":[12312,12304],"product_tag":[],"class_list":{"0":"post-699438","1":"product","2":"type-product","3":"status-publish","5":"product_cat-diger","6":"product_cat-tarih","7":"pa_cilt-ciltsiz","8":"pa_tur-kitap","9":"pa_yayinevi-okuyan-us-yayin","10":"pa_yazar-kolektif","12":"first","13":"instock","14":"sale","15":"shipping-taxable","16":"purchasable","17":"product-type-simple"},"_links":{"self":[{"href":"https:\/\/roveyayinevi.com.tr\/index.php\/wp-json\/wp\/v2\/product\/699438","targetHints":{"allow":["GET"]}}],"collection":[{"href":"https:\/\/roveyayinevi.com.tr\/index.php\/wp-json\/wp\/v2\/product"}],"about":[{"href":"https:\/\/roveyayinevi.com.tr\/index.php\/wp-json\/wp\/v2\/types\/product"}],"wp:attachment":[{"href":"https:\/\/roveyayinevi.com.tr\/index.php\/wp-json\/wp\/v2\/media?parent=699438"}],"wp:term":[{"taxonomy":"product_brand","embeddable":true,"href":"https:\/\/roveyayinevi.com.tr\/index.php\/wp-json\/wp\/v2\/product_brand?post=699438"},{"taxonomy":"product_cat","embeddable":true,"href":"https:\/\/roveyayinevi.com.tr\/index.php\/wp-json\/wp\/v2\/product_cat?post=699438"},{"taxonomy":"product_tag","embeddable":true,"href":"https:\/\/roveyayinevi.com.tr\/index.php\/wp-json\/wp\/v2\/product_tag?post=699438"}],"curies":[{"name":"wp","href":"https:\/\/api.w.org\/{rel}","templated":true}]}}