{"id":699140,"date":"2025-08-27T14:49:22","date_gmt":"2025-08-27T11:49:22","guid":{"rendered":"https:\/\/roveyayinevi.com.tr\/index.php\/urun\/duygularin-kulturel-politikasi\/"},"modified":"2026-04-16T02:08:26","modified_gmt":"2026-04-15T23:08:26","slug":"duygularin-kulturel-politikasi","status":"publish","type":"product","link":"https:\/\/roveyayinevi.com.tr\/index.php\/urun\/duygularin-kulturel-politikasi\/","title":{"rendered":"Duygular\u0131n K\u00fclt\u00fcrel Politikas\u0131"},"content":{"rendered":"<p>Sara Ahmed duygu, beden ve dil \u00fczerine ele\u015ftirel d\u00fc\u015f\u00fcnceye yapt\u0131\u011f\u0131 bu b\u00fcy\u00fck katk\u0131da, duygular\u0131 rasyonel d\u00fc\u015f\u00fcncenin g\u00f6lgesinden kurtar\u0131p hak etti\u011fi konuma geri yerle\u015ftiriyor. Duygular\u0131n, bedenleri ve k\u00fclt\u00fcrleri \u015fekillendirmedeki rol\u00fcn\u00fc incelerken, retori\u011fe dair yenilik\u00e7i analizleriyle bunlar\u0131n dile getirilme tarz\u0131n\u0131n \u00f6nemini de g\u00f6zler \u00f6n\u00fcne seriyor.Duygular\u0131n K\u00fclt\u00fcrel Politikas\u0131&#8217;nda \u0131rk, toplumsal cinsiyet ve cinsellik aras\u0131ndaki kesi\u015fmelerden yola \u00e7\u0131k\u0131larak &#8220;\u00f6tekilerin&#8221; nas\u0131l duygular\u0131n nesnesi haline geldi\u011fi, iyi ya da k\u00f6t\u00fc duygular\u0131n kayna\u011f\u0131 olarak tan\u0131mland\u0131\u011f\u0131 ele al\u0131n\u0131yor. Uluslararas\u0131 ter\u00f6rizm, m\u00fcltecilik ve g\u00f6\u00e7, toplumsal bar\u0131\u015f\u0131n temini \u00fczerine tart\u0131\u015fmalardan yola \u00e7\u0131kan Ahmed, duygular\u0131n kamusal k\u00fclt\u00fcrde dola\u015f\u0131ma girdi\u011fini ve g\u00fcndelik ya\u015famda ba\u015fkalar\u0131yla etkile\u015fimlerimizi bi\u00e7imlendirdi\u011fini savunuyor. Duygular\u0131n, iktidar ili\u015fkilerini yeniden \u00fcretmede nas\u0131l i\u015flevsel hale geldi\u011fi \u00fczerinde dururken, feminist ve queer direni\u015f politikalar\u0131 a\u00e7\u0131s\u0131ndan \u00f6neminin de alt\u0131n\u0131 kal\u0131nca \u00e7iziyor.<\/p>\n","protected":false},"excerpt":{"rendered":"<p>Sara Ahmed duygu, beden ve dil \u00fczerine ele\u015ftirel d\u00fc\u015f\u00fcnceye yapt\u0131\u011f\u0131 bu b\u00fcy\u00fck katk\u0131da, duygular\u0131 rasyonel d\u00fc\u015f\u00fcncenin g\u00f6lgesinden kurtar\u0131p hak etti\u011fi konuma geri yerle\u015ftiriyor. Duygular\u0131n, bedenleri ve<span class=\"excerpt-hellip\"> [\u2026]<\/span><\/p>\n","protected":false},"featured_media":0,"template":"","meta":{"_monsterinsights_skip_tracking":false,"_monsterinsights_sitenote_active":false,"_monsterinsights_sitenote_note":"","_monsterinsights_sitenote_category":0},"product_brand":[],"product_cat":[13633,12324],"product_tag":[],"class_list":{"0":"post-699140","1":"product","2":"type-product","3":"status-publish","5":"product_cat-kultur-ve-bilim","6":"product_cat-sosyoloji","7":"pa_cilt-ciltsiz","8":"pa_tur-kitap","9":"pa_yayinevi-sel-yayincilik","10":"pa_yazar-sara-ahmed","12":"first","13":"instock","14":"sale","15":"shipping-taxable","16":"purchasable","17":"product-type-simple"},"_links":{"self":[{"href":"https:\/\/roveyayinevi.com.tr\/index.php\/wp-json\/wp\/v2\/product\/699140","targetHints":{"allow":["GET"]}}],"collection":[{"href":"https:\/\/roveyayinevi.com.tr\/index.php\/wp-json\/wp\/v2\/product"}],"about":[{"href":"https:\/\/roveyayinevi.com.tr\/index.php\/wp-json\/wp\/v2\/types\/product"}],"wp:attachment":[{"href":"https:\/\/roveyayinevi.com.tr\/index.php\/wp-json\/wp\/v2\/media?parent=699140"}],"wp:term":[{"taxonomy":"product_brand","embeddable":true,"href":"https:\/\/roveyayinevi.com.tr\/index.php\/wp-json\/wp\/v2\/product_brand?post=699140"},{"taxonomy":"product_cat","embeddable":true,"href":"https:\/\/roveyayinevi.com.tr\/index.php\/wp-json\/wp\/v2\/product_cat?post=699140"},{"taxonomy":"product_tag","embeddable":true,"href":"https:\/\/roveyayinevi.com.tr\/index.php\/wp-json\/wp\/v2\/product_tag?post=699140"}],"curies":[{"name":"wp","href":"https:\/\/api.w.org\/{rel}","templated":true}]}}