{"id":698901,"date":"2025-08-27T14:48:00","date_gmt":"2025-08-27T11:48:00","guid":{"rendered":"https:\/\/roveyayinevi.com.tr\/index.php\/urun\/kendi-medyani-yarat-cilt-2-alternatif-medya\/"},"modified":"2026-04-16T02:08:20","modified_gmt":"2026-04-15T23:08:20","slug":"kendi-medyani-yarat-cilt-2-alternatif-medya","status":"publish","type":"product","link":"https:\/\/roveyayinevi.com.tr\/index.php\/urun\/kendi-medyani-yarat-cilt-2-alternatif-medya\/","title":{"rendered":"Kendi Medyan\u0131 Yarat Cilt 2 \u2013 Alternatif  Medya"},"content":{"rendered":"<p>Alternatif medya, en k\u0131sa ifadesiyle kapitalist sistemin ve dolay\u0131s\u0131yla neo-liberal politikalar\u0131n ku\u015fatt\u0131\u011f\u0131, bo\u011fdu\u011fu, seslerini duymad\u0131\u011f\u0131, bast\u0131rd\u0131\u011f\u0131, par\u00e7alad\u0131\u011f\u0131, ay\u0131rd\u0131\u011f\u0131 ve kendi ger\u00e7ekliklerinden kopard\u0131\u011f\u0131 insanlar\u0131n her \u015feye kar\u015f\u0131n hala insan olmakta direnerek verdikleri etik bir cevapt\u0131r. Bu cevap ayn\u0131 zamanda cilalanm\u0131\u015f, parlat\u0131lm\u0131\u015f imgelerin s\u0131rlar\u0131n\u0131n d\u00f6k\u00fcld\u00fc\u011f\u00fc ve \u00fcst\u00fc \u00f6rt\u00fclen, ge\u00e7i\u015ftirilen istekler olarak birlikte ya\u015fama, herkes i\u00e7in iyiyi isteme gibi hayata dair, hayat\u0131 payla\u015fmaya dair ba\u015fka yollar\u0131n m\u00fcmk\u00fcn oldu\u011funun y\u00fcksek sesle dile getirildi\u011fi siyasal talepler toplam\u0131d\u0131r. Ancak alternatif medya arac\u0131l\u0131\u011f\u0131yla dile gelen bu istekler, bask\u0131n olandan \u201ctalep edilen\u201d istekler de\u011fildir, bir hak aray\u0131\u015f\u0131d\u0131r, toplumsal adalet aray\u0131\u015f\u0131d\u0131r. D\u00fcnyada i\u00e7inden ge\u00e7ilen d\u00f6nemin belirsiz ve tekinsiz pervas\u0131zl\u0131\u011f\u0131nda en ba\u015fta ve hep insan olmaya tutunmakt\u0131r. Kapitalizmin kendini s\u00fcrekli yeniden \u00fcretti\u011fi ve t\u00fcketimi, meta t\u00fcketiminin \u00e7ok \u00f6tesine ta\u015f\u0131yarak duygular\u0131, d\u00fc\u015f\u00fcnceleri, insani de\u011ferleri, ili\u015fkileri, ki\u015fisel eti\u011fi, sevgiyi, sayg\u0131y\u0131 -hatta \u00f6z sayg\u0131y\u0131- yaln\u0131zca toplumsal alanda de\u011fil bireysel alanda da dayatt\u0131\u011f\u0131 bir \u015fiddet ikliminden sa\u011f \u00e7\u0131kman\u0131n, sa\u011flam \u00e7\u0131kman\u0131n, bireylerin inand\u0131klar\u0131 de\u011ferleri g\u00fcndelik hayat pratiklerine aktarmalar\u0131n\u0131n imkans\u0131zla\u015ft\u0131\u011f\u0131 bir zamanda, ayn\u0131 anda ba\u015fka bir d\u00fcnyaya olan inanc\u0131 diri tutmak i\u00e7in yazmaya, d\u00fc\u015f\u00fcnmeye, tart\u0131\u015fmaya devam etmek gerekiyor.Bu derleme, bir yandan alternatif medyalar ve alternatif mecralar \u00fczerine \u00e7al\u0131\u015fan d\u00fcnyan\u0131n \u00f6nde gelen akademisyenlerinin teorik tart\u0131\u015fmalar\u0131yla kar\u015f\u0131l\u0131kl\u0131 konu\u015fmalar\u0131na alan a\u00e7arken bir yandan da farkl\u0131 co\u011frafyalardan alternatif seslerin kendilerine a\u00e7t\u0131klar\u0131 \u00e7atlaklardan seslerini duyurmalar\u0131na ve deneyimlerini payla\u015fmalar\u0131na zemin sa\u011fl\u0131yor. K\u0131saca, yazmaya, d\u00fc\u015f\u00fcnmeye, tart\u0131\u015fmaya devam edenlere g\u00f6ky\u00fcz\u00fcne birlikte bak\u0131lacak bir durak sunuyor. <\/p>\n","protected":false},"excerpt":{"rendered":"<p>Alternatif medya, en k\u0131sa ifadesiyle kapitalist sistemin ve dolay\u0131s\u0131yla neo-liberal politikalar\u0131n ku\u015fatt\u0131\u011f\u0131, bo\u011fdu\u011fu, seslerini duymad\u0131\u011f\u0131, bast\u0131rd\u0131\u011f\u0131, par\u00e7alad\u0131\u011f\u0131, ay\u0131rd\u0131\u011f\u0131 ve kendi ger\u00e7ekliklerinden kopard\u0131\u011f\u0131 insanlar\u0131n her \u015feye kar\u015f\u0131n<span class=\"excerpt-hellip\"> [\u2026]<\/span><\/p>\n","protected":false},"featured_media":0,"template":"","meta":{"_monsterinsights_skip_tracking":false,"_monsterinsights_sitenote_active":false,"_monsterinsights_sitenote_note":"","_monsterinsights_sitenote_category":0},"product_brand":[],"product_cat":[15983,13488],"product_tag":[],"class_list":{"0":"post-698901","1":"product","2":"type-product","3":"status-publish","5":"product_cat-iletisim-ve-medya","6":"product_cat-toplum-ve-insan","7":"pa_tur-kitap","8":"pa_yayinevi-kalkedon-yayincilik","9":"pa_yazar-john-d-h-downing","11":"first","12":"instock","13":"sale","14":"shipping-taxable","15":"purchasable","16":"product-type-simple"},"_links":{"self":[{"href":"https:\/\/roveyayinevi.com.tr\/index.php\/wp-json\/wp\/v2\/product\/698901","targetHints":{"allow":["GET"]}}],"collection":[{"href":"https:\/\/roveyayinevi.com.tr\/index.php\/wp-json\/wp\/v2\/product"}],"about":[{"href":"https:\/\/roveyayinevi.com.tr\/index.php\/wp-json\/wp\/v2\/types\/product"}],"wp:attachment":[{"href":"https:\/\/roveyayinevi.com.tr\/index.php\/wp-json\/wp\/v2\/media?parent=698901"}],"wp:term":[{"taxonomy":"product_brand","embeddable":true,"href":"https:\/\/roveyayinevi.com.tr\/index.php\/wp-json\/wp\/v2\/product_brand?post=698901"},{"taxonomy":"product_cat","embeddable":true,"href":"https:\/\/roveyayinevi.com.tr\/index.php\/wp-json\/wp\/v2\/product_cat?post=698901"},{"taxonomy":"product_tag","embeddable":true,"href":"https:\/\/roveyayinevi.com.tr\/index.php\/wp-json\/wp\/v2\/product_tag?post=698901"}],"curies":[{"name":"wp","href":"https:\/\/api.w.org\/{rel}","templated":true}]}}