{"id":698876,"date":"2025-08-27T14:47:53","date_gmt":"2025-08-27T11:47:53","guid":{"rendered":"https:\/\/roveyayinevi.com.tr\/index.php\/urun\/nasil-bir-organik-tarim\/"},"modified":"2026-04-16T02:08:20","modified_gmt":"2026-04-15T23:08:20","slug":"nasil-bir-organik-tarim","status":"publish","type":"product","link":"https:\/\/roveyayinevi.com.tr\/index.php\/urun\/nasil-bir-organik-tarim\/","title":{"rendered":"Nas\u0131l Bir Organik Tar\u0131m"},"content":{"rendered":"<p>Nas\u0131l bir organik tar\u0131m istiyoruz ?Organik tar\u0131ma tamam\u0131yla ge\u00e7i\u015f \u00fczerine d\u00fc\u015f\u00fcn\u00fcrken, \u00f6n\u00fcm\u00fcze organik oldu\u011fu ileri s\u00fcr\u00fclen, oysa d\u00fcped\u00fcz endr\u00fcstriyel olan bir tar\u0131msal \u00fcretim \u015fekli \u00e7\u0131kt\u0131. Bu a\u015famada durup d\u00fc\u015f\u00fcnmek ve tart\u0131\u015fmak gerekiyor; nas\u0131l bir organik tar\u0131m istiyoruz? Her birimizi yak\u0131ndan ilgilendiren, sa\u011fl\u0131\u011f\u0131m\u0131z\u0131 ve gelece\u011fimizi etkileyen tar\u0131m y\u00f6ntemleri \u00fczerine daha \u00e7ok yo\u011funla\u015fmal\u0131 ve kamuoyu olu\u015fturmal\u0131y\u0131z.Bu d\u00fc\u015f\u00fcnceden yola \u00e7\u0131kan bir grup bilim insan\u0131, k\u00fc\u00e7\u00fck \u00e7ift\u00e7i, kooperatif\u00e7i, sendikac\u0131 ve merakl\u0131 16 May\u0131s 2011\u2019de Ege \u00dcniversitesi Ziraat Fak\u00fcltesi\u2019nde bir \u00e7al\u0131\u015ftay d\u00fczenledi.Bu kitapta \u00c7ift\u00e7i Sendikalar\u0131 Konfederasyonu, Bo\u011fazi\u00e7i \u00dcniversitesi T\u00fcketim Kooperatifi, Ba\u015fka Bir G\u0131da M\u00fcmk\u00fcn Giri\u015fimi, Kibele Ekolojik Ya\u015fam Kooperatifi, Marmari\u00e7 Ekolojik Ya\u015fam Derne\u011fi deneyimlerini payla\u015ft\u0131, nas\u0131l sorusunun yan\u0131tlar\u0131n\u0131 arad\u0131. \u201cKat\u0131l\u0131mc\u0131 sertifikasyon\u201d, \u201cbilge k\u00f6yl\u00fc tar\u0131m\u0131\u201d, \u201ctopluluk destekli tar\u0131m\u201d, \u201cev yap\u0131m\u0131 ila\u00e7lar\u201d gibi se\u00e7enekler enine boyuna konu\u015fuldu.Elinizdeki kitap, bu tart\u0131\u015fmalar\u0131 T\u00fcrkiye geneline yaymak i\u00e7in tasarland\u0131.<\/p>\n","protected":false},"excerpt":{"rendered":"<p>Nas\u0131l bir organik tar\u0131m istiyoruz ?Organik tar\u0131ma tamam\u0131yla ge\u00e7i\u015f \u00fczerine d\u00fc\u015f\u00fcn\u00fcrken, \u00f6n\u00fcm\u00fcze organik oldu\u011fu ileri s\u00fcr\u00fclen, oysa d\u00fcped\u00fcz endr\u00fcstriyel olan bir tar\u0131msal \u00fcretim \u015fekli \u00e7\u0131kt\u0131. Bu<span class=\"excerpt-hellip\"> [\u2026]<\/span><\/p>\n","protected":false},"featured_media":0,"template":"","meta":{"_monsterinsights_skip_tracking":false,"_monsterinsights_sitenote_active":false,"_monsterinsights_sitenote_note":"","_monsterinsights_sitenote_category":0},"product_brand":[],"product_cat":[23323,12364],"product_tag":[],"class_list":{"0":"post-698876","1":"product","2":"type-product","3":"status-publish","5":"product_cat-ekoloji","6":"product_cat-genel-konular","7":"pa_cilt-ciltsiz","8":"pa_tur-kitap","9":"pa_yayinevi-yeni-insan-yayinlari","10":"pa_yazar-tayfun-ozkaya","12":"first","13":"instock","14":"sale","15":"shipping-taxable","16":"purchasable","17":"product-type-simple"},"_links":{"self":[{"href":"https:\/\/roveyayinevi.com.tr\/index.php\/wp-json\/wp\/v2\/product\/698876","targetHints":{"allow":["GET"]}}],"collection":[{"href":"https:\/\/roveyayinevi.com.tr\/index.php\/wp-json\/wp\/v2\/product"}],"about":[{"href":"https:\/\/roveyayinevi.com.tr\/index.php\/wp-json\/wp\/v2\/types\/product"}],"wp:attachment":[{"href":"https:\/\/roveyayinevi.com.tr\/index.php\/wp-json\/wp\/v2\/media?parent=698876"}],"wp:term":[{"taxonomy":"product_brand","embeddable":true,"href":"https:\/\/roveyayinevi.com.tr\/index.php\/wp-json\/wp\/v2\/product_brand?post=698876"},{"taxonomy":"product_cat","embeddable":true,"href":"https:\/\/roveyayinevi.com.tr\/index.php\/wp-json\/wp\/v2\/product_cat?post=698876"},{"taxonomy":"product_tag","embeddable":true,"href":"https:\/\/roveyayinevi.com.tr\/index.php\/wp-json\/wp\/v2\/product_tag?post=698876"}],"curies":[{"name":"wp","href":"https:\/\/api.w.org\/{rel}","templated":true}]}}