{"id":698803,"date":"2025-08-27T14:47:22","date_gmt":"2025-08-27T11:47:22","guid":{"rendered":"https:\/\/roveyayinevi.com.tr\/index.php\/urun\/yonetim-ve-halkla-iliskiler\/"},"modified":"2026-01-29T02:14:50","modified_gmt":"2026-01-28T23:14:50","slug":"yonetim-ve-halkla-iliskiler","status":"publish","type":"product","link":"https:\/\/roveyayinevi.com.tr\/index.php\/urun\/yonetim-ve-halkla-iliskiler\/","title":{"rendered":"Y\u00f6netim ve Halkla \u0130li\u015fkiler"},"content":{"rendered":"<p>Y\u00f6netimin, bireyin kendi kendisini kontrol etmesiyle ba\u015flayan ve di\u011ferlerini kontrol etme becerisiyle geni\u015fleyen do\u011fas\u0131 zamana, mekana ve ili\u015fki tarz\u0131na ba\u011fl\u0131 olarak anlam kazanmaktad\u0131r. Y\u00f6netim, en genel ifadesiyle, insanlar\u0131n bir aradal\u0131\u011f\u0131na ve \u00fcretim s\u00fcreci ile g\u00fcnl\u00fck ya\u015fam ili\u015fkilerindeki g\u00fc\u00e7 stratejilerine i\u015faret etmektedir. Toplumsal ya\u015fam\u0131n i\u015fleyi\u015fini d\u00fczenlemeye ve farkl\u0131 hedeflere sahip insanlar\u0131n i\u00e7erisinde yer ald\u0131klar\u0131 organizasyonlar\u0131n ama\u00e7lar\u0131n\u0131 ger\u00e7ekle\u015ftirmeye odaklanan y\u00f6netim olgusunun ileti\u015fim kanal\u0131n\u0131 halkla ili\u015fkiler faaliyetleri olu\u015fturmaktad\u0131r. <\/p>\n","protected":false},"excerpt":{"rendered":"<p>Y\u00f6netimin, bireyin kendi kendisini kontrol etmesiyle ba\u015flayan ve di\u011ferlerini kontrol etme becerisiyle geni\u015fleyen do\u011fas\u0131 zamana, mekana ve ili\u015fki tarz\u0131na ba\u011fl\u0131 olarak anlam kazanmaktad\u0131r. Y\u00f6netim, en genel<span class=\"excerpt-hellip\"> [\u2026]<\/span><\/p>\n","protected":false},"featured_media":0,"template":"","meta":{"_monsterinsights_skip_tracking":false,"_monsterinsights_sitenote_active":false,"_monsterinsights_sitenote_note":"","_monsterinsights_sitenote_category":0},"product_brand":[],"product_cat":[13043,14754],"product_tag":[],"class_list":{"0":"post-698803","1":"product","2":"type-product","3":"status-publish","5":"product_cat-ekonomi","6":"product_cat-halkla-iliskiler-insan-kaynaklari","7":"pa_cilt-ciltsiz","8":"pa_tur-kitap","9":"pa_yayinevi-utopya-yayinevi","10":"pa_yazar-derya-tellan","12":"first","13":"instock","14":"sale","15":"shipping-taxable","16":"purchasable","17":"product-type-simple"},"_links":{"self":[{"href":"https:\/\/roveyayinevi.com.tr\/index.php\/wp-json\/wp\/v2\/product\/698803","targetHints":{"allow":["GET"]}}],"collection":[{"href":"https:\/\/roveyayinevi.com.tr\/index.php\/wp-json\/wp\/v2\/product"}],"about":[{"href":"https:\/\/roveyayinevi.com.tr\/index.php\/wp-json\/wp\/v2\/types\/product"}],"wp:attachment":[{"href":"https:\/\/roveyayinevi.com.tr\/index.php\/wp-json\/wp\/v2\/media?parent=698803"}],"wp:term":[{"taxonomy":"product_brand","embeddable":true,"href":"https:\/\/roveyayinevi.com.tr\/index.php\/wp-json\/wp\/v2\/product_brand?post=698803"},{"taxonomy":"product_cat","embeddable":true,"href":"https:\/\/roveyayinevi.com.tr\/index.php\/wp-json\/wp\/v2\/product_cat?post=698803"},{"taxonomy":"product_tag","embeddable":true,"href":"https:\/\/roveyayinevi.com.tr\/index.php\/wp-json\/wp\/v2\/product_tag?post=698803"}],"curies":[{"name":"wp","href":"https:\/\/api.w.org\/{rel}","templated":true}]}}