{"id":698774,"date":"2025-08-27T14:47:14","date_gmt":"2025-08-27T11:47:14","guid":{"rendered":"https:\/\/roveyayinevi.com.tr\/index.php\/urun\/malcolm-x\/"},"modified":"2026-04-16T02:08:18","modified_gmt":"2026-04-15T23:08:18","slug":"malcolm-x","status":"publish","type":"product","link":"https:\/\/roveyayinevi.com.tr\/index.php\/urun\/malcolm-x\/","title":{"rendered":"Malcolm X"},"content":{"rendered":"<p>Amerika\u2019n\u0131n siyaset tarihine damga vurdu\u011fu gibi, \u0130slam d\u00fc\u015f\u00fcncesine yapt\u0131\u011f\u0131 katk\u0131larla da ad\u0131ndan s\u00f6z ettiren liderlerden biri olan Malcolm X, 1925\u2019te do\u011fdu. Malcolm Little ad\u0131yla d\u00fcnyaya gelen bu insan haklar\u0131 eylemcisi, ad\u0131n\u0131 daha sonra Malcolm X olarak de\u011fi\u015ftirdi. Soyad\u0131 olarak \u201cX\u201di se\u00e7mesi, onun i\u00e7in bir ba\u015fkald\u0131r\u0131yd\u0131. 1950\u2019lerin sonuna gelindi\u011finde Malik el-\u015eahbaz ad\u0131n\u0131 kullan\u0131yordu. A.B.D\u2019deki siyahlar\u0131n Afrika\u2019daki k\u00f6kleriyle ili\u015fki kurmalar\u0131n\u0131 te\u015fvik etti, onlar\u0131n haklar\u0131 i\u00e7in \u00e7al\u0131\u015ft\u0131 ve \u0130slam\u2019\u0131n s\u00f6zc\u00fclerinden biri oldu. 21 \u015eubat 1965\u2019te u\u011frad\u0131\u011f\u0131 silahl\u0131 sald\u0131r\u0131 sonucu hayata veda etti ve cenazesine binlerce ki\u015fi kat\u0131ld\u0131. \ufffcTan\u0131t\u0131m Metni<\/p>\n","protected":false},"excerpt":{"rendered":"<p>Amerika\u2019n\u0131n siyaset tarihine damga vurdu\u011fu gibi, \u0130slam d\u00fc\u015f\u00fcncesine yapt\u0131\u011f\u0131 katk\u0131larla da ad\u0131ndan s\u00f6z ettiren liderlerden biri olan Malcolm X, 1925\u2019te do\u011fdu. Malcolm Little ad\u0131yla d\u00fcnyaya gelen<span class=\"excerpt-hellip\"> [\u2026]<\/span><\/p>\n","protected":false},"featured_media":0,"template":"","meta":{"_monsterinsights_skip_tracking":false,"_monsterinsights_sitenote_active":false,"_monsterinsights_sitenote_note":"","_monsterinsights_sitenote_category":0},"product_brand":[],"product_cat":[13946,12304],"product_tag":[],"class_list":{"0":"post-698774","1":"product","2":"type-product","3":"status-publish","5":"product_cat-biyografi-otobiyografi","6":"product_cat-tarih","7":"pa_cilt-ciltsiz","8":"pa_tur-kitap","9":"pa_yayinevi-ithaki-yayinlari","10":"pa_yazar-manning-marable","12":"first","13":"instock","14":"sale","15":"shipping-taxable","16":"purchasable","17":"product-type-simple"},"_links":{"self":[{"href":"https:\/\/roveyayinevi.com.tr\/index.php\/wp-json\/wp\/v2\/product\/698774","targetHints":{"allow":["GET"]}}],"collection":[{"href":"https:\/\/roveyayinevi.com.tr\/index.php\/wp-json\/wp\/v2\/product"}],"about":[{"href":"https:\/\/roveyayinevi.com.tr\/index.php\/wp-json\/wp\/v2\/types\/product"}],"wp:attachment":[{"href":"https:\/\/roveyayinevi.com.tr\/index.php\/wp-json\/wp\/v2\/media?parent=698774"}],"wp:term":[{"taxonomy":"product_brand","embeddable":true,"href":"https:\/\/roveyayinevi.com.tr\/index.php\/wp-json\/wp\/v2\/product_brand?post=698774"},{"taxonomy":"product_cat","embeddable":true,"href":"https:\/\/roveyayinevi.com.tr\/index.php\/wp-json\/wp\/v2\/product_cat?post=698774"},{"taxonomy":"product_tag","embeddable":true,"href":"https:\/\/roveyayinevi.com.tr\/index.php\/wp-json\/wp\/v2\/product_tag?post=698774"}],"curies":[{"name":"wp","href":"https:\/\/api.w.org\/{rel}","templated":true}]}}