{"id":698738,"date":"2025-08-27T14:47:03","date_gmt":"2025-08-27T11:47:03","guid":{"rendered":"https:\/\/roveyayinevi.com.tr\/index.php\/urun\/1923ten-gunumuze-turk-dis-politikasi-ve-diplomasisi\/"},"modified":"2026-04-16T02:08:17","modified_gmt":"2026-04-15T23:08:17","slug":"1923ten-gunumuze-turk-dis-politikasi-ve-diplomasisi","status":"publish","type":"product","link":"https:\/\/roveyayinevi.com.tr\/index.php\/urun\/1923ten-gunumuze-turk-dis-politikasi-ve-diplomasisi\/","title":{"rendered":"1923&#8217;ten G\u00fcn\u00fcm\u00fcze T\u00fcrk D\u0131\u015f Politikas\u0131 ve Diplomasisi"},"content":{"rendered":"<p>Tu\u0308rkiye Cumhuriyeti\u2019nin Osmanl\u0131\u2019dan gu\u0308nu\u0308mu\u0308ze \u00e7e\u015fitlisava\u015flar, \u00f6nemli krizler, darbeler ve say\u0131s\u0131z anla\u015fmalarla\u015fekillenen d\u0131\u015f politikas\u0131na, emekli bu\u0308yu\u0308kel\u00e7ilerimizdenAyhan Kamel\u2019in de\u011ferlendirmeleriyle detayl\u0131 birbak\u0131\u015f sunan 1923\u2019ten Gu\u0308nu\u0308mu\u0308ze Tu\u0308rk D\u0131\u015f Politikas\u0131ve Diplomasisi, du\u0308nyan\u0131n gu\u0308\u00e7 dengelerinin nas\u0131lde\u011fi\u015fti\u011fini; bu dengelerin de\u011fi\u015fmesinde hangi unsurlar\u0131n,ne derece rolu\u0308 oldu\u011funu; Avrupa Birli\u011fi\u2019ne do\u011fruyolculu\u011fumuzdaki \u00f6nemli duraklar\u0131; \u00f6zellikle Tu\u0308rk-Yunan, Tu\u0308rk-Ermeni ve Tu\u0308rk-\u0130srail ili\u015fkilerinin d\u0131\u015fpolitikam\u0131zdaki etkilerini; ABD ve di\u011fer Bat\u0131l\u0131 u\u0308lkelerind\u0131\u015f politikaya bak\u0131\u015f a\u00e7\u0131lar\u0131n\u0131; lobicili\u011fin d\u0131\u015f politikadaki\u00f6nemini g\u00f6zler \u00f6nu\u0308ne sererek Tu\u0308rkiye Cumhuriyeti\u2019nindu\u0308nya u\u0308lkeleri nezdindeki yerini ve Tu\u0308rk d\u0131\u015f politikas\u0131n\u0131nana hatlar\u0131n\u0131 ortaya \u00e7\u0131karmaktad\u0131r.1923\u2019ten Gu\u0308nu\u0308mu\u0308ze Tu\u0308rk D\u0131\u015f Politikas\u0131 ve Diplomasisi,hem tarihe tan\u0131kl\u0131k edebilmek hem de gu\u0308nu\u0308mu\u0308zdeya\u015fanan d\u0131\u015f ili\u015fkileri de\u011ferlendirebilmek i\u00e7in \u00f6nemli birkaynak niteli\u011findedir. <\/p>\n","protected":false},"excerpt":{"rendered":"<p>Tu\u0308rkiye Cumhuriyeti\u2019nin Osmanl\u0131\u2019dan gu\u0308nu\u0308mu\u0308ze \u00e7e\u015fitlisava\u015flar, \u00f6nemli krizler, darbeler ve say\u0131s\u0131z anla\u015fmalarla\u015fekillenen d\u0131\u015f politikas\u0131na, emekli bu\u0308yu\u0308kel\u00e7ilerimizdenAyhan Kamel\u2019in de\u011ferlendirmeleriyle detayl\u0131 birbak\u0131\u015f sunan 1923\u2019ten Gu\u0308nu\u0308mu\u0308ze Tu\u0308rk D\u0131\u015f Politikas\u0131ve Diplomasisi,<span class=\"excerpt-hellip\"> [\u2026]<\/span><\/p>\n","protected":false},"featured_media":0,"template":"","meta":{"_monsterinsights_skip_tracking":false,"_monsterinsights_sitenote_active":false,"_monsterinsights_sitenote_note":"","_monsterinsights_sitenote_category":0},"product_brand":[],"product_cat":[12346,12337],"product_tag":[],"class_list":{"0":"post-698738","1":"product","2":"type-product","3":"status-publish","5":"product_cat-derin-siyaset-komplo-teorileri","6":"product_cat-politika-siyaset","7":"pa_cilt-ciltsiz","8":"pa_tur-kitap","9":"pa_yayinevi-inkilap-kitabevi","10":"pa_yazar-ayhan-kamel","12":"first","13":"instock","14":"sale","15":"shipping-taxable","16":"purchasable","17":"product-type-simple"},"_links":{"self":[{"href":"https:\/\/roveyayinevi.com.tr\/index.php\/wp-json\/wp\/v2\/product\/698738","targetHints":{"allow":["GET"]}}],"collection":[{"href":"https:\/\/roveyayinevi.com.tr\/index.php\/wp-json\/wp\/v2\/product"}],"about":[{"href":"https:\/\/roveyayinevi.com.tr\/index.php\/wp-json\/wp\/v2\/types\/product"}],"wp:attachment":[{"href":"https:\/\/roveyayinevi.com.tr\/index.php\/wp-json\/wp\/v2\/media?parent=698738"}],"wp:term":[{"taxonomy":"product_brand","embeddable":true,"href":"https:\/\/roveyayinevi.com.tr\/index.php\/wp-json\/wp\/v2\/product_brand?post=698738"},{"taxonomy":"product_cat","embeddable":true,"href":"https:\/\/roveyayinevi.com.tr\/index.php\/wp-json\/wp\/v2\/product_cat?post=698738"},{"taxonomy":"product_tag","embeddable":true,"href":"https:\/\/roveyayinevi.com.tr\/index.php\/wp-json\/wp\/v2\/product_tag?post=698738"}],"curies":[{"name":"wp","href":"https:\/\/api.w.org\/{rel}","templated":true}]}}