{"id":698716,"date":"2025-08-27T14:46:57","date_gmt":"2025-08-27T11:46:57","guid":{"rendered":"https:\/\/roveyayinevi.com.tr\/index.php\/urun\/hangi-ataturk\/"},"modified":"2026-04-16T02:08:16","modified_gmt":"2026-04-15T23:08:16","slug":"hangi-ataturk","status":"publish","type":"product","link":"https:\/\/roveyayinevi.com.tr\/index.php\/urun\/hangi-ataturk\/","title":{"rendered":"Hangi Atat\u00fcrk"},"content":{"rendered":"<p>Mustafa Kemal\u2019in g\u00f6z\u00fcnde, eylemin \u2018me\u015frulu\u011fu\u2019 demek, halk\u00e7a onalanm\u0131\u015f olmas\u0131 demektir. Yoksa Kongreleri, B\u00fcy\u00fck Millet Meclisi\u2019ni anlamak ve a\u00e7\u0131klamak m\u00fcmk\u00fcn olamazd\u0131. \u015eu s\u00f6zlerini bir de: \u2018&#8230; Bir devreye yeti\u015ftik ki, onda her i\u015f me\u015fru olmal\u0131d\u0131r. Millet i\u015fleri de ancak milli kararlara dayanmakla, milletin genel duygular\u0131na terc\u00fcman olmakla ger\u00e7ekle\u015fir.\u2019 Siz Osmanl\u0131 \u00fclkesinde, \u2018milli kararlara dayanmak\u2019, \u2018me\u015frulu\u011fu\u2019 bunda aramak ne demektir bilirmi misiniz? Padi\u015fah\u0131 ve Halifeyi silmek, hi\u00e7e saymak demektir! Mustafa Kemal, Amasya Tamimi\u2019nden itibaren, Osmanl\u0131 me\u015frulu\u011funu reddetmi\u015f, tarihsel me\u015frulu\u011fu \u00f6nemsemi\u015ftir. Buysa \u2018ihtil\u00e2l\u2019in ta kendisidir.Attil\u00e2 \u0130lhan \ufffc<\/p>\n","protected":false},"excerpt":{"rendered":"<p>Mustafa Kemal\u2019in g\u00f6z\u00fcnde, eylemin \u2018me\u015frulu\u011fu\u2019 demek, halk\u00e7a onalanm\u0131\u015f olmas\u0131 demektir. Yoksa Kongreleri, B\u00fcy\u00fck Millet Meclisi\u2019ni anlamak ve a\u00e7\u0131klamak m\u00fcmk\u00fcn olamazd\u0131. \u015eu s\u00f6zlerini bir de: \u2018&#8230; Bir<span class=\"excerpt-hellip\"> [\u2026]<\/span><\/p>\n","protected":false},"featured_media":0,"template":"","meta":{"_monsterinsights_skip_tracking":false,"_monsterinsights_sitenote_active":false,"_monsterinsights_sitenote_note":"","_monsterinsights_sitenote_category":0},"product_brand":[],"product_cat":[12530,12304],"product_tag":[],"class_list":{"0":"post-698716","1":"product","2":"type-product","3":"status-publish","5":"product_cat-mustafa-kemal-ataturk","6":"product_cat-tarih","7":"pa_cilt-ciltsiz","8":"pa_tur-kitap","9":"pa_yayinevi-is-bankasi-kultur-yayinlari","10":"pa_yazar-attila-ilhan","12":"first","13":"instock","14":"sale","15":"shipping-taxable","16":"purchasable","17":"product-type-simple"},"_links":{"self":[{"href":"https:\/\/roveyayinevi.com.tr\/index.php\/wp-json\/wp\/v2\/product\/698716","targetHints":{"allow":["GET"]}}],"collection":[{"href":"https:\/\/roveyayinevi.com.tr\/index.php\/wp-json\/wp\/v2\/product"}],"about":[{"href":"https:\/\/roveyayinevi.com.tr\/index.php\/wp-json\/wp\/v2\/types\/product"}],"wp:attachment":[{"href":"https:\/\/roveyayinevi.com.tr\/index.php\/wp-json\/wp\/v2\/media?parent=698716"}],"wp:term":[{"taxonomy":"product_brand","embeddable":true,"href":"https:\/\/roveyayinevi.com.tr\/index.php\/wp-json\/wp\/v2\/product_brand?post=698716"},{"taxonomy":"product_cat","embeddable":true,"href":"https:\/\/roveyayinevi.com.tr\/index.php\/wp-json\/wp\/v2\/product_cat?post=698716"},{"taxonomy":"product_tag","embeddable":true,"href":"https:\/\/roveyayinevi.com.tr\/index.php\/wp-json\/wp\/v2\/product_tag?post=698716"}],"curies":[{"name":"wp","href":"https:\/\/api.w.org\/{rel}","templated":true}]}}