{"id":698619,"date":"2025-08-27T14:46:22","date_gmt":"2025-08-27T11:46:22","guid":{"rendered":"https:\/\/roveyayinevi.com.tr\/index.php\/urun\/kamusal-alan-ve-medya\/"},"modified":"2026-01-29T02:14:46","modified_gmt":"2026-01-28T23:14:46","slug":"kamusal-alan-ve-medya","status":"publish","type":"product","link":"https:\/\/roveyayinevi.com.tr\/index.php\/urun\/kamusal-alan-ve-medya\/","title":{"rendered":"Kamusal Alan ve Medya"},"content":{"rendered":"<p>Kamusal alan; bireylerin aktif kat\u0131l\u0131m\u0131 ve \u00f6zg\u00fcrce tart\u0131\u015fmas\u0131na a\u00e7\u0131k, \u015fiddetten ve ki\u015fisel \u00e7\u0131karlardan ar\u0131nm\u0131\u015f ileti\u015fimsel eylemin s\u00fcrd\u00fcr\u00fcld\u00fc\u011f\u00fc, rasyonel-ele\u015ftirel s\u00f6ylemin yap\u0131land\u0131r\u0131ld\u0131\u011f\u0131 ve devletin m\u00fcdahalesinden kurtar\u0131lm\u0131\u015f bir aland\u0131r. Kar\u015f\u0131t kamusall\u0131klar ise, tarih boyunca kamusal alan i\u00e7erisinde seslerini duyurmu\u015ftur. \u00c7e\u015fitli toplumsal alt-gruplar, i\u015f\u00e7iler, farkl\u0131 etnik ve milliyet\u00e7i gruplar, dini cemaatler, kad\u0131nlar, marjinal s\u0131n\u0131flar farkl\u0131 yer ve bi\u00e7imlerde kendi ileti\u015fim a\u011flar\u0131n\u0131, \u00f6rg\u00fctl\u00fcl\u00fcklerini, kamuoylar\u0131n\u0131 ve g\u00fcndemlerini resmi olmayan yollardan olu\u015fturmu\u015flard\u0131r. Bu konuda, yayg\u0131n medya kar\u015f\u0131s\u0131nda; alternatif ve muhalif\/kar\u015f\u0131t medya \u00f6nemli bir rol \u00fcstlenmi\u015ftir. T\u00fcrkiyede ise, farkl\u0131\/kar\u015f\u0131t kamusal alan tan\u0131mlamalar\u0131 \u00fczerine y\u00fcr\u00fct\u00fclen tart\u0131\u015fmalar; kamusal alan\u0131n \u015fekillenmesi i\u00e7in verilen m\u00fccadelenin s\u00f6ylemsel bir ifadesi olarak tan\u0131mlanabilir. G\u00fcn\u00fcm\u00fcz T\u00fcrkiye kamusal alan\u0131nda; farkl\u0131 kamusal adac\u0131klar\u0131n etkinli\u011fi zay\u0131fla(t\u0131l)sa da varl\u0131klar\u0131n\u0131 halen s\u00fcrd\u00fcrmektedir. Kald\u0131 ki, hem s\u0131n\u0131fsal hem de k\u00fclt\u00fcrel kimliklerin kamusal alanda ve medyada temsiliyet kazanma \u00e7abalar\u0131na y\u00f6nelik y\u00fcr\u00fctt\u00fc\u011f\u00fc farkl\u0131 m\u00fccadelelerin galebe \u00e7almas\u0131 konusunda; medyan\u0131n da, kendisini yeniden bir \u00f6zele\u015ftiriye tutmas\u0131n\u0131n zaman\u0131 \u00e7oktan gelip ge\u00e7meye ba\u015flam\u0131\u015ft\u0131r. <\/p>\n","protected":false},"excerpt":{"rendered":"<p>Kamusal alan; bireylerin aktif kat\u0131l\u0131m\u0131 ve \u00f6zg\u00fcrce tart\u0131\u015fmas\u0131na a\u00e7\u0131k, \u015fiddetten ve ki\u015fisel \u00e7\u0131karlardan ar\u0131nm\u0131\u015f ileti\u015fimsel eylemin s\u00fcrd\u00fcr\u00fcld\u00fc\u011f\u00fc, rasyonel-ele\u015ftirel s\u00f6ylemin yap\u0131land\u0131r\u0131ld\u0131\u011f\u0131 ve devletin m\u00fcdahalesinden kurtar\u0131lm\u0131\u015f bir aland\u0131r.<span class=\"excerpt-hellip\"> [\u2026]<\/span><\/p>\n","protected":false},"featured_media":0,"template":"","meta":{"_monsterinsights_skip_tracking":false,"_monsterinsights_sitenote_active":false,"_monsterinsights_sitenote_note":"","_monsterinsights_sitenote_category":0},"product_brand":[],"product_cat":[15983,13488],"product_tag":[],"class_list":{"0":"post-698619","1":"product","2":"type-product","3":"status-publish","5":"product_cat-iletisim-ve-medya","6":"product_cat-toplum-ve-insan","7":"pa_cilt-ciltsiz","8":"pa_tur-kitap","9":"pa_yayinevi-utopya-yayinevi","10":"pa_yazar-erdal-dagtas","12":"first","13":"instock","14":"sale","15":"shipping-taxable","16":"purchasable","17":"product-type-simple"},"_links":{"self":[{"href":"https:\/\/roveyayinevi.com.tr\/index.php\/wp-json\/wp\/v2\/product\/698619","targetHints":{"allow":["GET"]}}],"collection":[{"href":"https:\/\/roveyayinevi.com.tr\/index.php\/wp-json\/wp\/v2\/product"}],"about":[{"href":"https:\/\/roveyayinevi.com.tr\/index.php\/wp-json\/wp\/v2\/types\/product"}],"wp:attachment":[{"href":"https:\/\/roveyayinevi.com.tr\/index.php\/wp-json\/wp\/v2\/media?parent=698619"}],"wp:term":[{"taxonomy":"product_brand","embeddable":true,"href":"https:\/\/roveyayinevi.com.tr\/index.php\/wp-json\/wp\/v2\/product_brand?post=698619"},{"taxonomy":"product_cat","embeddable":true,"href":"https:\/\/roveyayinevi.com.tr\/index.php\/wp-json\/wp\/v2\/product_cat?post=698619"},{"taxonomy":"product_tag","embeddable":true,"href":"https:\/\/roveyayinevi.com.tr\/index.php\/wp-json\/wp\/v2\/product_tag?post=698619"}],"curies":[{"name":"wp","href":"https:\/\/api.w.org\/{rel}","templated":true}]}}