{"id":698551,"date":"2025-08-27T14:46:01","date_gmt":"2025-08-27T11:46:01","guid":{"rendered":"https:\/\/roveyayinevi.com.tr\/index.php\/urun\/dilin-kokenleri\/"},"modified":"2026-04-16T02:07:58","modified_gmt":"2026-04-15T23:07:58","slug":"dilin-kokenleri","status":"publish","type":"product","link":"https:\/\/roveyayinevi.com.tr\/index.php\/urun\/dilin-kokenleri\/","title":{"rendered":"Dilin K\u00f6kenleri"},"content":{"rendered":"<p>\u00c7evirisini sundu\u011fumuz \u00e7al\u0131\u015fmada dilin k\u00f6keni sorunu, dilbilim, antropoloji, etoloji gibi \u00e7e\u015fitli dallar\u0131n \u0131\u015f\u0131\u011f\u0131nda, disiplinler aras\u0131 bir bak\u0131\u015f a\u00e7\u0131s\u0131yla ele al\u0131n\u0131yor. \u00dc\u00e7 Frans\u0131z bilim adam\u0131n\u0131n ortak \u00e7al\u0131\u015fmas\u0131 olan bu kitap, d\u00fc\u015f\u00fcnce tarihinin en \u00e7etin sorunlar\u0131ndan birini, a\u00e7\u0131k ve anla\u015f\u0131l\u0131r bir tarzda tart\u0131\u015f\u0131yor. Zengin i\u00e7eri\u011fi kitab\u0131, dilin k\u00f6keni sorunuyla ilgilenen okurlar i\u00e7in oldu\u011fu kadar genel olarak insan dilinin kurucu unsurlar\u0131n\u0131 merak eden herkes i\u00e7in de ilgi \u00e7ekici k\u0131l\u0131yor. \u0130nsan diliyle hayvanlar aras\u0131 ileti\u015fim bi\u00e7imleri aras\u0131ndaki benzerlik ve farkl\u0131l\u0131klardan, dilin evriminin antropolojik tarih\u00e7esine ve dilin k\u00f6t\u00fcye kullan\u0131lmas\u0131na kadar, i\u015fledi\u011fi \u00e7e\u015fitli konularla ayd\u0131nlat\u0131c\u0131 bir giri\u015f kitab\u0131 olma \u00f6zelli\u011fi ta\u015f\u0131yor. \u201cAustralopitekus\u2019lar\u0131n beyin b\u00fcy\u00fckl\u00fc\u011f\u00fcn\u00fcn ve korteks anatomisinin nas\u0131l oldu\u011funu kurgulayan bilim adamlar\u0131 bu u\u011furda \u00e7ok mesai harcam\u0131\u015ft\u0131r. Australopitekus\u2019lar\u0131n \u015fempanzelere nazaran daha a\u00e7\u0131k alanlardaki -a\u011fa\u00e7l\u0131kl\u0131 savanalarda- ya\u015fam tarz\u0131n\u0131n arz etmesi muhtemel (reel ya da faraz\u00ee) b\u00fct\u00fcn potansiyel tehlikelerle, a\u015fik\u00e2r farkl\u0131l\u0131klar ta\u015f\u0131d\u0131\u011f\u0131 d\u00fc\u015f\u00fcn\u00fclm\u00fc\u015ft\u00fcr. Bu da, bilhassa \u015f\u00f6yle bir modelleme do\u011furmu\u015ftur: Soyumuzun bu yeni ortama uyum sa\u011flamas\u0131\/adaptasyonu onlar\u0131, \u00f6b\u00fcrlerinden farkl\u0131 olarak iki ayak \u00fcst\u00fcnde hareket etmeye ve \u00f6zellikle de y\u0131rt\u0131c\u0131lardan gelen tehdide kar\u015f\u0131 daha iyi ileti\u015fim kurmaya sevk etmi\u015ftir. \u0130lk dil \u201ck\u0131r\u0131nt\u0131lar\u0131\u201d bu ba\u011flamda ortaya \u00e7\u0131kacakt\u0131r. Ama, g\u00f6r\u00fcn\u00fcrde her yerinden sa\u011fduyu akan bu t\u00fcr bir hipotez, tamamen k\u00f6hnemi\u015f olan Lamarck\u2019\u00e7\u0131 evrim gelene\u011finin pe\u015fine tak\u0131l\u0131p s\u00fcr\u00fcklenmek d\u0131\u015f\u0131nda, hi\u00e7bir evrimsel mekanizma temeline dayanmamaktad\u0131r. \u0130ki ayak \u00fcst\u00fcnde y\u00fcr\u00fcme, ellerin bo\u015fta kalmas\u0131, \u00e2let kullanma, beynin geli\u015fmesi ve g\u0131rtla\u011f\u0131n a\u015fa\u011f\u0131ya inmesi olgular\u0131n\u0131 birbirine ba\u011flayan \u015fu insanla\u015fma s\u00fcrecine dair me\u015fhur resim, evrime ili\u015fkin bilinen s\u00fcre\u00e7ler bak\u0131m\u0131ndan, say\u0131lan b\u00fct\u00fcn \u00f6zelliklerin ya da i\u015flevlerin k\u00f6kenleri ve evrimi hakk\u0131nda hi\u00e7bir \u015fey a\u00e7\u0131klamayan a posteriori bir yorumdan ibarettir<\/p>\n","protected":false},"excerpt":{"rendered":"<p>\u00c7evirisini sundu\u011fumuz \u00e7al\u0131\u015fmada dilin k\u00f6keni sorunu, dilbilim, antropoloji, etoloji gibi \u00e7e\u015fitli dallar\u0131n \u0131\u015f\u0131\u011f\u0131nda, disiplinler aras\u0131 bir bak\u0131\u015f a\u00e7\u0131s\u0131yla ele al\u0131n\u0131yor. \u00dc\u00e7 Frans\u0131z bilim adam\u0131n\u0131n ortak \u00e7al\u0131\u015fmas\u0131<span class=\"excerpt-hellip\"> [\u2026]<\/span><\/p>\n","protected":false},"featured_media":0,"template":"","meta":{"_monsterinsights_skip_tracking":false,"_monsterinsights_sitenote_active":false,"_monsterinsights_sitenote_note":"","_monsterinsights_sitenote_category":0},"product_brand":[],"product_cat":[12573,12566],"product_tag":[],"class_list":{"0":"post-698551","1":"product","2":"type-product","3":"status-publish","5":"product_cat-akademik-kitaplar","6":"product_cat-egitim","7":"pa_cilt-ciltsiz","8":"pa_tur-kitap","9":"pa_yayinevi-bilge-kultur-sanat","10":"pa_yazar-jean-louis-dessalles","12":"first","13":"instock","14":"sale","15":"shipping-taxable","16":"purchasable","17":"product-type-simple"},"_links":{"self":[{"href":"https:\/\/roveyayinevi.com.tr\/index.php\/wp-json\/wp\/v2\/product\/698551","targetHints":{"allow":["GET"]}}],"collection":[{"href":"https:\/\/roveyayinevi.com.tr\/index.php\/wp-json\/wp\/v2\/product"}],"about":[{"href":"https:\/\/roveyayinevi.com.tr\/index.php\/wp-json\/wp\/v2\/types\/product"}],"wp:attachment":[{"href":"https:\/\/roveyayinevi.com.tr\/index.php\/wp-json\/wp\/v2\/media?parent=698551"}],"wp:term":[{"taxonomy":"product_brand","embeddable":true,"href":"https:\/\/roveyayinevi.com.tr\/index.php\/wp-json\/wp\/v2\/product_brand?post=698551"},{"taxonomy":"product_cat","embeddable":true,"href":"https:\/\/roveyayinevi.com.tr\/index.php\/wp-json\/wp\/v2\/product_cat?post=698551"},{"taxonomy":"product_tag","embeddable":true,"href":"https:\/\/roveyayinevi.com.tr\/index.php\/wp-json\/wp\/v2\/product_tag?post=698551"}],"curies":[{"name":"wp","href":"https:\/\/api.w.org\/{rel}","templated":true}]}}