{"id":698455,"date":"2025-08-27T14:45:34","date_gmt":"2025-08-27T11:45:34","guid":{"rendered":"https:\/\/roveyayinevi.com.tr\/index.php\/urun\/derrida-sozlugu-2\/"},"modified":"2026-04-16T02:07:54","modified_gmt":"2026-04-15T23:07:54","slug":"derrida-sozlugu-2","status":"publish","type":"product","link":"https:\/\/roveyayinevi.com.tr\/index.php\/urun\/derrida-sozlugu-2\/","title":{"rendered":"Derrida S\u00f6zl\u00fc\u011f\u00fc"},"content":{"rendered":"<p>Derrida S\u00f6zl\u00fc\u011f\u00fcTerminolojisinin zorlu\u011fuyla okurlar\u0131n g\u00f6z\u00fcn\u00fc korkutan Derrida&#8217;n\u0131n dilden siyasete kadar kalem oynatt\u0131\u011f\u0131 bir\u00e7ok alanda &#8220;adalet&#8221;ten &#8220;zar&#8221;a kadar pek \u00e7ok temel kavram\u0131n\u0131 ele alan Derrida S\u00f6zl\u00fc\u011f\u00fc -tam da filozofun ele\u015ftirel ruhuna uygun bir bi\u00e7imde- sabit bir tan\u0131mlar k\u00fcmesi olarak s\u00f6zl\u00fck d\u00fc\u015f\u00fcncesini bir yana b\u0131rak\u0131p okuru kavramlar aras\u0131nda ak\u0131\u015f halindeki bir d\u00fc\u015f\u00fcnme a\u011f\u0131n\u0131 kurmaya davet ediyor.Derrida S\u00f6zl\u00fc\u011f\u00fc s\u00f6zl\u00fck \u00e7atlatan bu filozofu anlamak i\u00e7in hem e\u011flenceli hem de \u00f6\u011fretici bir &#8220;metin&#8221;. <\/p>\n","protected":false},"excerpt":{"rendered":"<p>Derrida S\u00f6zl\u00fc\u011f\u00fcTerminolojisinin zorlu\u011fuyla okurlar\u0131n g\u00f6z\u00fcn\u00fc korkutan Derrida&#8217;n\u0131n dilden siyasete kadar kalem oynatt\u0131\u011f\u0131 bir\u00e7ok alanda &#8220;adalet&#8221;ten &#8220;zar&#8221;a kadar pek \u00e7ok temel kavram\u0131n\u0131 ele alan Derrida S\u00f6zl\u00fc\u011f\u00fc -tam<span class=\"excerpt-hellip\"> [\u2026]<\/span><\/p>\n","protected":false},"featured_media":0,"template":"","meta":{"_monsterinsights_skip_tracking":false,"_monsterinsights_sitenote_active":false,"_monsterinsights_sitenote_note":"","_monsterinsights_sitenote_category":0},"product_brand":[],"product_cat":[12388],"product_tag":[],"class_list":{"0":"post-698455","1":"product","2":"type-product","3":"status-publish","5":"product_cat-felsefe","6":"pa_cilt-ciltsiz","7":"pa_tur-kitap","8":"pa_yayinevi-bilgesu-yayincilik","9":"pa_yazar-niall-lucy","11":"first","12":"instock","13":"sale","14":"shipping-taxable","15":"purchasable","16":"product-type-simple"},"_links":{"self":[{"href":"https:\/\/roveyayinevi.com.tr\/index.php\/wp-json\/wp\/v2\/product\/698455","targetHints":{"allow":["GET"]}}],"collection":[{"href":"https:\/\/roveyayinevi.com.tr\/index.php\/wp-json\/wp\/v2\/product"}],"about":[{"href":"https:\/\/roveyayinevi.com.tr\/index.php\/wp-json\/wp\/v2\/types\/product"}],"wp:attachment":[{"href":"https:\/\/roveyayinevi.com.tr\/index.php\/wp-json\/wp\/v2\/media?parent=698455"}],"wp:term":[{"taxonomy":"product_brand","embeddable":true,"href":"https:\/\/roveyayinevi.com.tr\/index.php\/wp-json\/wp\/v2\/product_brand?post=698455"},{"taxonomy":"product_cat","embeddable":true,"href":"https:\/\/roveyayinevi.com.tr\/index.php\/wp-json\/wp\/v2\/product_cat?post=698455"},{"taxonomy":"product_tag","embeddable":true,"href":"https:\/\/roveyayinevi.com.tr\/index.php\/wp-json\/wp\/v2\/product_tag?post=698455"}],"curies":[{"name":"wp","href":"https:\/\/api.w.org\/{rel}","templated":true}]}}