{"id":698339,"date":"2025-08-27T14:44:56","date_gmt":"2025-08-27T11:44:56","guid":{"rendered":"https:\/\/roveyayinevi.com.tr\/index.php\/urun\/satista-iletisim-ve-bedenin-dili\/"},"modified":"2026-04-16T02:07:52","modified_gmt":"2026-04-15T23:07:52","slug":"satista-iletisim-ve-bedenin-dili","status":"publish","type":"product","link":"https:\/\/roveyayinevi.com.tr\/index.php\/urun\/satista-iletisim-ve-bedenin-dili\/","title":{"rendered":"Sat\u0131\u015fta \u0130leti\u015fim ve Bedenin Dili"},"content":{"rendered":"<p>G\u00fcn\u00fcm\u00fczde sat\u0131\u015f, sadece m\u00fc\u015fteriye mevcut \u00fcr\u00fcn\u00fc satmakla s\u0131n\u0131rl\u0131 olarak d\u00fc\u015f\u00fcn\u00fclemez. Ba\u015far\u0131l\u0131 bir sat\u0131\u015f, ayn\u0131 zamanda m\u00fc\u015fteriyle sa\u011flam, kal\u0131c\u0131 ve kaliteli bir ili\u015fki kurmaya dayan\u0131r. \u0130yi bir sat\u0131\u015f temsilcisi, iyi bir ili\u015fki y\u00f6neticisi de olmal\u0131d\u0131r. S\u00fcrekli ilgi g\u00f6ren, 10 y\u0131lda 40. bas\u0131ma ula\u015fan Bedenin Dili\u2019nin ard\u0131ndan Acar Balta\u015f, \u0130lhan \u00dcrkmez ve \u0130dil Sevil\u2019le bu yeni kitab\u0131 sat\u0131\u015f\u00e7\u0131lar i\u00e7in haz\u0131rlad\u0131. Bu kitapta neler var: \ufffcTan\u0131t\u0131m Metni<\/p>\n","protected":false},"excerpt":{"rendered":"<p>G\u00fcn\u00fcm\u00fczde sat\u0131\u015f, sadece m\u00fc\u015fteriye mevcut \u00fcr\u00fcn\u00fc satmakla s\u0131n\u0131rl\u0131 olarak d\u00fc\u015f\u00fcn\u00fclemez. Ba\u015far\u0131l\u0131 bir sat\u0131\u015f, ayn\u0131 zamanda m\u00fc\u015fteriyle sa\u011flam, kal\u0131c\u0131 ve kaliteli bir ili\u015fki kurmaya dayan\u0131r. \u0130yi bir<span class=\"excerpt-hellip\"> [\u2026]<\/span><\/p>\n","protected":false},"featured_media":0,"template":"","meta":{"_monsterinsights_skip_tracking":false,"_monsterinsights_sitenote_active":false,"_monsterinsights_sitenote_note":"","_monsterinsights_sitenote_category":0},"product_brand":[],"product_cat":[13043,14754],"product_tag":[],"class_list":{"0":"post-698339","1":"product","2":"type-product","3":"status-publish","5":"product_cat-ekonomi","6":"product_cat-halkla-iliskiler-insan-kaynaklari","7":"pa_cilt-ciltsiz","8":"pa_tur-kitap","9":"pa_yayinevi-remzi-kitabevi","10":"pa_yazar-ilhan-urkmez","12":"first","13":"instock","14":"sale","15":"shipping-taxable","16":"purchasable","17":"product-type-simple"},"_links":{"self":[{"href":"https:\/\/roveyayinevi.com.tr\/index.php\/wp-json\/wp\/v2\/product\/698339","targetHints":{"allow":["GET"]}}],"collection":[{"href":"https:\/\/roveyayinevi.com.tr\/index.php\/wp-json\/wp\/v2\/product"}],"about":[{"href":"https:\/\/roveyayinevi.com.tr\/index.php\/wp-json\/wp\/v2\/types\/product"}],"wp:attachment":[{"href":"https:\/\/roveyayinevi.com.tr\/index.php\/wp-json\/wp\/v2\/media?parent=698339"}],"wp:term":[{"taxonomy":"product_brand","embeddable":true,"href":"https:\/\/roveyayinevi.com.tr\/index.php\/wp-json\/wp\/v2\/product_brand?post=698339"},{"taxonomy":"product_cat","embeddable":true,"href":"https:\/\/roveyayinevi.com.tr\/index.php\/wp-json\/wp\/v2\/product_cat?post=698339"},{"taxonomy":"product_tag","embeddable":true,"href":"https:\/\/roveyayinevi.com.tr\/index.php\/wp-json\/wp\/v2\/product_tag?post=698339"}],"curies":[{"name":"wp","href":"https:\/\/api.w.org\/{rel}","templated":true}]}}