{"id":698327,"date":"2025-08-27T14:44:52","date_gmt":"2025-08-27T11:44:52","guid":{"rendered":"https:\/\/roveyayinevi.com.tr\/index.php\/urun\/abdulhamidi-deviren-kursun\/"},"modified":"2026-04-16T02:07:52","modified_gmt":"2026-04-15T23:07:52","slug":"abdulhamidi-deviren-kursun","status":"publish","type":"product","link":"https:\/\/roveyayinevi.com.tr\/index.php\/urun\/abdulhamidi-deviren-kursun\/","title":{"rendered":"Abd\u00fclhamid&#8217;i Deviren Kur\u015fun"},"content":{"rendered":"<p>Hakan \u00d6zdemir ilk defa g\u00fcn y\u00fcz\u00fcne \u00e7\u0131kan kaynaklarla sadece \u015eemsi Pa\u015fa suikast\u0131 de\u011fil, J\u00f6n T\u00fcrk \u2018\u0130htil\u00e2li\u2019 hakk\u0131nda bildiklerimizi de ustaca hesaba \u00e7ekmi\u015f ve tarihimizin bu \u00f6nemli kesitinin sorunlu kronolojisini d\u00fczeltmi\u015ftir. Bunu yaparken ola\u011fan\u00fcst\u00fc \u00e7al\u0131\u015fkanl\u0131\u011f\u0131 ve titizli\u011fiyle m\u00fchendis k\u00f6kenli tarih\u00e7i olman\u0131n kendisine sa\u011flad\u0131\u011f\u0131 avantajlardan yararlanm\u0131\u015ft\u0131r. Ezberleri bozacak bir kitap!Do\u00e7 Dr. Abd\u00fclhamit K\u0131rm\u0131z\u0131 Frans\u0131z \u0130htil\u00e2li\u2019nin \u201ch\u00fcrriyet\u201d, \u201ce\u015fitlik\u201d ve \u201ckarde\u015flik\u201d sloganlar\u0131na \u201cvatan\u201d ve \u201cadalet\u201di de ekleyen 1908 \u0130htil\u00e2li ku\u015fkusuz, Osmanl\u0131 tarihinin en \u00f6nemli d\u00f6n\u00fcm noktalar\u0131ndan biridir. Reval Bulu\u015fmas\u0131\u2019yla ba\u015flay\u0131p Me\u015frutiyet\u2019in ilan\u0131 ile sonu\u00e7lanan ihtil\u00e2l s\u00fcreci, Abd\u00fclhamid rejiminin \u00e7\u00f6k\u00fc\u015f\u00fcn\u00fcn en \u00f6nemli sebeplerinden oldu\u011fu i\u00e7in b\u00fcy\u00fck \u00f6neme sahiptir. Resneli Niyazi isyan\u0131n\u0131 bast\u0131rmak i\u00e7in g\u00f6revlendirilen \u015eemsi Pa\u015fa, Te\u011fmen At\u0131f\u2019\u0131n d\u00fczenledi\u011fi suikast ile Manast\u0131r\u2019da \u00f6ld\u00fcr\u00fcl\u00fcrken, Enver Pa\u015fa\u2019n\u0131n da i\u00e7inde oldu\u011fu \u0130ttihat\u00e7\u0131lar\u0131 yok etmek amac\u0131yla Firzovik\u2019te toplad\u0131\u011f\u0131 Arnavut birlikler de k\u0131sa bir s\u00fcre sonra isyanc\u0131lar\u0131n saf\u0131na ge\u00e7mi\u015ftir. Bu kitap, d\u00fcnya tarihinin belki de en s\u0131k\u0131nt\u0131l\u0131 d\u00f6neminde, otuz \u00fc\u00e7 y\u0131l gibi olduk\u00e7a uzun bir s\u00fcre Osmanl\u0131 Devleti\u2019ni y\u00f6netme ba\u015far\u0131s\u0131n\u0131 g\u00f6steren Sultan II. Abd\u00fclhamid\u2019in fiil\u00ee olarak devrili\u015fini incelemektedir.  Hakan \u00d6zdemir, \u015eemsi suikast\u0131n\u0131 dedektif titizli\u011fiyle ara\u015ft\u0131rm\u0131\u015f; suikastla ilgili belgeleri, soru\u015fturma raporlar\u0131n\u0131 ve resm\u00ee yaz\u0131\u015fmalar\u0131 sistematik bir analize tabi tutmu\u015ftur. Ar\u015fiv belgelerinin yan\u0131nda, d\u00f6nemin canl\u0131 tan\u0131klar\u0131n\u0131n hat\u0131ratlar\u0131 ve \u00e7ok say\u0131da ara\u015ft\u0131rmadan faydalanm\u0131\u015ft\u0131r. Ayr\u0131ca Rumeli Genel M\u00fcfetti\u015fi H\u00fcseyin Hilmi Pa\u015fa\u2019n\u0131n \u00f6zel evrak\u0131n\u0131 ilk defa, ihtil\u00e2l s\u00fcrecindeki olaylar\u0131 ortaya \u00e7\u0131karmak i\u00e7in detayl\u0131 bir \u015fekilde kullanm\u0131\u015ft\u0131r.\u015eemsi Pa\u015fa\u2019n\u0131n \u00f6l\u00fcrken dilinden d\u00f6k\u00fclen, \u201cbeni zabitler bitirdi\u201d s\u00f6z\u00fc, sadece kendisinin de\u011fil; \u00e2deta Abd\u00fclhamid\u2019in de son s\u00f6z\u00fc olmu\u015ftur&#8230; Drahor k\u0131y\u0131s\u0131nda At\u0131f\u2019\u0131n tabancas\u0131ndan \u00e7\u0131kan kur\u015fun, Manast\u0131r\u2019da \u015eemsi Pa\u015fa\u2019y\u0131; \u0130stanbul\u2019da ise son imparator Sultan II. Abd\u00fclhamid\u2019i devirmi\u015ftir. <\/p>\n","protected":false},"excerpt":{"rendered":"<p>Hakan \u00d6zdemir ilk defa g\u00fcn y\u00fcz\u00fcne \u00e7\u0131kan kaynaklarla sadece \u015eemsi Pa\u015fa suikast\u0131 de\u011fil, J\u00f6n T\u00fcrk \u2018\u0130htil\u00e2li\u2019 hakk\u0131nda bildiklerimizi de ustaca hesaba \u00e7ekmi\u015f ve tarihimizin bu \u00f6nemli<span class=\"excerpt-hellip\"> [\u2026]<\/span><\/p>\n","protected":false},"featured_media":0,"template":"","meta":{"_monsterinsights_skip_tracking":false,"_monsterinsights_sitenote_active":false,"_monsterinsights_sitenote_note":"","_monsterinsights_sitenote_category":0},"product_brand":[],"product_cat":[12304,13650],"product_tag":[],"class_list":{"0":"post-698327","1":"product","2":"type-product","3":"status-publish","5":"product_cat-tarih","6":"product_cat-turk-tarihi-arastirmalari","7":"pa_tur-kitap","8":"pa_yayinevi-timas-yayinlari","9":"pa_yazar-hakan-ozdemir","11":"first","12":"instock","13":"sale","14":"shipping-taxable","15":"purchasable","16":"product-type-simple"},"_links":{"self":[{"href":"https:\/\/roveyayinevi.com.tr\/index.php\/wp-json\/wp\/v2\/product\/698327","targetHints":{"allow":["GET"]}}],"collection":[{"href":"https:\/\/roveyayinevi.com.tr\/index.php\/wp-json\/wp\/v2\/product"}],"about":[{"href":"https:\/\/roveyayinevi.com.tr\/index.php\/wp-json\/wp\/v2\/types\/product"}],"wp:attachment":[{"href":"https:\/\/roveyayinevi.com.tr\/index.php\/wp-json\/wp\/v2\/media?parent=698327"}],"wp:term":[{"taxonomy":"product_brand","embeddable":true,"href":"https:\/\/roveyayinevi.com.tr\/index.php\/wp-json\/wp\/v2\/product_brand?post=698327"},{"taxonomy":"product_cat","embeddable":true,"href":"https:\/\/roveyayinevi.com.tr\/index.php\/wp-json\/wp\/v2\/product_cat?post=698327"},{"taxonomy":"product_tag","embeddable":true,"href":"https:\/\/roveyayinevi.com.tr\/index.php\/wp-json\/wp\/v2\/product_tag?post=698327"}],"curies":[{"name":"wp","href":"https:\/\/api.w.org\/{rel}","templated":true}]}}