{"id":698313,"date":"2025-08-27T14:44:48","date_gmt":"2025-08-27T11:44:48","guid":{"rendered":"https:\/\/roveyayinevi.com.tr\/index.php\/urun\/neoliberalizm-islamci-sermayenin-yukselisi-ve-akp\/"},"modified":"2026-04-16T02:07:51","modified_gmt":"2026-04-15T23:07:51","slug":"neoliberalizm-islamci-sermayenin-yukselisi-ve-akp","status":"publish","type":"product","link":"https:\/\/roveyayinevi.com.tr\/index.php\/urun\/neoliberalizm-islamci-sermayenin-yukselisi-ve-akp\/","title":{"rendered":"Neoliberalizm, \u0130slamc\u0131 Sermayenin Y\u00fckseli\u015fi ve Akp"},"content":{"rendered":"<p>Bu kitapta daha \u00f6nce bir\u00e7ok defa ayr\u0131 ayr\u0131 incelenmi\u015f olan neoliberalizm ve \u0130slamc\u0131 sermaye olgular\u0131 ilk kez kapsaml\u0131 bir i\u00e7erikle birlikte ele al\u0131n\u0131yor. B\u00f6ylece, son yirmi y\u0131la \u00f6zg\u00fcnl\u00fc\u011f\u00fcn\u00fc kazand\u0131ran \u0130slamc\u0131 sermaye birikiminin neoliberal politikalarla ili\u015fkisini ve bunun sonucu olarak ortaya \u00e7\u0131kan yeni s\u0131n\u0131f olu\u015fumlar\u0131n\u0131 ciddi bir bi\u00e7imde incelemek olanakl\u0131 oluyor. Bu ba\u011flamda T\u00fcrkiye\u2019de AKP d\u00f6nemindeki geli\u015fmeler, \u0130slamc\u0131 burjuvazi ve \u0130slamc\u0131 orta s\u0131n\u0131f olgular\u0131 mercek alt\u0131na al\u0131n\u0131yor. Ayr\u0131ca, \u00fclkemizde ve d\u00fcnyada gayet gev\u015fek, i\u00e7eri\u011fi tan\u0131mlanmam\u0131\u015f, i\u00e7ine her \u015feyin doldurulabilece\u011fi bir kavram olarak kullan\u0131lan \u201corta s\u0131n\u0131f\u201d kavram\u0131na, daha iyi tan\u0131mlanm\u0131\u015f, bilimsel, daha somut bir i\u00e7erik ve bundan t\u00fcreyen kuramsal ve ampirik tart\u0131\u015fmalara yeni bir boyut kazand\u0131r\u0131lmaya \u00e7al\u0131\u015f\u0131l\u0131yor. T\u00fcrkiye \u00fczerine yap\u0131lan \u00e7al\u0131\u015fmalar\u0131n bu a\u00e7\u0131dan zenginle\u015ftirilmesi Gezi \u0130syan\u0131 ve benzeri siyasal olaylar s\u0131ras\u0131nda g\u00fcndeme getirilen s\u0131n\u0131fsal yorumlara ve \u00e7\u00f6z\u00fcmlemelere ele\u015ftirel yakla\u015f\u0131labilmesine olanak sa\u011flayacakt\u0131r. \ufffcTan\u0131t\u0131m Metni<\/p>\n","protected":false},"excerpt":{"rendered":"<p>Bu kitapta daha \u00f6nce bir\u00e7ok defa ayr\u0131 ayr\u0131 incelenmi\u015f olan neoliberalizm ve \u0130slamc\u0131 sermaye olgular\u0131 ilk kez kapsaml\u0131 bir i\u00e7erikle birlikte ele al\u0131n\u0131yor. B\u00f6ylece, son yirmi<span class=\"excerpt-hellip\"> [\u2026]<\/span><\/p>\n","protected":false},"featured_media":0,"template":"","meta":{"_monsterinsights_skip_tracking":false,"_monsterinsights_sitenote_active":false,"_monsterinsights_sitenote_note":"","_monsterinsights_sitenote_category":0},"product_brand":[],"product_cat":[12312,12304],"product_tag":[],"class_list":{"0":"post-698313","1":"product","2":"type-product","3":"status-publish","5":"product_cat-diger","6":"product_cat-tarih","7":"pa_cilt-ciltsiz","8":"pa_tur-kitap","9":"pa_yayinevi-yordam-kitap","10":"pa_yazar-kolektif","12":"first","13":"instock","14":"sale","15":"shipping-taxable","16":"purchasable","17":"product-type-simple"},"_links":{"self":[{"href":"https:\/\/roveyayinevi.com.tr\/index.php\/wp-json\/wp\/v2\/product\/698313","targetHints":{"allow":["GET"]}}],"collection":[{"href":"https:\/\/roveyayinevi.com.tr\/index.php\/wp-json\/wp\/v2\/product"}],"about":[{"href":"https:\/\/roveyayinevi.com.tr\/index.php\/wp-json\/wp\/v2\/types\/product"}],"wp:attachment":[{"href":"https:\/\/roveyayinevi.com.tr\/index.php\/wp-json\/wp\/v2\/media?parent=698313"}],"wp:term":[{"taxonomy":"product_brand","embeddable":true,"href":"https:\/\/roveyayinevi.com.tr\/index.php\/wp-json\/wp\/v2\/product_brand?post=698313"},{"taxonomy":"product_cat","embeddable":true,"href":"https:\/\/roveyayinevi.com.tr\/index.php\/wp-json\/wp\/v2\/product_cat?post=698313"},{"taxonomy":"product_tag","embeddable":true,"href":"https:\/\/roveyayinevi.com.tr\/index.php\/wp-json\/wp\/v2\/product_tag?post=698313"}],"curies":[{"name":"wp","href":"https:\/\/api.w.org\/{rel}","templated":true}]}}