{"id":698192,"date":"2025-08-27T14:43:59","date_gmt":"2025-08-27T11:43:59","guid":{"rendered":"https:\/\/roveyayinevi.com.tr\/index.php\/urun\/2-mesrutiyetten-cumhuriyete-turk-devrimi-ve-fikir-temelleri\/"},"modified":"2026-04-16T02:07:49","modified_gmt":"2026-04-15T23:07:49","slug":"2-mesrutiyetten-cumhuriyete-turk-devrimi-ve-fikir-temelleri","status":"publish","type":"product","link":"https:\/\/roveyayinevi.com.tr\/index.php\/urun\/2-mesrutiyetten-cumhuriyete-turk-devrimi-ve-fikir-temelleri\/","title":{"rendered":"2. Me\u015frutiyet\u2019ten Cumhuriyet\u2019e T\u00fcrk Devrimi ve Fikir Temelleri"},"content":{"rendered":"<p>II. Me\u015frutiyet\u2019ten Cumhuriyet\u2019e T\u00fcrk Devrimi ve Fikir Temelleri adl\u0131 bu \u00e7al\u0131\u015fmada, T\u00fcrk Kurtulu\u015f Sava\u015f\u0131\u2019n\u0131n zaferle sonu\u00e7lanmas\u0131ndan sonra, Mustafa Kemal Atat\u00fcrk \u00f6nderli\u011finde ger\u00e7ekle\u015ftirilen ink\u0131laplar ve   T\u00fcrk \u0130nk\u0131lab\u0131   ad\u0131 verilen bu k\u00f6kl\u00fc de\u011fi\u015fimlerin Tanzimat ve Me\u015frutiyet d\u00f6nemlerine kadar uzanan fikri haz\u0131rl\u0131k d\u00f6nemi ele ala\u0131nmaktad\u0131r. \u00dc\u00e7 b\u00f6l\u00fcmden olu\u015fan bu kitab\u0131n birinci b\u00f6l\u00fcm\u00fcnde B\u00fcy\u00fck \u0130nk\u0131lab\u0131m\u0131z: Saltanat\u0131n Kald\u0131r\u0131mlas\u0131, \u0130kinci b\u00f6l\u00fcmde E\u011fitim &#8211; \u00d6\u011fretim, Hukuk ve K\u00fclt\u00fcr Alan\u0131nda Yap\u0131lan \u0130nk\u0131lap Hareketleri, \u00fc\u00e7\u00fcnc\u00fc b\u00f6l\u00fcmde ise Sosyal Alanda Yap\u0131lan \u0130nk\u0131laplar ve Toplumsal Ya\u015fay\u0131\u015f\u0131n D\u00fczenlenmesi konular\u0131 incelenmektedir. <\/p>\n","protected":false},"excerpt":{"rendered":"<p>II. Me\u015frutiyet\u2019ten Cumhuriyet\u2019e T\u00fcrk Devrimi ve Fikir Temelleri adl\u0131 bu \u00e7al\u0131\u015fmada, T\u00fcrk Kurtulu\u015f Sava\u015f\u0131\u2019n\u0131n zaferle sonu\u00e7lanmas\u0131ndan sonra, Mustafa Kemal Atat\u00fcrk \u00f6nderli\u011finde ger\u00e7ekle\u015ftirilen ink\u0131laplar ve T\u00fcrk \u0130nk\u0131lab\u0131<span class=\"excerpt-hellip\"> [\u2026]<\/span><\/p>\n","protected":false},"featured_media":0,"template":"","meta":{"_monsterinsights_skip_tracking":false,"_monsterinsights_sitenote_active":false,"_monsterinsights_sitenote_note":"","_monsterinsights_sitenote_category":0},"product_brand":[],"product_cat":[12530,12304],"product_tag":[],"class_list":{"0":"post-698192","1":"product","2":"type-product","3":"status-publish","5":"product_cat-mustafa-kemal-ataturk","6":"product_cat-tarih","7":"pa_tur-kitap","8":"pa_yayinevi-kaynak-yayinlari","9":"pa_yazar-selami-kilic","11":"first","12":"instock","13":"sale","14":"shipping-taxable","15":"purchasable","16":"product-type-simple"},"_links":{"self":[{"href":"https:\/\/roveyayinevi.com.tr\/index.php\/wp-json\/wp\/v2\/product\/698192","targetHints":{"allow":["GET"]}}],"collection":[{"href":"https:\/\/roveyayinevi.com.tr\/index.php\/wp-json\/wp\/v2\/product"}],"about":[{"href":"https:\/\/roveyayinevi.com.tr\/index.php\/wp-json\/wp\/v2\/types\/product"}],"wp:attachment":[{"href":"https:\/\/roveyayinevi.com.tr\/index.php\/wp-json\/wp\/v2\/media?parent=698192"}],"wp:term":[{"taxonomy":"product_brand","embeddable":true,"href":"https:\/\/roveyayinevi.com.tr\/index.php\/wp-json\/wp\/v2\/product_brand?post=698192"},{"taxonomy":"product_cat","embeddable":true,"href":"https:\/\/roveyayinevi.com.tr\/index.php\/wp-json\/wp\/v2\/product_cat?post=698192"},{"taxonomy":"product_tag","embeddable":true,"href":"https:\/\/roveyayinevi.com.tr\/index.php\/wp-json\/wp\/v2\/product_tag?post=698192"}],"curies":[{"name":"wp","href":"https:\/\/api.w.org\/{rel}","templated":true}]}}