{"id":698177,"date":"2025-08-27T14:43:55","date_gmt":"2025-08-27T11:43:55","guid":{"rendered":"https:\/\/roveyayinevi.com.tr\/index.php\/urun\/anti-kapitalist-zihniyet\/"},"modified":"2026-04-16T02:07:48","modified_gmt":"2026-04-15T23:07:48","slug":"anti-kapitalist-zihniyet","status":"publish","type":"product","link":"https:\/\/roveyayinevi.com.tr\/index.php\/urun\/anti-kapitalist-zihniyet\/","title":{"rendered":"Anti Kapitalist Zihniyet"},"content":{"rendered":"<p>Kapitalizm kar\u015f\u0131tl\u0131\u011f\u0131 siyas\u00ee ve ideolojik yelpazenin sa\u011f\u0131nda, solunda, ortas\u0131nda, k\u0131saca herhangi bir yerinde yer alan herkesin payla\u015ft\u0131\u011f\u0131 bir tav\u0131rd\u0131r. Kapitalizmi dolu dizgin ele\u015ftirmek s\u0131radan bir davran\u0131\u015f h\u00e2line gelmi\u015ftir. Bu niye b\u00f6yledir? Kapitalizmin insanl\u0131\u011fa kazand\u0131rd\u0131\u011f\u0131 iyi bir \u015fey yok mudur? Kapitalizm kar\u015f\u0131t\u0131 zihniyet sa\u011flam bir temele oturmakta m\u0131d\u0131r? Yoksa tamamen hiss\u00ee midir? Kapitalizm insanlar\u0131n erdemlerini g\u00f6rmezden mi gelmektedir? Kapitalizm ortadan kald\u0131r\u0131l\u0131rsa, insanl\u0131k daha iyiye mi gidecektir? Ludwig von Mises, Anti-kapitalist Zihniyet ile bizlere bu sorular\u0131n cevaplar\u0131n\u0131 okuma f\u0131rsat\u0131 sunuyor. \ufffcTan\u0131t\u0131m Metni<\/p>\n","protected":false},"excerpt":{"rendered":"<p>Kapitalizm kar\u015f\u0131tl\u0131\u011f\u0131 siyas\u00ee ve ideolojik yelpazenin sa\u011f\u0131nda, solunda, ortas\u0131nda, k\u0131saca herhangi bir yerinde yer alan herkesin payla\u015ft\u0131\u011f\u0131 bir tav\u0131rd\u0131r. Kapitalizmi dolu dizgin ele\u015ftirmek s\u0131radan bir davran\u0131\u015f<span class=\"excerpt-hellip\"> [\u2026]<\/span><\/p>\n","protected":false},"featured_media":0,"template":"","meta":{"_monsterinsights_skip_tracking":false,"_monsterinsights_sitenote_active":false,"_monsterinsights_sitenote_note":"","_monsterinsights_sitenote_category":0},"product_brand":[],"product_cat":[16098,12337],"product_tag":[],"class_list":{"0":"post-698177","1":"product","2":"type-product","3":"status-publish","5":"product_cat-politik-akimlar-hareketler","6":"product_cat-politika-siyaset","7":"pa_cilt-ciltsiz","8":"pa_tur-kitap","9":"pa_yayinevi-liberte-yayinlari","10":"pa_yazar-ludwig-von-mises","12":"first","13":"instock","14":"sale","15":"shipping-taxable","16":"purchasable","17":"product-type-simple"},"_links":{"self":[{"href":"https:\/\/roveyayinevi.com.tr\/index.php\/wp-json\/wp\/v2\/product\/698177","targetHints":{"allow":["GET"]}}],"collection":[{"href":"https:\/\/roveyayinevi.com.tr\/index.php\/wp-json\/wp\/v2\/product"}],"about":[{"href":"https:\/\/roveyayinevi.com.tr\/index.php\/wp-json\/wp\/v2\/types\/product"}],"wp:attachment":[{"href":"https:\/\/roveyayinevi.com.tr\/index.php\/wp-json\/wp\/v2\/media?parent=698177"}],"wp:term":[{"taxonomy":"product_brand","embeddable":true,"href":"https:\/\/roveyayinevi.com.tr\/index.php\/wp-json\/wp\/v2\/product_brand?post=698177"},{"taxonomy":"product_cat","embeddable":true,"href":"https:\/\/roveyayinevi.com.tr\/index.php\/wp-json\/wp\/v2\/product_cat?post=698177"},{"taxonomy":"product_tag","embeddable":true,"href":"https:\/\/roveyayinevi.com.tr\/index.php\/wp-json\/wp\/v2\/product_tag?post=698177"}],"curies":[{"name":"wp","href":"https:\/\/api.w.org\/{rel}","templated":true}]}}