{"id":698095,"date":"2025-08-27T14:43:31","date_gmt":"2025-08-27T11:43:31","guid":{"rendered":"https:\/\/roveyayinevi.com.tr\/index.php\/urun\/sehit-diplomatlarimiz-1973-1994-2-cilt-takim\/"},"modified":"2026-04-16T02:07:46","modified_gmt":"2026-04-15T23:07:46","slug":"sehit-diplomatlarimiz-1973-1994-2-cilt-takim","status":"publish","type":"product","link":"https:\/\/roveyayinevi.com.tr\/index.php\/urun\/sehit-diplomatlarimiz-1973-1994-2-cilt-takim\/","title":{"rendered":"\u015eehit Diplomatlar\u0131m\u0131z 1973-1994 (2 Cilt Tak\u0131m)"},"content":{"rendered":"<p>Bu kitaplarda, Ermeni ter\u00f6r \u00f6rg\u00fctlerinin, 1973-1994 tarihleri aras\u0131nda, T\u00fcrk diplomatlar\u0131na kar\u015f\u0131 giri\u015ftikleri ac\u0131mas\u0131z ve ak\u0131ld\u0131\u015f\u0131 sald\u0131r\u0131larda \u015fehit edilen ya da yaralanan diplomatlar\u0131m\u0131z ile yak\u0131nlar\u0131n\u0131n hazin \u00f6yk\u00fcs\u00fc var. Ermeni ter\u00f6r\u00fcn\u00fcn vah\u015fi y\u00fcz\u00fcn\u00fc g\u00f6zler \u00f6n\u00fcne seren yap\u0131tta, belleklerde iz b\u0131rakacak suikastlar, kanl\u0131 bask\u0131nlar, cenaze t\u00f6renleri; olaylar\u0131n ya\u015fand\u0131\u011f\u0131 \u00fclkelerin tutumlar\u0131, san\u0131klar\u0131n yarg\u0131lanma s\u00fcre\u00e7lerinde ya\u015fananlar, belgelerle anlat\u0131l\u0131yor. \u0130ki kitaptan olu\u015fan dev bir ara\u015ft\u0131rma. <\/p>\n","protected":false},"excerpt":{"rendered":"<p>Bu kitaplarda, Ermeni ter\u00f6r \u00f6rg\u00fctlerinin, 1973-1994 tarihleri aras\u0131nda, T\u00fcrk diplomatlar\u0131na kar\u015f\u0131 giri\u015ftikleri ac\u0131mas\u0131z ve ak\u0131ld\u0131\u015f\u0131 sald\u0131r\u0131larda \u015fehit edilen ya da yaralanan diplomatlar\u0131m\u0131z ile yak\u0131nlar\u0131n\u0131n hazin \u00f6yk\u00fcs\u00fc<span class=\"excerpt-hellip\"> [\u2026]<\/span><\/p>\n","protected":false},"featured_media":0,"template":"","meta":{"_monsterinsights_skip_tracking":false,"_monsterinsights_sitenote_active":false,"_monsterinsights_sitenote_note":"","_monsterinsights_sitenote_category":0},"product_brand":[],"product_cat":[12338,12337],"product_tag":[],"class_list":{"0":"post-698095","1":"product","2":"type-product","3":"status-publish","5":"product_cat-dunya-siyaseti-ve-politikasi","6":"product_cat-politika-siyaset","7":"pa_tur-kitap","8":"pa_yayinevi-bilgi-yayinevi","9":"pa_yazar-bilal-n-simsir","11":"first","12":"instock","13":"sale","14":"shipping-taxable","15":"purchasable","16":"product-type-simple"},"_links":{"self":[{"href":"https:\/\/roveyayinevi.com.tr\/index.php\/wp-json\/wp\/v2\/product\/698095","targetHints":{"allow":["GET"]}}],"collection":[{"href":"https:\/\/roveyayinevi.com.tr\/index.php\/wp-json\/wp\/v2\/product"}],"about":[{"href":"https:\/\/roveyayinevi.com.tr\/index.php\/wp-json\/wp\/v2\/types\/product"}],"wp:attachment":[{"href":"https:\/\/roveyayinevi.com.tr\/index.php\/wp-json\/wp\/v2\/media?parent=698095"}],"wp:term":[{"taxonomy":"product_brand","embeddable":true,"href":"https:\/\/roveyayinevi.com.tr\/index.php\/wp-json\/wp\/v2\/product_brand?post=698095"},{"taxonomy":"product_cat","embeddable":true,"href":"https:\/\/roveyayinevi.com.tr\/index.php\/wp-json\/wp\/v2\/product_cat?post=698095"},{"taxonomy":"product_tag","embeddable":true,"href":"https:\/\/roveyayinevi.com.tr\/index.php\/wp-json\/wp\/v2\/product_tag?post=698095"}],"curies":[{"name":"wp","href":"https:\/\/api.w.org\/{rel}","templated":true}]}}