{"id":697989,"date":"2025-08-27T14:42:54","date_gmt":"2025-08-27T11:42:54","guid":{"rendered":"https:\/\/roveyayinevi.com.tr\/index.php\/urun\/ilk-kitabini-kendin-boya-turu-tukenen-hayvanlar\/"},"modified":"2026-04-16T02:07:27","modified_gmt":"2026-04-15T23:07:27","slug":"ilk-kitabini-kendin-boya-turu-tukenen-hayvanlar","status":"publish","type":"product","link":"https:\/\/roveyayinevi.com.tr\/index.php\/urun\/ilk-kitabini-kendin-boya-turu-tukenen-hayvanlar\/","title":{"rendered":"\u0130lk Kitab\u0131n\u0131 Kendin Boya &#8211; T\u00fcr\u00fc T\u00fckenen Hayvanlar"},"content":{"rendered":"<p>Ya\u015fam haklar\u0131na sayg\u0131! E\u011flenerek \u00f6\u011frenmek i\u00e7in ideal ba\u015flang\u0131\u00e7lar!\u00dclkemizdeki ilk \u00f6zg\u00fcn \u00f6rneklerini G\u00fcn\u0131\u015f\u0131\u011f\u0131 Kitapl\u0131\u011f\u0131\u2019n\u0131n haz\u0131rlad\u0131\u011f\u0131, hem okunan hem boyanan kitaplardan olu\u015fan diziyle, k\u00fc\u00e7\u00fckler, dinledikleri ya da okuduklar\u0131 birbirinden sevimli \u00f6yk\u00fcleri kendileri renklendiriyor! Anaokulu \u00f6\u011frencileri ve ilk\u00f6\u011fretime yeni ba\u015flayan \u00e7ocuklar i\u00e7in haz\u0131rlanan kitaplar\u0131n boyutu, sayfa d\u00fczeni, i\u00e7erdi\u011fi bilgi ve desen dili, ya\u015f grubunun gereksinimleri g\u00f6z \u00f6n\u00fcne al\u0131narak belirleniyor.Nesli t\u00fckenme tehlikesiyle kar\u015f\u0131 kar\u015f\u0131ya olan sevimli hayvanlar\u0131n anlat\u0131ld\u0131\u011f\u0131 kitapta, d\u00fcnyan\u0131n farkl\u0131 b\u00f6lgelerinde, de\u011fi\u015fik iklim ko\u015fullar\u0131nda ya\u015fayamaya \u00e7al\u0131\u015fan sevimli dostlar\u0131m\u0131z i\u015fleniyor. D\u00fcnyadaki t\u00fcm canl\u0131lar\u0131n ya\u015fam hakk\u0131na sayg\u0131 duyulmas\u0131n\u0131n \u00f6nemine vurgu yapan kitapta yer alan hayvanlardan baz\u0131lar\u0131: Akdeniz foku, kivi, panda, tembel hayvan, kelaynak, mavi balina, ornitorenk\u2026\ufffc<\/p>\n","protected":false},"excerpt":{"rendered":"<p>Ya\u015fam haklar\u0131na sayg\u0131! E\u011flenerek \u00f6\u011frenmek i\u00e7in ideal ba\u015flang\u0131\u00e7lar!\u00dclkemizdeki ilk \u00f6zg\u00fcn \u00f6rneklerini G\u00fcn\u0131\u015f\u0131\u011f\u0131 Kitapl\u0131\u011f\u0131\u2019n\u0131n haz\u0131rlad\u0131\u011f\u0131, hem okunan hem boyanan kitaplardan olu\u015fan diziyle, k\u00fc\u00e7\u00fckler, dinledikleri ya da okuduklar\u0131<span class=\"excerpt-hellip\"> [\u2026]<\/span><\/p>\n","protected":false},"featured_media":0,"template":"","meta":{"_monsterinsights_skip_tracking":false,"_monsterinsights_sitenote_active":false,"_monsterinsights_sitenote_note":"","_monsterinsights_sitenote_category":0},"product_brand":[],"product_cat":[12644,12274],"product_tag":[],"class_list":{"0":"post-697989","1":"product","2":"type-product","3":"status-publish","5":"product_cat-boyama-kitaplari","6":"product_cat-cocuk-ve-genclik-kitaplari","7":"pa_cilt-ciltsiz","8":"pa_tur-kitap","9":"pa_yayinevi-gunisigi-kitapligi","10":"pa_yazar-muren-beykan","12":"first","13":"instock","14":"sale","15":"shipping-taxable","16":"purchasable","17":"product-type-simple"},"_links":{"self":[{"href":"https:\/\/roveyayinevi.com.tr\/index.php\/wp-json\/wp\/v2\/product\/697989","targetHints":{"allow":["GET"]}}],"collection":[{"href":"https:\/\/roveyayinevi.com.tr\/index.php\/wp-json\/wp\/v2\/product"}],"about":[{"href":"https:\/\/roveyayinevi.com.tr\/index.php\/wp-json\/wp\/v2\/types\/product"}],"wp:attachment":[{"href":"https:\/\/roveyayinevi.com.tr\/index.php\/wp-json\/wp\/v2\/media?parent=697989"}],"wp:term":[{"taxonomy":"product_brand","embeddable":true,"href":"https:\/\/roveyayinevi.com.tr\/index.php\/wp-json\/wp\/v2\/product_brand?post=697989"},{"taxonomy":"product_cat","embeddable":true,"href":"https:\/\/roveyayinevi.com.tr\/index.php\/wp-json\/wp\/v2\/product_cat?post=697989"},{"taxonomy":"product_tag","embeddable":true,"href":"https:\/\/roveyayinevi.com.tr\/index.php\/wp-json\/wp\/v2\/product_tag?post=697989"}],"curies":[{"name":"wp","href":"https:\/\/api.w.org\/{rel}","templated":true}]}}