{"id":697708,"date":"2025-08-27T14:41:26","date_gmt":"2025-08-27T11:41:26","guid":{"rendered":"https:\/\/roveyayinevi.com.tr\/index.php\/urun\/toplum-ve-insan\/"},"modified":"2026-01-29T02:12:53","modified_gmt":"2026-01-28T23:12:53","slug":"toplum-ve-insan","status":"publish","type":"product","link":"https:\/\/roveyayinevi.com.tr\/index.php\/urun\/toplum-ve-insan\/","title":{"rendered":"Toplum ve \u0130nsan"},"content":{"rendered":"<p>Varl\u0131\u011f\u0131m\u0131z\u0131 kan\u0131tlaman\u0131n ilk ko\u015fulu sahip oldu\u011fumuz de\u011ferleri, ayr\u0131cal\u0131klar\u0131 ve bilgileri payla\u015fabilmektir. Bunun i\u00e7in ise bir toplumun \u00fcyesi olmam\u0131z ka\u00e7\u0131n\u0131lmazd\u0131r. E\u011fer veremiyorsak ve dolay\u0131s\u0131yla da alam\u0131yorsak varolmam\u0131z\u0131n hi\u00e7bir anlam\u0131 kalmaz diye d\u00fc\u015f\u00fcn\u00fcyorum. Topluma duydu\u011fumuz sayg\u0131, kendimize duydu\u011fumuz sayg\u0131yla do\u011frudan ilgilidir. Biri yoksa di\u011ferinin var olmas\u0131 da beklenemez herhalde. Toplumu ve kendimizi tan\u0131mad\u0131k\u00e7a, beni ben yapan niteliklerle, toplumu \u00f6zg\u00fcn k\u0131lar \u00f6zellikleri bilmedik\u00e7e ve \u00f6z\u00fcmsemedik\u00e7e, ba\u015fka bir ifade ile de insan ve insana ba\u011fl\u0131 de\u011ferleri \u00f6\u011frenemedik\u00e7e varl\u0131k kavram\u0131n\u0131 kavramam\u0131z da herhalde s\u00f6z konusu olamaz. Bu kitab\u0131 haz\u0131rlarken \u00f6nce toplumla ilgili de\u011ferlerimi dam\u0131tmak, sonra da kendinin topluma yakla\u015f\u0131m\u0131n\u0131 s\u0131namak iste\u011fi hep ba\u015fat \u00f6l\u00e7\u00fct\u00fcm oldu. Toplumun temel kurumlar\u0131 ile benim ili\u015fkilerim de\u011ferlendirirken, \u00f6zellikle gen\u00e7 ku\u015faklara belki bir hizmette bulunurum \u00fcmidi de temel g\u00fcd\u00fcy\u00fc olu\u015fturdu. <\/p>\n","protected":false},"excerpt":{"rendered":"<p>Varl\u0131\u011f\u0131m\u0131z\u0131 kan\u0131tlaman\u0131n ilk ko\u015fulu sahip oldu\u011fumuz de\u011ferleri, ayr\u0131cal\u0131klar\u0131 ve bilgileri payla\u015fabilmektir. Bunun i\u00e7in ise bir toplumun \u00fcyesi olmam\u0131z ka\u00e7\u0131n\u0131lmazd\u0131r. E\u011fer veremiyorsak ve dolay\u0131s\u0131yla da alam\u0131yorsak varolmam\u0131z\u0131n<span class=\"excerpt-hellip\"> [\u2026]<\/span><\/p>\n","protected":false},"featured_media":0,"template":"","meta":{"_monsterinsights_skip_tracking":false,"_monsterinsights_sitenote_active":false,"_monsterinsights_sitenote_note":"","_monsterinsights_sitenote_category":0},"product_brand":[],"product_cat":[12835,12324],"product_tag":[],"class_list":{"0":"post-697708","1":"product","2":"type-product","3":"status-publish","5":"product_cat-genel-sosyoloji","6":"product_cat-sosyoloji","7":"pa_cilt-ciltsiz","8":"pa_tur-kitap","9":"pa_yayinevi-utopya-yayinevi","10":"pa_yazar-sitki-m-erinc","12":"first","13":"instock","14":"sale","15":"shipping-taxable","16":"purchasable","17":"product-type-simple"},"_links":{"self":[{"href":"https:\/\/roveyayinevi.com.tr\/index.php\/wp-json\/wp\/v2\/product\/697708","targetHints":{"allow":["GET"]}}],"collection":[{"href":"https:\/\/roveyayinevi.com.tr\/index.php\/wp-json\/wp\/v2\/product"}],"about":[{"href":"https:\/\/roveyayinevi.com.tr\/index.php\/wp-json\/wp\/v2\/types\/product"}],"wp:attachment":[{"href":"https:\/\/roveyayinevi.com.tr\/index.php\/wp-json\/wp\/v2\/media?parent=697708"}],"wp:term":[{"taxonomy":"product_brand","embeddable":true,"href":"https:\/\/roveyayinevi.com.tr\/index.php\/wp-json\/wp\/v2\/product_brand?post=697708"},{"taxonomy":"product_cat","embeddable":true,"href":"https:\/\/roveyayinevi.com.tr\/index.php\/wp-json\/wp\/v2\/product_cat?post=697708"},{"taxonomy":"product_tag","embeddable":true,"href":"https:\/\/roveyayinevi.com.tr\/index.php\/wp-json\/wp\/v2\/product_tag?post=697708"}],"curies":[{"name":"wp","href":"https:\/\/api.w.org\/{rel}","templated":true}]}}