{"id":697704,"date":"2025-08-27T14:41:25","date_gmt":"2025-08-27T11:41:25","guid":{"rendered":"https:\/\/roveyayinevi.com.tr\/index.php\/urun\/gramsci-freire-ve-yetiskin-egitimi\/"},"modified":"2026-01-29T02:12:53","modified_gmt":"2026-01-28T23:12:53","slug":"gramsci-freire-ve-yetiskin-egitimi","status":"publish","type":"product","link":"https:\/\/roveyayinevi.com.tr\/index.php\/urun\/gramsci-freire-ve-yetiskin-egitimi\/","title":{"rendered":"Gramsci, Freire ve Yeti\u015fkin E\u011fitimi"},"content":{"rendered":"<p>Bu kitap, radikal e\u011fitim, ele\u015ftirel pedagoji ve radikal yeti\u015fkin e\u011fitimi alan\u0131nda en \u00e7ok referans al\u0131nan iki b\u00fcy\u00fck duayen olan Antonio Gramsci (1891-1937) ve Paulo Freire (1921-1997) \u00fczerine kar\u015f\u0131la\u015ft\u0131rmal\u0131 olarak yap\u0131lm\u0131\u015f bir ara\u015ft\u0131rmad\u0131r. Bu kitapla, Gramsci ve Freire\u2019nin radikal yeti\u015fkin e\u011fitimi a\u00e7\u0131s\u0131ndan daha anla\u015f\u0131labilir ve kar\u015f\u0131la\u015ft\u0131r\u0131labilir hale gelecektir. Peter Mayo\u2019nun bu \u00e7al\u0131\u015fmas\u0131 D\u00f6n\u00fc\u015ft\u00fcr\u00fcc\u00fc Yeti\u015fkin E\u011fitimi Kuram\u0131n\u0131n geli\u015fimine ciddi bir katk\u0131da bulunmu\u015ftur. Be\u015f dile \u00e7evrilen elinizdeki bu kitap, radikal e\u011fitim, ele\u015ftirel pedagoji ve d\u00f6n\u00fc\u015ft\u00fcr\u00fcc\u00fc yeti\u015fkin e\u011fitimiyle ilgilenenler i\u00e7in temel bir yap\u0131t niteli\u011findedir. T\u00fcrkiye\u2019de radikal e\u011fitim, ele\u015ftirel pedagoji ve yeti\u015fkin e\u011fitimi alan\u0131n\u0131n geli\u015fmesine paralel olarak konuyla ilgili \u00e7al\u0131\u015fmalar\u0131n (\u00e7eviri kitaplar, makaleler, dergiler) say\u0131s\u0131 h\u0131zla art\u0131yor. Alan\u0131nda geni\u015f bir \u00e7al\u0131\u015fma olan bu kitap, radikal e\u011fitim, ele\u015ftirel pedagoji ve yeti\u015fkin e\u011fitimi literat\u00fcr\u00fcne \u00f6nemli katk\u0131lar sunuyor&#8230; <\/p>\n","protected":false},"excerpt":{"rendered":"<p>Bu kitap, radikal e\u011fitim, ele\u015ftirel pedagoji ve radikal yeti\u015fkin e\u011fitimi alan\u0131nda en \u00e7ok referans al\u0131nan iki b\u00fcy\u00fck duayen olan Antonio Gramsci (1891-1937) ve Paulo Freire (1921-1997)<span class=\"excerpt-hellip\"> [\u2026]<\/span><\/p>\n","protected":false},"featured_media":0,"template":"","meta":{"_monsterinsights_skip_tracking":false,"_monsterinsights_sitenote_active":false,"_monsterinsights_sitenote_note":"","_monsterinsights_sitenote_category":0},"product_brand":[],"product_cat":[12312,12304],"product_tag":[],"class_list":{"0":"post-697704","1":"product","2":"type-product","3":"status-publish","5":"product_cat-diger","6":"product_cat-tarih","7":"pa_cilt-ciltsiz","8":"pa_tur-kitap","9":"pa_yayinevi-utopya-yayinevi","10":"pa_yazar-peter-mayo","12":"first","13":"instock","14":"sale","15":"shipping-taxable","16":"purchasable","17":"product-type-simple"},"_links":{"self":[{"href":"https:\/\/roveyayinevi.com.tr\/index.php\/wp-json\/wp\/v2\/product\/697704","targetHints":{"allow":["GET"]}}],"collection":[{"href":"https:\/\/roveyayinevi.com.tr\/index.php\/wp-json\/wp\/v2\/product"}],"about":[{"href":"https:\/\/roveyayinevi.com.tr\/index.php\/wp-json\/wp\/v2\/types\/product"}],"wp:attachment":[{"href":"https:\/\/roveyayinevi.com.tr\/index.php\/wp-json\/wp\/v2\/media?parent=697704"}],"wp:term":[{"taxonomy":"product_brand","embeddable":true,"href":"https:\/\/roveyayinevi.com.tr\/index.php\/wp-json\/wp\/v2\/product_brand?post=697704"},{"taxonomy":"product_cat","embeddable":true,"href":"https:\/\/roveyayinevi.com.tr\/index.php\/wp-json\/wp\/v2\/product_cat?post=697704"},{"taxonomy":"product_tag","embeddable":true,"href":"https:\/\/roveyayinevi.com.tr\/index.php\/wp-json\/wp\/v2\/product_tag?post=697704"}],"curies":[{"name":"wp","href":"https:\/\/api.w.org\/{rel}","templated":true}]}}