{"id":697670,"date":"2025-08-27T14:41:16","date_gmt":"2025-08-27T11:41:16","guid":{"rendered":"https:\/\/roveyayinevi.com.tr\/index.php\/urun\/ydd-kiskacinda-cevre-ve-kent\/"},"modified":"2026-01-29T02:12:52","modified_gmt":"2026-01-28T23:12:52","slug":"ydd-kiskacinda-cevre-ve-kent","status":"publish","type":"product","link":"https:\/\/roveyayinevi.com.tr\/index.php\/urun\/ydd-kiskacinda-cevre-ve-kent\/","title":{"rendered":"YDD K\u0131skac\u0131nda \u00c7evre ve Kent"},"content":{"rendered":"<p>1998 El Nino\u2019nun felaketleriyle ge\u00e7ti; binlerce insan ya\u015fam\u0131n\u0131 yitirirken milyonlar evsiz kald\u0131, ekonomik kay\u0131p milyonlarca dolard\u0131. Bilim \u00e7evreleri son y\u0131llarda do\u011fal felaketlerin do\u011fal olmayan bir s\u0131kl\u0131kta tekrarland\u0131\u011f\u0131na dikkat \u00e7ekiyor. Kapitalist egemenlerin  dostlar al\u0131\u015f veri\u015fte g\u00f6rs\u00fcn  s\u00f6zdeli\u011fini a\u015famayan  \u00e7evre zirveleri ne kar\u015f\u0131n bir t\u00fcrl\u00fc azalt\u0131lamayan emisyonlar, ozon tabakas\u0131n\u0131 inceltip, d\u00fcnyan\u0131n dam\u0131n\u0131 deliyor; gezegenimizin ate\u015fini y\u00fckseltiyor. Orman alanlar\u0131ndaki azalma h\u0131zlanarak s\u00fcr\u00fcyor. Do\u011fal kaynaklar h\u0131zla t\u00fcketilirken, sentetik \u00fcr\u00fcnlerin do\u011fadaki birikimi b\u00fct\u00fcn canl\u0131 t\u00fcrlerini tehdit ediyor. K\u0131sacas\u0131 dengeleri alt\u00fcst edilen do\u011fa, insandan \u00f6c\u00fcn\u00fc al\u0131yor sanki. Ekolojik y\u0131k\u0131m konusunda \u00e7ok \u015fey yaz\u0131l\u0131p, s\u00f6yleniyor. Ancak soru(n), kapitalist \u00e7er\u00e7eveyi a\u015fan bir eksene oturtulamad\u0131\u011f\u0131 i\u00e7in  \u00e7\u00f6z\u00fcm \u00f6nerileri  g\u00fcd\u00fck ve yetersiz kal\u0131yor. Elinizdeki kitab\u0131n amac\u0131, sadece ekolojik y\u0131k\u0131m\u0131n boyutlar\u0131n\u0131n bir kez daha belirlenmesi de\u011fil, soru(n)un kayna\u011f\u0131n\u0131n saptanarak d\u00f6n\u00fc\u015ft\u00fcr\u00fcc\u00fc, kal\u0131c\u0131 ve radikal \u00e7\u00f6z\u00fcmleri tart\u0131\u015fmaya a\u00e7makt\u0131r. \u00c7\u00fcnk\u00fc, kapitalist vah\u015fetin tahakk\u00fcm\u00fcndeki d\u00fcnya, sarho\u015f gemi sendromu ya\u015farken; bilge denizcilerin ve filozoflar\u0131n da dedi\u011fi gibi  Y\u00f6n\u00fcn\u00fc bilmeyene hi\u00e7bir r\u00fczgar yard\u0131mc\u0131 olamaz !  YDD K\u0131skac\u0131nda \u00c7evre ve Kent , ekolojik felaketi Marksist bir perspektifle analiz edip, \u00e7\u00f6z\u00fcm yolunda Marksist Ekolojinin oynayaca\u011f\u0131 merkezi rol\u00fc saptarken,  Maximo Commandante  Fidel Castro gibi d\u00fc\u015f\u00fcn\u00fcyor:  Neo-liberal k\u00fcreselle\u015fme, insan soyunun gelece\u011fini tehlikeye at\u0131yor&#8230; D\u00fcnya \u00e7ap\u0131nda tekbi\u00e7imli bir k\u00fclt\u00fcr dayat\u0131yor&#8230; Onca spek\u00fclasyon, \u00e7evre ya\u011fmalamas\u0131, kanl\u0131 sava\u015flar, bizi d\u00fcnya \u00e7ap\u0131nda ka\u00e7\u0131n\u0131lmaz bir bunal\u0131ma g\u00f6t\u00fcr\u00fcyor&#8230; Serbest piyasa talan\u0131n\u0131 y\u00fcceltenler, ikiy\u00fczl\u00fcd\u00fcr&#8230; Piyasay\u0131 din haline getiren tutucu, gerici din adamlar\u0131ndan ba\u015fkas\u0131 de\u011fillerdir&#8230; \u00d6zg\u00fcrl\u00fck; karde\u015flik ve onurdan ge\u00e7er. Bu iki kavram ise piyasayla ba\u011fda\u015f\u0131r \u015feyler de\u011fildir&#8230; Yenen biz olaca\u011f\u0131z&#8230; <\/p>\n","protected":false},"excerpt":{"rendered":"<p>1998 El Nino\u2019nun felaketleriyle ge\u00e7ti; binlerce insan ya\u015fam\u0131n\u0131 yitirirken milyonlar evsiz kald\u0131, ekonomik kay\u0131p milyonlarca dolard\u0131. Bilim \u00e7evreleri son y\u0131llarda do\u011fal felaketlerin do\u011fal olmayan bir s\u0131kl\u0131kta<span class=\"excerpt-hellip\"> [\u2026]<\/span><\/p>\n","protected":false},"featured_media":0,"template":"","meta":{"_monsterinsights_skip_tracking":false,"_monsterinsights_sitenote_active":false,"_monsterinsights_sitenote_note":"","_monsterinsights_sitenote_category":0},"product_brand":[],"product_cat":[16098,12337],"product_tag":[],"class_list":{"0":"post-697670","1":"product","2":"type-product","3":"status-publish","5":"product_cat-politik-akimlar-hareketler","6":"product_cat-politika-siyaset","7":"pa_cilt-ciltsiz","8":"pa_tur-kitap","9":"pa_yayinevi-utopya-yayinevi","10":"pa_yazar-sibel-ozbudun","12":"first","13":"instock","14":"sale","15":"shipping-taxable","16":"purchasable","17":"product-type-simple"},"_links":{"self":[{"href":"https:\/\/roveyayinevi.com.tr\/index.php\/wp-json\/wp\/v2\/product\/697670","targetHints":{"allow":["GET"]}}],"collection":[{"href":"https:\/\/roveyayinevi.com.tr\/index.php\/wp-json\/wp\/v2\/product"}],"about":[{"href":"https:\/\/roveyayinevi.com.tr\/index.php\/wp-json\/wp\/v2\/types\/product"}],"wp:attachment":[{"href":"https:\/\/roveyayinevi.com.tr\/index.php\/wp-json\/wp\/v2\/media?parent=697670"}],"wp:term":[{"taxonomy":"product_brand","embeddable":true,"href":"https:\/\/roveyayinevi.com.tr\/index.php\/wp-json\/wp\/v2\/product_brand?post=697670"},{"taxonomy":"product_cat","embeddable":true,"href":"https:\/\/roveyayinevi.com.tr\/index.php\/wp-json\/wp\/v2\/product_cat?post=697670"},{"taxonomy":"product_tag","embeddable":true,"href":"https:\/\/roveyayinevi.com.tr\/index.php\/wp-json\/wp\/v2\/product_tag?post=697670"}],"curies":[{"name":"wp","href":"https:\/\/api.w.org\/{rel}","templated":true}]}}