{"id":697497,"date":"2025-08-27T14:40:20","date_gmt":"2025-08-27T11:40:20","guid":{"rendered":"https:\/\/roveyayinevi.com.tr\/index.php\/urun\/mustafa-kemal-pasanin-anadoluya-gecisi\/"},"modified":"2026-04-16T02:07:16","modified_gmt":"2026-04-15T23:07:16","slug":"mustafa-kemal-pasanin-anadoluya-gecisi","status":"publish","type":"product","link":"https:\/\/roveyayinevi.com.tr\/index.php\/urun\/mustafa-kemal-pasanin-anadoluya-gecisi\/","title":{"rendered":"Mustafa Kemal Pa\u015fan\u0131n Anadolu\u2019ya Ge\u00e7i\u015fi"},"content":{"rendered":"<p>Bu eserin haz\u0131rlan\u0131\u015f gayesi As\u0131m Usun 11 Ekim 1956 tarihli Mustafa Kemale atfetti\u011fi \u015fu s\u00f6zlerin cevab\u0131n\u0131 bulmaktan ibarettir. \u201c\u0130stiklal tarihinin ba\u015f\u0131 ve ba\u015flan\u00acg\u0131c\u0131 olmak \u00fczere benim \u0130stanbul\u2019daki faaliyet ve temaslar\u0131m hen\u00fcz herkes\u00e7e malum de\u011fildir.\u201dBu hassas d\u00f6nemi inceleyenler yapm\u0131\u015f olduklar\u0131 k\u0131ymetli ara\u015ft\u0131rmalarda baz\u0131 noktalar\u0131 eksik b\u0131rakm\u0131\u015f\u00aclar, bu durum ise Mustafa Kemal Pa\u015fan\u0131n Anadolu\u2019ya ge\u00e7mesinin sebep ve sonu\u00e7lar\u0131 hususunda h\u00e2l\u00e2 tart\u0131\u015fmalar\u0131n devam etmesine neden olmu\u015ftur. Mustafa Kemal Pa\u015fan\u0131n ni\u00e7in ve hangi \u015fartlarda Anadolu\u2019ya \u00e7\u0131kt\u0131\u011f\u0131 sorusunun cevab\u0131n\u0131 o g\u00fcnlerin tarihi hadiseleri i\u00e7inde aramak \u201ctarihi ger\u00e7eklik\u201d ad\u0131na takip edilmesi gereken \u201cresmi tarih\u201d, \u201cAlternatif tarih\u201d veya \u201c\u00f6teki tarih\u201d gibi isimlendirmelerden ka\u00e7\u0131narak tart\u0131\u015f\u0131lan hadiselerin belgelerini ortaya koymak suretiyle okuyucuyu ve zaman\u0131 \u201cmutlak hakem\u201d tayin edebilmektir.Daha \u00f6nce yaz\u0131lan makaleleri bir araya getirerek yeni bir y\u00f6ntemle ortaya koymaya \u00e7al\u0131\u015ft\u0131\u011f\u0131m\u0131z bu eserde; m\u00fctareke s\u00fcrecinde Mustafa Kemal Pa\u015fan\u0131n \u0130stan\u00acbul\u2019da nas\u0131l bir yol takip etti\u011fini her y\u00f6n\u00fcyle incele\u00acmek ve onun Anadolu\u2019ya ge\u00e7i\u015finde rol oynayan fakt\u00f6rleri tek tek tespit etmek ama\u00e7lanm\u0131\u015ft\u0131r. Bunu yaparken 90 y\u0131ld\u0131r telif, tetkik ve hat\u0131ra t\u00fcr\u00fc eserlerde s\u00fcrd\u00fcr\u00fclen Sultan Vahideddin-Mustafa Kemal Pa\u015fa kavgas\u0131na tarihi ger\u00e7eklik ad\u0131na cevap verilmeye \u00e7al\u0131\u015f\u0131lm\u0131\u015ft\u0131r. Olaylara bak\u0131\u015f a\u00e7\u0131m\u0131z sebep-sonu\u00e7 ili\u015fkisiyle ele al\u0131nm\u0131\u015f, b\u00f6ylece sadece hik\u00e2ye olmaktan \u00e7\u0131karaca\u011f\u0131m\u0131z tarihi meseleler okuyucuya belgelenmi\u015f bir \u015fekilde ve ink\u00e2r\u0131 m\u00fcmk\u00fcn olmayan delillerle sunulmu\u015ftur. B\u00fct\u00fcn bunlar\u0131 yaparken sadece eskiyi ihya etme gayreti i\u00e7inde olmad\u0131\u011f\u0131m\u0131z gibi, yeni d\u00f6nemin olu\u015fumundaki sanc\u0131lar ve s\u0131k\u0131nt\u0131lar da g\u00f6zlem alt\u0131na al\u0131nm\u0131\u015ft\u0131r. Tarihi olaylar\u0131n de\u011ferlendi\u00acrilmesinde sadece ki\u015filere ba\u011fl\u0131 kal\u0131nmam\u0131\u015f ve b\u00f6ylece vakan\u00fcvislerin s\u0131k\u00e7a yapt\u0131klar\u0131 de\u011fer yan\u0131lg\u0131lar\u0131na d\u00fc\u015f\u00fclmemeye \u00e7al\u0131\u015f\u0131lm\u0131\u015ft\u0131r.<\/p>\n","protected":false},"excerpt":{"rendered":"<p>Bu eserin haz\u0131rlan\u0131\u015f gayesi As\u0131m Usun 11 Ekim 1956 tarihli Mustafa Kemale atfetti\u011fi \u015fu s\u00f6zlerin cevab\u0131n\u0131 bulmaktan ibarettir. \u201c\u0130stiklal tarihinin ba\u015f\u0131 ve ba\u015flan\u00acg\u0131c\u0131 olmak \u00fczere benim<span class=\"excerpt-hellip\"> [\u2026]<\/span><\/p>\n","protected":false},"featured_media":0,"template":"","meta":{"_monsterinsights_skip_tracking":false,"_monsterinsights_sitenote_active":false,"_monsterinsights_sitenote_note":"","_monsterinsights_sitenote_category":0},"product_brand":[],"product_cat":[12304,13493],"product_tag":[],"class_list":{"0":"post-697497","1":"product","2":"type-product","3":"status-publish","5":"product_cat-tarih","6":"product_cat-turkiye-ve-cumhuriyet-tarihi","7":"pa_cilt-ciltsiz","8":"pa_tur-kitap","9":"pa_yayinevi-berikan-yayinlari","10":"pa_yazar-e-semih-yalcin","12":"first","13":"instock","14":"sale","15":"shipping-taxable","16":"purchasable","17":"product-type-simple"},"_links":{"self":[{"href":"https:\/\/roveyayinevi.com.tr\/index.php\/wp-json\/wp\/v2\/product\/697497","targetHints":{"allow":["GET"]}}],"collection":[{"href":"https:\/\/roveyayinevi.com.tr\/index.php\/wp-json\/wp\/v2\/product"}],"about":[{"href":"https:\/\/roveyayinevi.com.tr\/index.php\/wp-json\/wp\/v2\/types\/product"}],"wp:attachment":[{"href":"https:\/\/roveyayinevi.com.tr\/index.php\/wp-json\/wp\/v2\/media?parent=697497"}],"wp:term":[{"taxonomy":"product_brand","embeddable":true,"href":"https:\/\/roveyayinevi.com.tr\/index.php\/wp-json\/wp\/v2\/product_brand?post=697497"},{"taxonomy":"product_cat","embeddable":true,"href":"https:\/\/roveyayinevi.com.tr\/index.php\/wp-json\/wp\/v2\/product_cat?post=697497"},{"taxonomy":"product_tag","embeddable":true,"href":"https:\/\/roveyayinevi.com.tr\/index.php\/wp-json\/wp\/v2\/product_tag?post=697497"}],"curies":[{"name":"wp","href":"https:\/\/api.w.org\/{rel}","templated":true}]}}