{"id":697161,"date":"2025-08-27T14:38:28","date_gmt":"2025-08-27T11:38:28","guid":{"rendered":"https:\/\/roveyayinevi.com.tr\/index.php\/urun\/munif-pasa\/"},"modified":"2026-04-16T02:06:53","modified_gmt":"2026-04-15T23:06:53","slug":"munif-pasa","status":"publish","type":"product","link":"https:\/\/roveyayinevi.com.tr\/index.php\/urun\/munif-pasa\/","title":{"rendered":"M\u00fcnif Pa\u015fa"},"content":{"rendered":"<p>M\u00fcnif Pa\u015fa, XIX. y\u00fczy\u0131l\u0131n ikinci yar\u0131s\u0131na damgas\u0131n\u0131 vurmu\u015f say\u0131l\u0131 ayd\u0131nlardan biridir. Bat\u0131\u2019ya a\u00e7\u0131lan ileti\u015fim kanallar\u0131n\u0131n hemen hepsinde varl\u0131k g\u00f6stermi\u015f, yaln\u0131zca kendi d\u00f6neminin de\u011fil sonras\u0131n\u0131n d\u00fc\u015f\u00fcnce hayat\u0131n\u0131 da etkilemi\u015ftir. Ancak, yenile\u015fme denilince, genellikle, Mustafa Re\u015fid Pa\u015fa, \u015einasi ve Nam\u0131k Kemal eksenli bir hareket anla\u015f\u0131lageldi\u011fi i\u00e7in, devrin bir\u00e7ok ismiyle birlikte M\u00fcnif Pa\u015fa ad\u0131 da g\u00f6lgede kalm\u0131\u015ft\u0131r. <\/p>\n","protected":false},"excerpt":{"rendered":"<p>M\u00fcnif Pa\u015fa, XIX. y\u00fczy\u0131l\u0131n ikinci yar\u0131s\u0131na damgas\u0131n\u0131 vurmu\u015f say\u0131l\u0131 ayd\u0131nlardan biridir. Bat\u0131\u2019ya a\u00e7\u0131lan ileti\u015fim kanallar\u0131n\u0131n hemen hepsinde varl\u0131k g\u00f6stermi\u015f, yaln\u0131zca kendi d\u00f6neminin de\u011fil sonras\u0131n\u0131n d\u00fc\u015f\u00fcnce hayat\u0131n\u0131<span class=\"excerpt-hellip\"> [\u2026]<\/span><\/p>\n","protected":false},"featured_media":0,"template":"","meta":{"_monsterinsights_skip_tracking":false,"_monsterinsights_sitenote_active":false,"_monsterinsights_sitenote_note":"","_monsterinsights_sitenote_category":0},"product_brand":[],"product_cat":[13517,12304],"product_tag":[],"class_list":{"0":"post-697161","1":"product","2":"type-product","3":"status-publish","5":"product_cat-osmanli-tarihi","6":"product_cat-tarih","7":"pa_tur-kitap","8":"pa_yayinevi-bilge-kultur-sanat","9":"pa_yazar-ali-budak","11":"first","12":"instock","13":"sale","14":"shipping-taxable","15":"purchasable","16":"product-type-simple"},"_links":{"self":[{"href":"https:\/\/roveyayinevi.com.tr\/index.php\/wp-json\/wp\/v2\/product\/697161","targetHints":{"allow":["GET"]}}],"collection":[{"href":"https:\/\/roveyayinevi.com.tr\/index.php\/wp-json\/wp\/v2\/product"}],"about":[{"href":"https:\/\/roveyayinevi.com.tr\/index.php\/wp-json\/wp\/v2\/types\/product"}],"wp:attachment":[{"href":"https:\/\/roveyayinevi.com.tr\/index.php\/wp-json\/wp\/v2\/media?parent=697161"}],"wp:term":[{"taxonomy":"product_brand","embeddable":true,"href":"https:\/\/roveyayinevi.com.tr\/index.php\/wp-json\/wp\/v2\/product_brand?post=697161"},{"taxonomy":"product_cat","embeddable":true,"href":"https:\/\/roveyayinevi.com.tr\/index.php\/wp-json\/wp\/v2\/product_cat?post=697161"},{"taxonomy":"product_tag","embeddable":true,"href":"https:\/\/roveyayinevi.com.tr\/index.php\/wp-json\/wp\/v2\/product_tag?post=697161"}],"curies":[{"name":"wp","href":"https:\/\/api.w.org\/{rel}","templated":true}]}}