{"id":696982,"date":"2025-08-27T14:37:33","date_gmt":"2025-08-27T11:37:33","guid":{"rendered":"https:\/\/roveyayinevi.com.tr\/index.php\/urun\/savas-sonrasi-ortaminda-1947-turkiye-iktisadi-kalkinma-plani\/"},"modified":"2026-04-16T02:06:48","modified_gmt":"2026-04-15T23:06:48","slug":"savas-sonrasi-ortaminda-1947-turkiye-iktisadi-kalkinma-plani","status":"publish","type":"product","link":"https:\/\/roveyayinevi.com.tr\/index.php\/urun\/savas-sonrasi-ortaminda-1947-turkiye-iktisadi-kalkinma-plani\/","title":{"rendered":"Sava\u015f Sonras\u0131 Ortam\u0131nda 1947 T\u00fcrkiye \u0130ktisadi Kalk\u0131nma Plan\u0131"},"content":{"rendered":"<p>T\u00fcrkiye Belgesel \u0130ktisat Tarihi \u00e7al\u0131\u015fmalar\u0131n\u0131n \u00fc\u00e7\u00fcnc\u00fc cildi olan Sava\u015f Sonras\u0131 Ortam\u0131nda 1947 \u0130ktisadi Kalk\u0131nma Plan\u0131\u2019nda, \u0130kinci D\u00fcnya Sava\u015f\u0131 sonras\u0131 yeni kurulan d\u00fcnya d\u00fczeninde, T\u00fcrkiye\u2019nin konumunu ve yeni ekonomik politikalar\u0131n\u0131 saptarken, 1947 y\u0131l\u0131nda geli\u015ftirdi\u011fi   T\u00fcrkiye \u0130ktisadi Kalk\u0131nma Plan\u0131   ve bu plan\u0131n i\u00e7 ve d\u0131\u015f politik ba\u011flam\u0131 analiz edilmektedir. Plan 1948-1952 y\u0131llar\u0131n\u0131 kapsayan be\u015f y\u0131l i\u00e7in geli\u015ftirilmi\u015ftir. <\/p>\n","protected":false},"excerpt":{"rendered":"<p>T\u00fcrkiye Belgesel \u0130ktisat Tarihi \u00e7al\u0131\u015fmalar\u0131n\u0131n \u00fc\u00e7\u00fcnc\u00fc cildi olan Sava\u015f Sonras\u0131 Ortam\u0131nda 1947 \u0130ktisadi Kalk\u0131nma Plan\u0131\u2019nda, \u0130kinci D\u00fcnya Sava\u015f\u0131 sonras\u0131 yeni kurulan d\u00fcnya d\u00fczeninde, T\u00fcrkiye\u2019nin konumunu ve<span class=\"excerpt-hellip\"> [\u2026]<\/span><\/p>\n","protected":false},"featured_media":0,"template":"","meta":{"_monsterinsights_skip_tracking":false,"_monsterinsights_sitenote_active":false,"_monsterinsights_sitenote_note":"","_monsterinsights_sitenote_category":0},"product_brand":[],"product_cat":[13059,12337],"product_tag":[],"class_list":{"0":"post-696982","1":"product","2":"type-product","3":"status-publish","5":"product_cat-diger-politika-siyaset","6":"product_cat-politika-siyaset","7":"pa_tur-kitap","8":"pa_yayinevi-bilge-kultur-sanat","9":"pa_yazar-selim-ilkin","11":"first","12":"instock","13":"sale","14":"shipping-taxable","15":"purchasable","16":"product-type-simple"},"_links":{"self":[{"href":"https:\/\/roveyayinevi.com.tr\/index.php\/wp-json\/wp\/v2\/product\/696982","targetHints":{"allow":["GET"]}}],"collection":[{"href":"https:\/\/roveyayinevi.com.tr\/index.php\/wp-json\/wp\/v2\/product"}],"about":[{"href":"https:\/\/roveyayinevi.com.tr\/index.php\/wp-json\/wp\/v2\/types\/product"}],"wp:attachment":[{"href":"https:\/\/roveyayinevi.com.tr\/index.php\/wp-json\/wp\/v2\/media?parent=696982"}],"wp:term":[{"taxonomy":"product_brand","embeddable":true,"href":"https:\/\/roveyayinevi.com.tr\/index.php\/wp-json\/wp\/v2\/product_brand?post=696982"},{"taxonomy":"product_cat","embeddable":true,"href":"https:\/\/roveyayinevi.com.tr\/index.php\/wp-json\/wp\/v2\/product_cat?post=696982"},{"taxonomy":"product_tag","embeddable":true,"href":"https:\/\/roveyayinevi.com.tr\/index.php\/wp-json\/wp\/v2\/product_tag?post=696982"}],"curies":[{"name":"wp","href":"https:\/\/api.w.org\/{rel}","templated":true}]}}