{"id":696923,"date":"2025-08-27T14:37:17","date_gmt":"2025-08-27T11:37:17","guid":{"rendered":"https:\/\/roveyayinevi.com.tr\/index.php\/urun\/osmanli-tarihi-1\/"},"modified":"2026-04-16T02:06:47","modified_gmt":"2026-04-15T23:06:47","slug":"osmanli-tarihi-1","status":"publish","type":"product","link":"https:\/\/roveyayinevi.com.tr\/index.php\/urun\/osmanli-tarihi-1\/","title":{"rendered":"Osmanl\u0131 Tarihi 1"},"content":{"rendered":"<p>D\u00f6nemin ayd\u0131nlar\u0131n\u0131n   fikr\u00ee reisi   olan Nam\u0131k Kemal Sultan II. Abd\u00fclhamid\u2019in if\u00e2desiyle,   zamans\u0131z h\u00fcrriyet   fikirlerinden dolay\u0131, \u00f6nce Midilli ve sonra Rodos mutasarr\u0131fl\u0131\u011f\u0131na tayin edildi. Osmanl\u0131 Tarihi\u2019ni, bu g\u00f6revde iken yazmaya ba\u015flad\u0131. Bu kitab\u0131n giri\u015f b\u00f6l\u00fcm\u00fc olarak kaleme ald\u0131\u011f\u0131 ve padi\u015faha sundu\u011fu Roma Tarihi Abd\u00fclhamid taraf\u0131ndan sak\u0131ncal\u0131 g\u00f6r\u00fcl\u00fcp yasaklan\u0131nca \u00e7ok \u00fcz\u00fcld\u00fc. K\u0131sa fakat \u00e7ileli ve \u0131zd\u0131rapl\u0131 hayat\u0131 2 Ocak 1888\u2019de sona erdi. Osmanl\u0131 T\u00e2rihi, ancak 1908\u2019de 4 cilt h\u00e2linde yay\u0131nland\u0131. <\/p>\n","protected":false},"excerpt":{"rendered":"<p>D\u00f6nemin ayd\u0131nlar\u0131n\u0131n fikr\u00ee reisi olan Nam\u0131k Kemal Sultan II. Abd\u00fclhamid\u2019in if\u00e2desiyle, zamans\u0131z h\u00fcrriyet fikirlerinden dolay\u0131, \u00f6nce Midilli ve sonra Rodos mutasarr\u0131fl\u0131\u011f\u0131na tayin edildi. Osmanl\u0131 Tarihi\u2019ni, bu<span class=\"excerpt-hellip\"> [\u2026]<\/span><\/p>\n","protected":false},"featured_media":0,"template":"","meta":{"_monsterinsights_skip_tracking":false,"_monsterinsights_sitenote_active":false,"_monsterinsights_sitenote_note":"","_monsterinsights_sitenote_category":0},"product_brand":[],"product_cat":[13517,12304],"product_tag":[],"class_list":{"0":"post-696923","1":"product","2":"type-product","3":"status-publish","5":"product_cat-osmanli-tarihi","6":"product_cat-tarih","7":"pa_tur-kitap","8":"pa_yayinevi-bilge-kultur-sanat","9":"pa_yazar-namik-kemal","11":"first","12":"instock","13":"sale","14":"shipping-taxable","15":"purchasable","16":"product-type-simple"},"_links":{"self":[{"href":"https:\/\/roveyayinevi.com.tr\/index.php\/wp-json\/wp\/v2\/product\/696923","targetHints":{"allow":["GET"]}}],"collection":[{"href":"https:\/\/roveyayinevi.com.tr\/index.php\/wp-json\/wp\/v2\/product"}],"about":[{"href":"https:\/\/roveyayinevi.com.tr\/index.php\/wp-json\/wp\/v2\/types\/product"}],"wp:attachment":[{"href":"https:\/\/roveyayinevi.com.tr\/index.php\/wp-json\/wp\/v2\/media?parent=696923"}],"wp:term":[{"taxonomy":"product_brand","embeddable":true,"href":"https:\/\/roveyayinevi.com.tr\/index.php\/wp-json\/wp\/v2\/product_brand?post=696923"},{"taxonomy":"product_cat","embeddable":true,"href":"https:\/\/roveyayinevi.com.tr\/index.php\/wp-json\/wp\/v2\/product_cat?post=696923"},{"taxonomy":"product_tag","embeddable":true,"href":"https:\/\/roveyayinevi.com.tr\/index.php\/wp-json\/wp\/v2\/product_tag?post=696923"}],"curies":[{"name":"wp","href":"https:\/\/api.w.org\/{rel}","templated":true}]}}